{"id":470,"date":"2020-01-13T12:08:21","date_gmt":"2020-01-13T11:08:21","guid":{"rendered":"https:\/\/www.euregio.eu\/wat-we-doen\/"},"modified":"2024-07-23T14:39:21","modified_gmt":"2024-07-23T13:39:21","slug":"was-wir-tun","status":"publish","type":"page","link":"https:\/\/www.euregio.eu\/de\/was-wir-tun\/","title":{"rendered":"Was wir tun"},"content":{"rendered":"<p><div class=\"fusion-fullwidth fullwidth-box fusion-builder-row-1 nonhundred-percent-fullwidth non-hundred-percent-height-scrolling\" style=\"--awb-border-radius-top-left:0px;--awb-border-radius-top-right:0px;--awb-border-radius-bottom-right:0px;--awb-border-radius-bottom-left:0px;--awb-padding-top:30px;--awb-padding-bottom:30px;--awb-flex-wrap:wrap;\" ><div class=\"fusion-builder-row fusion-row\"><div class=\"fusion-layout-column fusion_builder_column fusion-builder-column-0 fusion_builder_column_1_1 1_1 fusion-one-full fusion-column-first fusion-column-last\" style=\"--awb-bg-size:cover;\"><div class=\"fusion-column-wrapper fusion-column-has-shadow fusion-flex-column-wrapper-legacy\"><div class=\"fusion-text fusion-text-1 awb-text-cols fusion-text-columns-2\" style=\"--awb-columns:2;--awb-column-spacing:2em;--awb-column-min-width:100px;\"><p><strong>Wir sind davon \u00fcberzeugt, dass grenz\u00fcbergreifende Verbindungen zwischen Menschen die Grundlage f\u00fcr eine erfolgreiche grenz\u00fcberschreitende Zusammenarbeit sind. Wir beraten und informieren und nutzen dabei unser breites Netzwerk in den Niederlanden und in Deutschland f\u00fcr unsere Kommunen, f\u00fcr B\u00fcrgerinnen und B\u00fcrger und Organisationen, die grenz\u00fcbergreifend zusammenarbeiten m\u00f6chten. Dabei geht es um Zusammenarbeit im sozial-kulturellen, wirtschaftlichen und raumplanerischen Bereich.<\/strong> <strong>Die EUREGIO setzt sich f\u00fcr den Abbau von Grenzh\u00fcrden ein und unterst\u00fctzt Kommunen, Einwohnerinnen und Einwohner, Unternehmen und Organisationen dabei, die Chancen, die durch die Grenzlage entstehen, zu nutzen. So ist es m\u00f6glich eine gemeinsame <a href=\"https:\/\/www.euregio.eu\/de\/wer-wir-sind\/mission-und-vision\/\" target=\"_blank\" rel=\"noopener noreferrer\">Stadt-Land-Region<\/a> zu verwirklichen. Die EUREGIO ist Drehscheibe, Plattform und Sprachrohr f\u00fcr ihre Mitglieder und Partner und kombiniert dabei verschiedene Aktivit\u00e4ten.<\/strong><\/p>\n<p><strong>Die EUREGIO f\u00fchrt in den genannten Arbeitsfeldern folgende Aufgaben aus:<\/strong><\/p>\n<ol>\n<li><strong>Netzwerke bilden \u2013 Menschen \u2013 grenz\u00fcbergreifend &#8211; nachhaltig zusammenbringen<\/strong><\/li>\n<li><strong>F\u00f6rdern grenz\u00fcberschreitender Aktivit\u00e4ten und Projekte<\/strong><\/li>\n<li><strong>Die Interessen der grenz\u00fcberschreitenden Region vertreten<br \/>\n<\/strong><\/li>\n<li><strong>Informieren und beraten, z.B. von Unternehmen und B\u00fcrgern zu den Themen Arbeitsmarkt, Studieren und Wohnen im Nachbarland<\/strong><\/li>\n<li><strong>Projekte entwickeln und Projektmanagement<\/strong><\/li>\n<li><strong>Erschlie\u00dfen von F\u00f6rdermitteln f\u00fcr grenz\u00fcberschreitende Aktivit\u00e4ten und Projekte<\/strong><\/li>\n<li><strong>Interregionale Zusammenarbeit mit anderen (Grenz-)Regionen<\/strong><\/li>\n<\/ol>\n<\/div><div class=\"fusion-clearfix\"><\/div><\/div><\/div><\/div><\/div><div class=\"fusion-fullwidth fullwidth-box fusion-builder-row-2 nonhundred-percent-fullwidth non-hundred-percent-height-scrolling\" style=\"--awb-border-radius-top-left:0px;--awb-border-radius-top-right:0px;--awb-border-radius-bottom-right:0px;--awb-border-radius-bottom-left:0px;--awb-padding-top:60px;--awb-padding-bottom:30px;--awb-flex-wrap:wrap;\" ><div class=\"fusion-builder-row fusion-row\"><div class=\"fusion-layout-column fusion_builder_column fusion-builder-column-1 fusion_builder_column_1_1 1_1 fusion-one-full fusion-column-first fusion-column-last\" style=\"--awb-bg-size:cover;\"><div class=\"fusion-column-wrapper fusion-column-has-shadow fusion-flex-column-wrapper-legacy\"><div class=\"fusion-title title fusion-title-1 fusion-sep-none fusion-title-text fusion-title-size-two\"><h2 class=\"fusion-title-heading title-heading-left fusion-responsive-typography-calculated\" style=\"margin:0;--fontSize:46;line-height:1.3;\">Grenzenlos vielseitig<\/h2><\/div><div class=\"fusion-text fusion-text-2\"><p>Die EUREGIO ist in den folgenden Schwerpunktbereichen und Themenfeldern aktiv:<\/p>\n<\/div><div class=\"fusion-clearfix\"><\/div><\/div><\/div><div class=\"fusion-layout-column fusion_builder_column fusion-builder-column-2 fusion_builder_column_1_3 1_3 fusion-one-third fusion-column-first image-hover fusion-column-inner-bg-wrapper\" style=\"--awb-padding-top:0px;--awb-padding-right:0px;--awb-padding-bottom:0px;--awb-padding-left:0px;--awb-inner-bg-color:#163585;--awb-inner-bg-color-hover:#163585;--awb-inner-bg-size:cover;width:33.333333333333%;width:calc(33.333333333333% - ( ( 4% + 4% ) * 0.33333333333333 ) );margin-right: 4%;\"><span class=\"fusion-column-inner-bg hover-type-none\"><a class=\"fusion-column-anchor\" href=\"https:\/\/www.euregio.eu\/de\/was-wir-tun\/nachhaltige-raumentwicklung\/\"><span class=\"fusion-column-inner-bg-image\"><\/span><\/a><\/span><div class=\"fusion-column-wrapper fusion-column-has-shadow fusion-flex-column-wrapper-legacy\"><div class=\"fusion-image-element fusion-image-align-center in-legacy-container\" style=\"text-align:center;--awb-caption-title-font-family:var(--h2_typography-font-family);--awb-caption-title-font-weight:var(--h2_typography-font-weight);--awb-caption-title-font-style:var(--h2_typography-font-style);--awb-caption-title-size:var(--h2_typography-font-size);--awb-caption-title-transform:var(--h2_typography-text-transform);--awb-caption-title-line-height:var(--h2_typography-line-height);--awb-caption-title-letter-spacing:var(--h2_typography-letter-spacing);\"><div class=\"imageframe-align-center\"><span class=\" fusion-imageframe imageframe-none imageframe-1 hover-type-none\"><img decoding=\"async\" width=\"1200\" height=\"1200\" title=\"Nachhaltige-Raumentwicklung-Kachel-Vorderseite\" src=\"https:\/\/www.euregio.eu\/wp-content\/uploads\/2020\/05\/duurzame-ruimtelijke-ordening.jpg\" alt class=\"img-responsive wp-image-505\" srcset=\"https:\/\/www.euregio.eu\/wp-content\/uploads\/2020\/05\/duurzame-ruimtelijke-ordening-200x200.jpg 200w, https:\/\/www.euregio.eu\/wp-content\/uploads\/2020\/05\/duurzame-ruimtelijke-ordening-400x400.jpg 400w, https:\/\/www.euregio.eu\/wp-content\/uploads\/2020\/05\/duurzame-ruimtelijke-ordening-600x600.jpg 600w, https:\/\/www.euregio.eu\/wp-content\/uploads\/2020\/05\/duurzame-ruimtelijke-ordening-800x800.jpg 800w, https:\/\/www.euregio.eu\/wp-content\/uploads\/2020\/05\/duurzame-ruimtelijke-ordening.jpg 1200w\" sizes=\"(max-width: 800px) 100vw, 400px\" \/><\/span><\/div><\/div><div class=\"fusion-image-element in-legacy-container\" style=\"--awb-caption-title-font-family:var(--h2_typography-font-family);--awb-caption-title-font-weight:var(--h2_typography-font-weight);--awb-caption-title-font-style:var(--h2_typography-font-style);--awb-caption-title-size:var(--h2_typography-font-size);--awb-caption-title-transform:var(--h2_typography-text-transform);--awb-caption-title-line-height:var(--h2_typography-line-height);--awb-caption-title-letter-spacing:var(--h2_typography-letter-spacing);\"><span class=\" fusion-imageframe imageframe-none imageframe-2 hover-type-none hover\"><img decoding=\"async\" width=\"1080\" height=\"1080\" alt=\"EUREGIO_Nachhaltige_Raumentwicklung_2\" title=\"EUREGIO_Nachhaltige_Raumentwicklung_2\" src=\"https:\/\/www.euregio.eu\/wp-content\/uploads\/2020\/07\/EU002-Website_Kategorie_A_RollOverDE2.jpg\" class=\"img-responsive wp-image-973\" srcset=\"https:\/\/www.euregio.eu\/wp-content\/uploads\/2020\/07\/EU002-Website_Kategorie_A_RollOverDE2-200x200.jpg 200w, https:\/\/www.euregio.eu\/wp-content\/uploads\/2020\/07\/EU002-Website_Kategorie_A_RollOverDE2-400x400.jpg 400w, https:\/\/www.euregio.eu\/wp-content\/uploads\/2020\/07\/EU002-Website_Kategorie_A_RollOverDE2-600x600.jpg 600w, https:\/\/www.euregio.eu\/wp-content\/uploads\/2020\/07\/EU002-Website_Kategorie_A_RollOverDE2-800x800.jpg 800w, https:\/\/www.euregio.eu\/wp-content\/uploads\/2020\/07\/EU002-Website_Kategorie_A_RollOverDE2.jpg 1080w\" sizes=\"(max-width: 800px) 100vw, 400px\" \/><\/span><\/div><div class=\"fusion-clearfix\"><\/div><\/div><\/div><div class=\"fusion-layout-column fusion_builder_column fusion-builder-column-3 fusion_builder_column_1_3 1_3 fusion-one-third image-hover fusion-column-inner-bg-wrapper\" style=\"--awb-padding-top:0px;--awb-padding-right:0px;--awb-padding-bottom:0px;--awb-padding-left:0px;--awb-inner-bg-color:#163585;--awb-inner-bg-color-hover:#163585;--awb-inner-bg-size:cover;width:33.333333333333%;width:calc(33.333333333333% - ( ( 4% + 4% ) * 0.33333333333333 ) );margin-right: 4%;\"><span class=\"fusion-column-inner-bg hover-type-none\"><a class=\"fusion-column-anchor\" href=\"https:\/\/www.euregio.eu\/de\/was-wir-tun\/wirtschaft-arbeitsmarkt\/\"><span class=\"fusion-column-inner-bg-image\"><\/span><\/a><\/span><div class=\"fusion-column-wrapper fusion-column-has-shadow fusion-flex-column-wrapper-legacy\"><div class=\"fusion-image-element fusion-image-align-center in-legacy-container\" style=\"text-align:center;--awb-caption-title-font-family:var(--h2_typography-font-family);--awb-caption-title-font-weight:var(--h2_typography-font-weight);--awb-caption-title-font-style:var(--h2_typography-font-style);--awb-caption-title-size:var(--h2_typography-font-size);--awb-caption-title-transform:var(--h2_typography-text-transform);--awb-caption-title-line-height:var(--h2_typography-line-height);--awb-caption-title-letter-spacing:var(--h2_typography-letter-spacing);\"><div class=\"imageframe-align-center\"><span class=\" fusion-imageframe imageframe-none imageframe-3 hover-type-none\"><img decoding=\"async\" width=\"1200\" height=\"1200\" alt=\"EUREGIO_Wirtschaft_und_Arbeitsmarkt_1\" title=\"Wirtschaft-und-Arbeitsmarkt-Kachel-Vorderseite\" src=\"https:\/\/www.euregio.eu\/wp-content\/uploads\/2020\/05\/economie-en-arbeidsmarkt.jpg\" class=\"img-responsive wp-image-506\" srcset=\"https:\/\/www.euregio.eu\/wp-content\/uploads\/2020\/05\/economie-en-arbeidsmarkt-200x200.jpg 200w, https:\/\/www.euregio.eu\/wp-content\/uploads\/2020\/05\/economie-en-arbeidsmarkt-400x400.jpg 400w, https:\/\/www.euregio.eu\/wp-content\/uploads\/2020\/05\/economie-en-arbeidsmarkt-600x600.jpg 600w, https:\/\/www.euregio.eu\/wp-content\/uploads\/2020\/05\/economie-en-arbeidsmarkt-800x800.jpg 800w, https:\/\/www.euregio.eu\/wp-content\/uploads\/2020\/05\/economie-en-arbeidsmarkt.jpg 1200w\" sizes=\"(max-width: 800px) 100vw, 400px\" \/><\/span><\/div><\/div><div class=\"fusion-image-element in-legacy-container\" style=\"--awb-caption-title-font-family:var(--h2_typography-font-family);--awb-caption-title-font-weight:var(--h2_typography-font-weight);--awb-caption-title-font-style:var(--h2_typography-font-style);--awb-caption-title-size:var(--h2_typography-font-size);--awb-caption-title-transform:var(--h2_typography-text-transform);--awb-caption-title-line-height:var(--h2_typography-line-height);--awb-caption-title-letter-spacing:var(--h2_typography-letter-spacing);\"><span class=\" fusion-imageframe imageframe-none imageframe-4 hover-type-none hover\"><img decoding=\"async\" width=\"1200\" height=\"1200\" alt=\"EUREGIO_Wirtschaft_und_Arbeitsmarkt_2\" title=\"Economie-en-Arbeidsmarkt-Tegel-Achterkant\" src=\"https:\/\/www.euregio.eu\/wp-content\/uploads\/2020\/05\/EU002-Website_Kategorie_B_RollOverDE.jpg\" class=\"img-responsive wp-image-501\" srcset=\"https:\/\/www.euregio.eu\/wp-content\/uploads\/2020\/05\/EU002-Website_Kategorie_B_RollOverDE-200x200.jpg 200w, https:\/\/www.euregio.eu\/wp-content\/uploads\/2020\/05\/EU002-Website_Kategorie_B_RollOverDE-400x400.jpg 400w, https:\/\/www.euregio.eu\/wp-content\/uploads\/2020\/05\/EU002-Website_Kategorie_B_RollOverDE-600x600.jpg 600w, https:\/\/www.euregio.eu\/wp-content\/uploads\/2020\/05\/EU002-Website_Kategorie_B_RollOverDE-800x800.jpg 800w, https:\/\/www.euregio.eu\/wp-content\/uploads\/2020\/05\/EU002-Website_Kategorie_B_RollOverDE.jpg 1200w\" sizes=\"(max-width: 800px) 100vw, 400px\" \/><\/span><\/div><div class=\"fusion-clearfix\"><\/div><\/div><\/div><div class=\"fusion-layout-column fusion_builder_column fusion-builder-column-4 fusion_builder_column_1_3 1_3 fusion-one-third fusion-column-last image-hover fusion-column-inner-bg-wrapper\" style=\"--awb-padding-top:0px;--awb-padding-right:0px;--awb-padding-bottom:0px;--awb-padding-left:0px;--awb-inner-bg-color:#163585;--awb-inner-bg-color-hover:#163585;--awb-inner-bg-size:cover;width:33.333333333333%;width:calc(33.333333333333% - ( ( 4% + 4% ) * 0.33333333333333 ) );\"><span class=\"fusion-column-inner-bg hover-type-none\"><a class=\"fusion-column-anchor\" href=\"https:\/\/www.euregio.eu\/de\/was-wir-tun\/gesellschaftliche-entwicklung\/\"><span class=\"fusion-column-inner-bg-image\"><\/span><\/a><\/span><div class=\"fusion-column-wrapper fusion-column-has-shadow fusion-flex-column-wrapper-legacy\"><div class=\"fusion-image-element fusion-image-align-center in-legacy-container\" style=\"text-align:center;--awb-caption-title-font-family:var(--h2_typography-font-family);--awb-caption-title-font-weight:var(--h2_typography-font-weight);--awb-caption-title-font-style:var(--h2_typography-font-style);--awb-caption-title-size:var(--h2_typography-font-size);--awb-caption-title-transform:var(--h2_typography-text-transform);--awb-caption-title-line-height:var(--h2_typography-line-height);--awb-caption-title-letter-spacing:var(--h2_typography-letter-spacing);\"><div class=\"imageframe-align-center\"><span class=\" fusion-imageframe imageframe-none imageframe-5 hover-type-none\"><img decoding=\"async\" width=\"1200\" height=\"1200\" alt=\"EUREGIO_Gesellschaftliche_Entwicklung_1\" title=\"Gesellschaftliche-Entwicklung-Kachel-Vorderseite\" src=\"https:\/\/www.euregio.eu\/wp-content\/uploads\/2020\/05\/maatschappelijke-ontwikkeling.jpg\" class=\"img-responsive wp-image-507\" srcset=\"https:\/\/www.euregio.eu\/wp-content\/uploads\/2020\/05\/maatschappelijke-ontwikkeling-200x200.jpg 200w, https:\/\/www.euregio.eu\/wp-content\/uploads\/2020\/05\/maatschappelijke-ontwikkeling-400x400.jpg 400w, https:\/\/www.euregio.eu\/wp-content\/uploads\/2020\/05\/maatschappelijke-ontwikkeling-600x600.jpg 600w, https:\/\/www.euregio.eu\/wp-content\/uploads\/2020\/05\/maatschappelijke-ontwikkeling-800x800.jpg 800w, https:\/\/www.euregio.eu\/wp-content\/uploads\/2020\/05\/maatschappelijke-ontwikkeling.jpg 1200w\" sizes=\"(max-width: 800px) 100vw, 400px\" \/><\/span><\/div><\/div><div class=\"fusion-image-element in-legacy-container\" style=\"--awb-caption-title-font-family:var(--h2_typography-font-family);--awb-caption-title-font-weight:var(--h2_typography-font-weight);--awb-caption-title-font-style:var(--h2_typography-font-style);--awb-caption-title-size:var(--h2_typography-font-size);--awb-caption-title-transform:var(--h2_typography-text-transform);--awb-caption-title-line-height:var(--h2_typography-line-height);--awb-caption-title-letter-spacing:var(--h2_typography-letter-spacing);\"><span class=\" fusion-imageframe imageframe-none imageframe-6 hover-type-none hover\"><img decoding=\"async\" width=\"1200\" height=\"1200\" alt=\"EUREGIO_Gesellschaftliche_Entwicklung_2\" title=\"Maatschappelijke-Ontwikkeling-Tegel-Achterkant\" src=\"https:\/\/www.euregio.eu\/wp-content\/uploads\/2020\/05\/EU002-Website_Kategorie_C_RollOverDE.jpg\" class=\"img-responsive wp-image-503\" srcset=\"https:\/\/www.euregio.eu\/wp-content\/uploads\/2020\/05\/EU002-Website_Kategorie_C_RollOverDE-200x200.jpg 200w, https:\/\/www.euregio.eu\/wp-content\/uploads\/2020\/05\/EU002-Website_Kategorie_C_RollOverDE-400x400.jpg 400w, https:\/\/www.euregio.eu\/wp-content\/uploads\/2020\/05\/EU002-Website_Kategorie_C_RollOverDE-600x600.jpg 600w, https:\/\/www.euregio.eu\/wp-content\/uploads\/2020\/05\/EU002-Website_Kategorie_C_RollOverDE-800x800.jpg 800w, https:\/\/www.euregio.eu\/wp-content\/uploads\/2020\/05\/EU002-Website_Kategorie_C_RollOverDE.jpg 1200w\" sizes=\"(max-width: 800px) 100vw, 400px\" \/><\/span><\/div><div class=\"fusion-clearfix\"><\/div><\/div><\/div><div class=\"fusion-layout-column fusion_builder_column fusion-builder-column-5 fusion_builder_column_1_3 1_3 fusion-one-third fusion-column-first\" style=\"--awb-bg-size:cover;width:33.333333333333%;width:calc(33.333333333333% - ( ( 4% + 4% ) * 0.33333333333333 ) );margin-right: 4%;\"><div class=\"fusion-column-wrapper fusion-column-has-shadow fusion-flex-column-wrapper-legacy\"><div class=\"fusion-text fusion-text-3\"><p><strong>Nachhaltige Raumentwicklung. <\/strong>Dazu geh\u00f6ren die Themenfelder Infrastruktur und Verkehr, Wasser und Umwelt, Energie und Raumordnung.<\/p>\n<\/div><div class=\"fusion-clearfix\"><\/div><\/div><\/div><div class=\"fusion-layout-column fusion_builder_column fusion-builder-column-6 fusion_builder_column_1_3 1_3 fusion-one-third\" style=\"--awb-bg-size:cover;width:33.333333333333%;width:calc(33.333333333333% - ( ( 4% + 4% ) * 0.33333333333333 ) );margin-right: 4%;\"><div class=\"fusion-column-wrapper fusion-column-has-shadow fusion-flex-column-wrapper-legacy\"><div class=\"fusion-text fusion-text-4\"><p><strong>Wirtschaft und Arbeitsmarkt<\/strong> mit den Themenfeldern regionales Innovationsmanagement, Arbeitsmarkt, Freizeitwirtschaft und Unternehmerschaft.<\/p>\n<\/div><div class=\"fusion-clearfix\"><\/div><\/div><\/div><div class=\"fusion-layout-column fusion_builder_column fusion-builder-column-7 fusion_builder_column_1_3 1_3 fusion-one-third fusion-column-last\" style=\"--awb-bg-size:cover;width:33.333333333333%;width:calc(33.333333333333% - ( ( 4% + 4% ) * 0.33333333333333 ) );\"><div class=\"fusion-column-wrapper fusion-column-has-shadow fusion-flex-column-wrapper-legacy\"><div class=\"fusion-text fusion-text-5\"><p><strong>Gesellschaftliche Entwicklung<\/strong>. Dieser Schwerpunkt umfasst die Themenfelder soziokulturelle Begegnungen, Gesundheitswesen, Aus- und Weiterbildung, und Sicherheit.<\/p>\n<\/div><div class=\"fusion-clearfix\"><\/div><\/div><\/div><\/div><\/div><div class=\"fusion-fullwidth fullwidth-box fusion-builder-row-3 nonhundred-percent-fullwidth non-hundred-percent-height-scrolling\" style=\"--awb-border-radius-top-left:0px;--awb-border-radius-top-right:0px;--awb-border-radius-bottom-right:0px;--awb-border-radius-bottom-left:0px;--awb-padding-top:30px;--awb-padding-bottom:30px;--awb-flex-wrap:wrap;\" ><div class=\"fusion-builder-row fusion-row\"><div class=\"fusion-layout-column fusion_builder_column fusion-builder-column-8 fusion_builder_column_1_2 1_2 fusion-one-half fusion-column-first\" style=\"--awb-bg-size:cover;width:50%;width:calc(50% - ( ( 4% ) * 0.5 ) );margin-right: 4%;\"><div class=\"fusion-column-wrapper fusion-column-has-shadow fusion-flex-column-wrapper-legacy\"><div class=\"fusion-title title fusion-title-2 fusion-sep-none fusion-title-text fusion-title-size-three\"><h3 class=\"fusion-title-heading title-heading-left fusion-responsive-typography-calculated\" style=\"margin:0;--fontSize:42;line-height:1.3;\">In der Praxis<\/h3><\/div><div class=\"fusion-text fusion-text-6\"><p><strong>Wie funktioniert die Zusammenarbeit im Bereich Gesellschaftliche Entwicklung, Wirtschaft und Arbeitsmarkt oder\u00a0 nachhaltige Raumentwicklung?<\/strong><\/p>\n<p>Oft wird grenz\u00fcberschreitende Zusammenarbeit durch INTERREG-Projekte realisiert. Lesen Sie mehr \u00fcber die Projekte, an denen die EUREGIO beteiligt ist.<\/p>\n<\/div><div class=\"fusion-alignright\"><a class=\"fusion-button button-flat fusion-button-default-size button-default fusion-button-default button-1 fusion-button-default-span fusion-button-default-type yellow-button\" target=\"_self\" href=\"https:\/\/www.euregio.eu\/de\/projekte\/\"><span class=\"fusion-button-text awb-button__text awb-button__text--default\">Alle Projekte<\/span><\/a><\/div><div class=\"fusion-clearfix\"><\/div><\/div><\/div><div class=\"fusion-layout-column fusion_builder_column fusion-builder-column-9 fusion_builder_column_1_2 1_2 fusion-one-half fusion-column-last\" style=\"--awb-bg-size:cover;width:50%;width:calc(50% - ( ( 4% ) * 0.5 ) );\"><div class=\"fusion-column-wrapper fusion-column-has-shadow fusion-flex-column-wrapper-legacy\"><div class=\"fusion-image-element in-legacy-container\" style=\"--awb-caption-title-font-family:var(--h2_typography-font-family);--awb-caption-title-font-weight:var(--h2_typography-font-weight);--awb-caption-title-font-style:var(--h2_typography-font-style);--awb-caption-title-size:var(--h2_typography-font-size);--awb-caption-title-transform:var(--h2_typography-text-transform);--awb-caption-title-line-height:var(--h2_typography-line-height);--awb-caption-title-letter-spacing:var(--h2_typography-letter-spacing);\"><span class=\" fusion-imageframe imageframe-none imageframe-7 hover-type-none\"><img decoding=\"async\" width=\"676\" height=\"451\" alt=\"EUREGIO - Was wir machen - Unsere Projekte\" title=\"Was wir machen &#8211; Unsere Projekte\" src=\"https:\/\/www.euregio.eu\/wp-content\/uploads\/2020\/05\/Rectangle-26.png\" class=\"img-responsive wp-image-498\" srcset=\"https:\/\/www.euregio.eu\/wp-content\/uploads\/2020\/05\/Rectangle-26-200x133.png 200w, https:\/\/www.euregio.eu\/wp-content\/uploads\/2020\/05\/Rectangle-26-400x267.png 400w, https:\/\/www.euregio.eu\/wp-content\/uploads\/2020\/05\/Rectangle-26-600x400.png 600w, https:\/\/www.euregio.eu\/wp-content\/uploads\/2020\/05\/Rectangle-26.png 676w\" sizes=\"(max-width: 800px) 100vw, 600px\" \/><\/span><\/div><div class=\"fusion-clearfix\"><\/div><\/div><\/div><\/div><\/div><div class=\"fusion-fullwidth fullwidth-box fusion-builder-row-4 has-pattern-background has-mask-background nonhundred-percent-fullwidth non-hundred-percent-height-scrolling\" style=\"--awb-border-radius-top-left:0px;--awb-border-radius-top-right:0px;--awb-border-radius-bottom-right:0px;--awb-border-radius-bottom-left:0px;--awb-padding-top:30px;--awb-padding-bottom:30px;--awb-flex-wrap:wrap;\" ><div class=\"fusion-builder-row fusion-row\"><div class=\"fusion-layout-column fusion_builder_column fusion-builder-column-10 fusion_builder_column_1_2 1_2 fusion-one-half fusion-column-first\" style=\"--awb-bg-size:cover;width:50%;width:calc(50% - ( ( 4% ) * 0.5 ) );margin-right: 4%;\"><div class=\"fusion-column-wrapper fusion-column-has-shadow fusion-flex-column-wrapper-legacy\"><div class=\"fusion-title title fusion-title-3 fusion-sep-none fusion-title-text fusion-title-size-two\"><h2 class=\"fusion-title-heading title-heading-left fusion-responsive-typography-calculated\" style=\"margin:0;--fontSize:46;line-height:1.3;\">F\u00f6rderungen<\/h2><\/div><div class=\"fusion-text fusion-text-7\"><p><strong>M\u00f6chten Sie auch grenz\u00fcberschreitend zusammenarbeiten?<\/strong><\/p>\n<p>Es gibt verschiedene F\u00f6rderm\u00f6glichkeiten, abh\u00e4ngig vom Umfang Ihrer Projektidee. Von niedrigschwelligen <strong>grenz\u00fcberschreitenden Begegnungen<\/strong>, <strong>intensiverer und l\u00e4ngerfristiger Zusammenarbeit<\/strong> bis zu <strong>Interreg-Projekten<\/strong> mit einer F\u00f6rderung von mehr als 25.000 \u20ac. Lesen Sie mehr \u00fcber die verschiedenen M\u00f6glichkeiten.<\/p>\n<\/div><div class=\"fusion-button-wrapper\"><a class=\"fusion-button button-flat fusion-button-default-size button-default fusion-button-default button-2 fusion-button-default-span fusion-button-default-type yellow-button\" target=\"_self\" href=\"https:\/\/www.euregio.eu\/de\/foerderungen\/\"><span class=\"fusion-button-text awb-button__text awb-button__text--default\">Mehr zu den F\u00f6rderm\u00f6glichkeiten<\/span><\/a><\/div><div class=\"fusion-clearfix\"><\/div><\/div><\/div><div class=\"fusion-layout-column fusion_builder_column fusion-builder-column-11 fusion_builder_column_1_2 1_2 fusion-one-half fusion-column-last\" style=\"--awb-bg-size:cover;width:50%;width:calc(50% - ( ( 4% ) * 0.5 ) );\"><div class=\"fusion-column-wrapper fusion-column-has-shadow fusion-flex-column-wrapper-legacy\"><div class=\"fusion-image-element in-legacy-container\" style=\"--awb-caption-title-font-family:var(--h2_typography-font-family);--awb-caption-title-font-weight:var(--h2_typography-font-weight);--awb-caption-title-font-style:var(--h2_typography-font-style);--awb-caption-title-size:var(--h2_typography-font-size);--awb-caption-title-transform:var(--h2_typography-text-transform);--awb-caption-title-line-height:var(--h2_typography-line-height);--awb-caption-title-letter-spacing:var(--h2_typography-letter-spacing);\"><span class=\" fusion-imageframe imageframe-none imageframe-8 hover-type-none\"><img decoding=\"async\" width=\"1620\" height=\"1080\" title=\"1\" src=\"https:\/\/www.euregio.eu\/wp-content\/uploads\/2025\/04\/1.jpg\" alt class=\"img-responsive wp-image-13119\" srcset=\"https:\/\/www.euregio.eu\/wp-content\/uploads\/2025\/04\/1-200x133.jpg 200w, https:\/\/www.euregio.eu\/wp-content\/uploads\/2025\/04\/1-400x267.jpg 400w, https:\/\/www.euregio.eu\/wp-content\/uploads\/2025\/04\/1-600x400.jpg 600w, https:\/\/www.euregio.eu\/wp-content\/uploads\/2025\/04\/1-800x533.jpg 800w, https:\/\/www.euregio.eu\/wp-content\/uploads\/2025\/04\/1-1200x800.jpg 1200w, https:\/\/www.euregio.eu\/wp-content\/uploads\/2025\/04\/1.jpg 1620w\" sizes=\"(max-width: 800px) 100vw, 600px\" \/><\/span><\/div><div class=\"fusion-clearfix\"><\/div><\/div><\/div><\/div><\/div>\n<\/p>\n","protected":false},"excerpt":{"rendered":"","protected":false},"author":1,"featured_media":1956,"parent":0,"menu_order":0,"comment_status":"closed","ping_status":"closed","template":"","meta":{"footnotes":""},"class_list":["post-470","page","type-page","status-publish","has-post-thumbnail","hentry"],"yoast_head":"<!-- This site is optimized with the Yoast SEO plugin v26.4 - https:\/\/yoast.com\/wordpress\/plugins\/seo\/ -->\n<title>Was wir tun - EUREGIO<\/title>\n<meta name=\"description\" content=\"Die EUREGIO unterst\u00fctzt Kommunen, Einwohner, Firmen und Organisationen bei der Nutzung von Kooperationsm\u00f6glichkeiten, die ein Grenzstandort bietet.\" \/>\n<meta name=\"robots\" content=\"index, follow, max-snippet:-1, max-image-preview:large, max-video-preview:-1\" \/>\n<link rel=\"canonical\" href=\"https:\/\/www.euregio.eu\/de\/was-wir-tun\/\" \/>\n<meta property=\"og:locale\" content=\"de_DE\" \/>\n<meta property=\"og:type\" content=\"article\" \/>\n<meta property=\"og:title\" content=\"Was wir tun - EUREGIO\" \/>\n<meta property=\"og:description\" content=\"Die EUREGIO unterst\u00fctzt Kommunen, Einwohner, Firmen und Organisationen bei der Nutzung von Kooperationsm\u00f6glichkeiten, die ein Grenzstandort bietet.\" \/>\n<meta property=\"og:url\" content=\"https:\/\/www.euregio.eu\/de\/was-wir-tun\/\" \/>\n<meta property=\"og:site_name\" content=\"EUREGIO\" \/>\n<meta property=\"article:modified_time\" content=\"2024-07-23T13:39:21+00:00\" \/>\n<meta property=\"og:image\" content=\"https:\/\/www.euregio.eu\/wp-content\/uploads\/2020\/09\/header-bg-4-blue.jpg\" \/>\n\t<meta property=\"og:image:width\" content=\"1920\" \/>\n\t<meta property=\"og:image:height\" content=\"350\" \/>\n\t<meta property=\"og:image:type\" content=\"image\/jpeg\" \/>\n<meta name=\"twitter:card\" content=\"summary_large_image\" \/>\n<meta name=\"twitter:label1\" content=\"Gesch\u00e4tzte Lesezeit\" \/>\n\t<meta name=\"twitter:data1\" content=\"4\u00a0Minuten\" \/>\n<script type=\"application\/ld+json\" class=\"yoast-schema-graph\">{\"@context\":\"https:\/\/schema.org\",\"@graph\":[{\"@type\":\"WebPage\",\"@id\":\"https:\/\/www.euregio.eu\/de\/was-wir-tun\/\",\"url\":\"https:\/\/www.euregio.eu\/de\/was-wir-tun\/\",\"name\":\"Was wir tun - EUREGIO\",\"isPartOf\":{\"@id\":\"https:\/\/www.euregio.eu\/de\/#website\"},\"primaryImageOfPage\":{\"@id\":\"https:\/\/www.euregio.eu\/de\/was-wir-tun\/#primaryimage\"},\"image\":{\"@id\":\"https:\/\/www.euregio.eu\/de\/was-wir-tun\/#primaryimage\"},\"thumbnailUrl\":\"https:\/\/www.euregio.eu\/wp-content\/uploads\/2020\/09\/header-bg-4-blue.jpg\",\"datePublished\":\"2020-01-13T11:08:21+00:00\",\"dateModified\":\"2024-07-23T13:39:21+00:00\",\"description\":\"Die EUREGIO unterst\u00fctzt Kommunen, Einwohner, Firmen und Organisationen bei der Nutzung von Kooperationsm\u00f6glichkeiten, die ein Grenzstandort bietet.\",\"breadcrumb\":{\"@id\":\"https:\/\/www.euregio.eu\/de\/was-wir-tun\/#breadcrumb\"},\"inLanguage\":\"de\",\"potentialAction\":[{\"@type\":\"ReadAction\",\"target\":[\"https:\/\/www.euregio.eu\/de\/was-wir-tun\/\"]}]},{\"@type\":\"ImageObject\",\"inLanguage\":\"de\",\"@id\":\"https:\/\/www.euregio.eu\/de\/was-wir-tun\/#primaryimage\",\"url\":\"https:\/\/www.euregio.eu\/wp-content\/uploads\/2020\/09\/header-bg-4-blue.jpg\",\"contentUrl\":\"https:\/\/www.euregio.eu\/wp-content\/uploads\/2020\/09\/header-bg-4-blue.jpg\",\"width\":1920,\"height\":350},{\"@type\":\"BreadcrumbList\",\"@id\":\"https:\/\/www.euregio.eu\/de\/was-wir-tun\/#breadcrumb\",\"itemListElement\":[{\"@type\":\"ListItem\",\"position\":1,\"name\":\"Home\",\"item\":\"https:\/\/www.euregio.eu\/de\/\"},{\"@type\":\"ListItem\",\"position\":2,\"name\":\"Was wir tun\"}]},{\"@type\":\"WebSite\",\"@id\":\"https:\/\/www.euregio.eu\/de\/#website\",\"url\":\"https:\/\/www.euregio.eu\/de\/\",\"name\":\"EUREGIO\",\"description\":\"\",\"potentialAction\":[{\"@type\":\"SearchAction\",\"target\":{\"@type\":\"EntryPoint\",\"urlTemplate\":\"https:\/\/www.euregio.eu\/de\/?s={search_term_string}\"},\"query-input\":{\"@type\":\"PropertyValueSpecification\",\"valueRequired\":true,\"valueName\":\"search_term_string\"}}],\"inLanguage\":\"de\"}]}<\/script>\n<!-- \/ Yoast SEO plugin. -->","yoast_head_json":{"title":"Was wir tun - EUREGIO","description":"Die EUREGIO unterst\u00fctzt Kommunen, Einwohner, Firmen und Organisationen bei der Nutzung von Kooperationsm\u00f6glichkeiten, die ein Grenzstandort bietet.","robots":{"index":"index","follow":"follow","max-snippet":"max-snippet:-1","max-image-preview":"max-image-preview:large","max-video-preview":"max-video-preview:-1"},"canonical":"https:\/\/www.euregio.eu\/de\/was-wir-tun\/","og_locale":"de_DE","og_type":"article","og_title":"Was wir tun - EUREGIO","og_description":"Die EUREGIO unterst\u00fctzt Kommunen, Einwohner, Firmen und Organisationen bei der Nutzung von Kooperationsm\u00f6glichkeiten, die ein Grenzstandort bietet.","og_url":"https:\/\/www.euregio.eu\/de\/was-wir-tun\/","og_site_name":"EUREGIO","article_modified_time":"2024-07-23T13:39:21+00:00","og_image":[{"width":1920,"height":350,"url":"https:\/\/www.euregio.eu\/wp-content\/uploads\/2020\/09\/header-bg-4-blue.jpg","type":"image\/jpeg"}],"twitter_card":"summary_large_image","twitter_misc":{"Gesch\u00e4tzte Lesezeit":"4\u00a0Minuten"},"schema":{"@context":"https:\/\/schema.org","@graph":[{"@type":"WebPage","@id":"https:\/\/www.euregio.eu\/de\/was-wir-tun\/","url":"https:\/\/www.euregio.eu\/de\/was-wir-tun\/","name":"Was wir tun - EUREGIO","isPartOf":{"@id":"https:\/\/www.euregio.eu\/de\/#website"},"primaryImageOfPage":{"@id":"https:\/\/www.euregio.eu\/de\/was-wir-tun\/#primaryimage"},"image":{"@id":"https:\/\/www.euregio.eu\/de\/was-wir-tun\/#primaryimage"},"thumbnailUrl":"https:\/\/www.euregio.eu\/wp-content\/uploads\/2020\/09\/header-bg-4-blue.jpg","datePublished":"2020-01-13T11:08:21+00:00","dateModified":"2024-07-23T13:39:21+00:00","description":"Die EUREGIO unterst\u00fctzt Kommunen, Einwohner, Firmen und Organisationen bei der Nutzung von Kooperationsm\u00f6glichkeiten, die ein Grenzstandort bietet.","breadcrumb":{"@id":"https:\/\/www.euregio.eu\/de\/was-wir-tun\/#breadcrumb"},"inLanguage":"de","potentialAction":[{"@type":"ReadAction","target":["https:\/\/www.euregio.eu\/de\/was-wir-tun\/"]}]},{"@type":"ImageObject","inLanguage":"de","@id":"https:\/\/www.euregio.eu\/de\/was-wir-tun\/#primaryimage","url":"https:\/\/www.euregio.eu\/wp-content\/uploads\/2020\/09\/header-bg-4-blue.jpg","contentUrl":"https:\/\/www.euregio.eu\/wp-content\/uploads\/2020\/09\/header-bg-4-blue.jpg","width":1920,"height":350},{"@type":"BreadcrumbList","@id":"https:\/\/www.euregio.eu\/de\/was-wir-tun\/#breadcrumb","itemListElement":[{"@type":"ListItem","position":1,"name":"Home","item":"https:\/\/www.euregio.eu\/de\/"},{"@type":"ListItem","position":2,"name":"Was wir tun"}]},{"@type":"WebSite","@id":"https:\/\/www.euregio.eu\/de\/#website","url":"https:\/\/www.euregio.eu\/de\/","name":"EUREGIO","description":"","potentialAction":[{"@type":"SearchAction","target":{"@type":"EntryPoint","urlTemplate":"https:\/\/www.euregio.eu\/de\/?s={search_term_string}"},"query-input":{"@type":"PropertyValueSpecification","valueRequired":true,"valueName":"search_term_string"}}],"inLanguage":"de"}]}},"_links":{"self":[{"href":"https:\/\/www.euregio.eu\/de\/wp-json\/wp\/v2\/pages\/470","targetHints":{"allow":["GET"]}}],"collection":[{"href":"https:\/\/www.euregio.eu\/de\/wp-json\/wp\/v2\/pages"}],"about":[{"href":"https:\/\/www.euregio.eu\/de\/wp-json\/wp\/v2\/types\/page"}],"author":[{"embeddable":true,"href":"https:\/\/www.euregio.eu\/de\/wp-json\/wp\/v2\/users\/1"}],"replies":[{"embeddable":true,"href":"https:\/\/www.euregio.eu\/de\/wp-json\/wp\/v2\/comments?post=470"}],"version-history":[{"count":80,"href":"https:\/\/www.euregio.eu\/de\/wp-json\/wp\/v2\/pages\/470\/revisions"}],"predecessor-version":[{"id":11678,"href":"https:\/\/www.euregio.eu\/de\/wp-json\/wp\/v2\/pages\/470\/revisions\/11678"}],"wp:featuredmedia":[{"embeddable":true,"href":"https:\/\/www.euregio.eu\/de\/wp-json\/wp\/v2\/media\/1956"}],"wp:attachment":[{"href":"https:\/\/www.euregio.eu\/de\/wp-json\/wp\/v2\/media?parent=470"}],"curies":[{"name":"wp","href":"https:\/\/api.w.org\/{rel}","templated":true}]}}