{"id":453,"date":"2020-01-16T11:12:07","date_gmt":"2020-01-16T10:12:07","guid":{"rendered":"https:\/\/www.euregio.eu\/economie-arbeidsmarkt\/"},"modified":"2024-11-11T12:48:31","modified_gmt":"2024-11-11T11:48:31","slug":"wirtschaft-arbeitsmarkt","status":"publish","type":"page","link":"https:\/\/www.euregio.eu\/de\/was-wir-tun\/wirtschaft-arbeitsmarkt\/","title":{"rendered":"Wirtschaft &#038; Arbeitsmarkt"},"content":{"rendered":"<p><div class=\"fusion-fullwidth fullwidth-box fusion-builder-row-1 nonhundred-percent-fullwidth non-hundred-percent-height-scrolling\" style=\"--awb-border-radius-top-left:0px;--awb-border-radius-top-right:0px;--awb-border-radius-bottom-right:0px;--awb-border-radius-bottom-left:0px;--awb-padding-top:30px;--awb-padding-bottom:30px;--awb-flex-wrap:wrap;\" ><div class=\"fusion-builder-row fusion-row\"><div class=\"fusion-layout-column fusion_builder_column fusion-builder-column-0 fusion_builder_column_1_1 1_1 fusion-one-full fusion-column-first fusion-column-last\" style=\"--awb-bg-size:cover;\"><div class=\"fusion-column-wrapper fusion-column-has-shadow fusion-flex-column-wrapper-legacy\"><div class=\"fusion-text fusion-text-1 awb-text-cols fusion-text-columns-2\" style=\"--awb-columns:2;--awb-column-spacing:2em;--awb-column-min-width:100px;\"><p><strong>Grenzgebiete, die offen f\u00fcr neue Perspektiven sind, st\u00e4rken die eigene Wirtschaftslage und k\u00f6nnen sie kontinuierlich ausbauen. Die Grenzlage einer Region muss nicht zwangsl\u00e4ufig eine Barriere sein. Im Gegenteil!<\/strong><\/p>\n<p>Das Nachbarland (der Exportmarkt) vor der Haust\u00fcr macht es besonders attraktiv, durch grenz\u00fcberschreitende Zusammenarbeit neue M\u00e4rkte zu erschlie\u00dfen. So k\u00f6nnen Unternehmen ihre Wettbewerbsf\u00e4higkeit steigern und von der Lage in einer wirtschaftlich starken Region profitieren. Eine ma\u00dfgebliche Rolle spielt hierbei auch die grenz\u00fcberschreitende Mobilit\u00e4t von Arbeitskr\u00e4ften. Gerade auch angesichts des in beiden L\u00e4ndern fortschreitenden Fachkr\u00e4ftemangels. Aber auch der unbegrenzte Austausch von Wissen und Technologien ist uns wichtig und stellt als regionales Innovationsmanagement ein neues Thema in unserer Strategie dar. Genauso wie die grenz\u00fcberschreitende Unternehmerschaft, welches wir mit guter Information, der F\u00f6rderung von Zusammenarbeit und gleichzeitiger Verringerung des Verwaltungsaufwands f\u00f6rdern. Ein wichtiges Thema ist auch die Freizeitwirtschaft. Zahlreiche Sehensw\u00fcrdigkeiten und abwechslungsreiche Landschaften in der Grenzregion laden dazu ein, das Nachbarland als Tourist immer wieder neu zu entdecken. Und auch kulturell ist das EUREGIO-Gebiet ein spannendes Spielfeld und hat viel zu bieten.<\/p>\n<p>Auch bei grenz\u00fcberschreitenden Sportveranstaltungen kann man die Nachbarn kennenlernen. Durch diese grenzenlose Zusammenarbeit wird nicht nur die Begegnung zwischen B\u00fcrgerinnen und B\u00fcrgern gef\u00f6rdert, sondern auch ein gro\u00dfes Freizeitangebot f\u00fcr die Menschen in der Region geschaffen. Die EUREGIO verf\u00fcgt \u00fcber einzigartige Merkmale, die wir optimal ausnutzen und sichtbar machen m\u00f6chten \u2013 sowohl innerhalb als auch au\u00dferhalb der EUREGIO.<\/p>\n<p>Die strategische Kategorie Wirtschaft &amp; Arbeitsmarkt ist in vier Themenbereiche unterteilt: regionales Innovationsmanagement, Arbeitsmarkt, Freizeitwirtschaft und Unternehmerschaft.<\/p>\n<\/div><div class=\"fusion-clearfix\"><\/div><\/div><\/div><\/div><\/div><div class=\"fusion-fullwidth fullwidth-box fusion-builder-row-2 nonhundred-percent-fullwidth non-hundred-percent-height-scrolling\" style=\"--awb-border-radius-top-left:0px;--awb-border-radius-top-right:0px;--awb-border-radius-bottom-right:0px;--awb-border-radius-bottom-left:0px;--awb-padding-top:30px;--awb-padding-bottom:30px;--awb-flex-wrap:wrap;\" ><div class=\"fusion-builder-row fusion-row\"><div class=\"fusion-layout-column fusion_builder_column fusion-builder-column-1 fusion_builder_column_1_1 1_1 fusion-one-full fusion-column-first fusion-column-last\" style=\"--awb-bg-size:cover;\"><div class=\"fusion-column-wrapper fusion-column-has-shadow fusion-flex-column-wrapper-legacy\"><div class=\"fusion-title title fusion-title-1 fusion-sep-none fusion-title-text fusion-title-size-two\"><h2 class=\"fusion-title-heading title-heading-left fusion-responsive-typography-calculated\" style=\"margin:0;--fontSize:46;line-height:1.3;\">Aktuelle Projekte<\/h2><\/div><div class=\"posts-wrapper projecten \"><div class=\"post-container col-3 menu_order\"><a href=\"https:\/\/www.euregio.eu\/de\/projekte\/euregionales-netzwerk-arbeitsmigranten\/\" class=\"post-single\" style=\"background-image:url(https:\/\/www.euregio.eu\/wp-content\/uploads\/2023\/11\/controle-Projekt-Arbeitsmigranten.jpg)\"><span class=\"content-holder\"><span class=\"single-item-title\">Euregionales Netzwerk Arbeitsmigranten<\/span><\/span><\/a><\/div><div class=\"post-container col-3 menu_order\"><a href=\"https:\/\/www.euregio.eu\/de\/projekte\/grenzinfopunkt-euregio\/\" class=\"post-single\" style=\"background-image:url(https:\/\/www.euregio.eu\/wp-content\/uploads\/2023\/01\/GIP-EUREGIO-Sprechstunde_Spreekuur_Dinxperlo.jpg)\"><span class=\"content-holder\"><span class=\"single-item-title\">GrenzInfoPunkt EUREGIO<\/span><\/span><\/a><\/div><div class=\"post-container col-3 menu_order\"><a href=\"https:\/\/www.euregio.eu\/de\/projekte\/memorandum-muensterland-oost-nederland\/\" class=\"post-single\" style=\"background-image:url(https:\/\/www.euregio.eu\/wp-content\/uploads\/2020\/09\/181214-Teilnehmer-des-Memorandums.jpg)\"><span class=\"content-holder\"><span class=\"single-item-title\">Memorandum M\u00fcnsterland \u2013 Oost-Nederland<\/span><\/span><\/a><\/div><\/div><div class=\"fusion-alignright\"><a class=\"fusion-button button-flat fusion-button-default-size button-default fusion-button-default button-1 fusion-button-default-span fusion-button-default-type yellow-button\" target=\"_self\" href=\"https:\/\/www.euregio.eu\/de\/projekte\/\"><span class=\"fusion-button-text awb-button__text awb-button__text--default\">Alle Projekte<\/span><\/a><\/div><div class=\"fusion-clearfix\"><\/div><\/div><\/div><\/div><\/div>\n<div class=\"fusion-fullwidth fullwidth-box fusion-builder-row-3 flex nonhundred-percent-fullwidth non-hundred-percent-height-scrolling\" style=\"--awb-border-radius-top-left:0px;--awb-border-radius-top-right:0px;--awb-border-radius-bottom-right:0px;--awb-border-radius-bottom-left:0px;--awb-padding-top:30px;--awb-padding-bottom:30px;--awb-flex-wrap:wrap;\" ><div class=\"fusion-builder-row fusion-row\"><div class=\"fusion-layout-column fusion_builder_column fusion-builder-column-2 fusion_builder_column_1_2 1_2 fusion-one-half fusion-column-first\" style=\"--awb-bg-size:cover;width:50%;width:calc(50% - ( ( 4% ) * 0.5 ) );margin-right: 4%;\"><div class=\"fusion-column-wrapper fusion-column-has-shadow fusion-flex-column-wrapper-legacy\"><div class=\"fusion-image-element in-legacy-container\" style=\"--awb-caption-title-font-family:var(--h2_typography-font-family);--awb-caption-title-font-weight:var(--h2_typography-font-weight);--awb-caption-title-font-style:var(--h2_typography-font-style);--awb-caption-title-size:var(--h2_typography-font-size);--awb-caption-title-transform:var(--h2_typography-text-transform);--awb-caption-title-line-height:var(--h2_typography-line-height);--awb-caption-title-letter-spacing:var(--h2_typography-letter-spacing);\"><span class=\" fusion-imageframe imageframe-none imageframe-1 hover-type-none\"><img decoding=\"async\" width=\"506\" height=\"715\" title=\"05_ DOWTK Innovation\" src=\"https:\/\/www.euregio.eu\/wp-content\/uploads\/2020\/05\/05_-DOWTK-Innovatie.png\" alt class=\"img-responsive wp-image-492\" srcset=\"https:\/\/www.euregio.eu\/wp-content\/uploads\/2020\/05\/05_-DOWTK-Innovatie-200x283.png 200w, https:\/\/www.euregio.eu\/wp-content\/uploads\/2020\/05\/05_-DOWTK-Innovatie-400x565.png 400w, https:\/\/www.euregio.eu\/wp-content\/uploads\/2020\/05\/05_-DOWTK-Innovatie.png 506w\" sizes=\"(max-width: 800px) 100vw, 506px\" \/><\/span><\/div><div class=\"fusion-clearfix\"><\/div><\/div><\/div><div class=\"fusion-layout-column fusion_builder_column fusion-builder-column-3 fusion_builder_column_1_2 1_2 fusion-one-half fusion-column-last\" style=\"--awb-bg-size:cover;width:50%;width:calc(50% - ( ( 4% ) * 0.5 ) );\"><div class=\"fusion-column-wrapper fusion-column-has-shadow fusion-flex-column-wrapper-legacy\"><div class=\"fusion-title title fusion-title-2 fusion-sep-none fusion-title-text fusion-title-size-two\"><h2 class=\"fusion-title-heading title-heading-left fusion-responsive-typography-calculated\" style=\"margin:0;--fontSize:46;line-height:1.3;\">Regionales Innovationsmanagement<\/h2><\/div><div class=\"fusion-text fusion-text-2\"><p><strong>Wir wollen eine EUREGIO mit einem unbegrenzten Austausch von Wissen und Technologien.<\/strong><\/p>\n<p>Regionales Innovationsmanagement ist ein neues Thema in unserer Strategie. Bisher haben wir uns speziell auf Innovationen in kleinen und mittelgro\u00dfen Unternehmen (KMU) gerichtet. In den kommenden Jahren machen wir einen Unterschied zwischen den Themen Unternehmerschaft und regionales Innovationsmanagement. Trotz diverser erfolgreicher Kooperationen und Projekte ist das Kr\u00e4ftefeld, in dem Innovation stattfindet, noch unzureichend grenz\u00fcberschreitend entwickelt. Dieses Kr\u00e4ftefeld umfasst sowohl die traditionelle Fertigungsindustrie und die Smart Industry als auch Dienstleistungsunternehmen, Wissenseinrichtungen und Branchenverb\u00e4nde. Indem wir in sie investieren, wollen wir sowohl soziale, wie auch technische Innovationen in unserer Region f\u00f6rdern und es so m\u00f6glich machen, dass man voneinander profitiert.<\/p>\n<\/div><div class=\"fusion-clearfix\"><\/div><\/div><\/div><\/div><\/div><div class=\"fusion-fullwidth fullwidth-box fusion-builder-row-4 flex nonhundred-percent-fullwidth non-hundred-percent-height-scrolling\" style=\"--awb-border-radius-top-left:0px;--awb-border-radius-top-right:0px;--awb-border-radius-bottom-right:0px;--awb-border-radius-bottom-left:0px;--awb-padding-top:30px;--awb-padding-bottom:30px;--awb-flex-wrap:wrap;\" ><div class=\"fusion-builder-row fusion-row\"><div class=\"fusion-layout-column fusion_builder_column fusion-builder-column-4 fusion_builder_column_1_2 1_2 fusion-one-half fusion-column-first\" style=\"--awb-bg-size:cover;width:50%;width:calc(50% - ( ( 4% ) * 0.5 ) );margin-right: 4%;\"><div class=\"fusion-column-wrapper fusion-column-has-shadow fusion-flex-column-wrapper-legacy\"><div class=\"fusion-title title fusion-title-3 fusion-sep-none fusion-title-text fusion-title-size-two\"><h2 class=\"fusion-title-heading title-heading-left fusion-responsive-typography-calculated\" style=\"margin:0;--fontSize:46;line-height:1.3;\">Arbeitsmarkt<\/h2><\/div><div class=\"fusion-text fusion-text-3\"><p><strong>Wir wollen einen grenz\u00fcberschreitenden 360-Grad-Arbeitsmarkt.<\/strong><\/p>\n<p>Arbeitsmarkt ist eines der Kernthemen, f\u00fcr das wir uns schon seit Jahren einsetzen. In den letzten Jahren ist es eine wichtige S\u00e4ule in unserer Arbeit gewesen und wir haben einige gro\u00dfe Erfolge erzielt, beispielsweise in der Verstetigung des Informations- und Dienstleistungsangebots f\u00fcr Grenzpendler. Auch haben wir wichtige Schritte auf dem Gebiet der Anerkennung von Berufsabschl\u00fcssen f\u00fcr Ausbildungsberufe unternommen. Trotz dieser Erfolge wollen wir als europ\u00e4isches Testlabor weiterhin in den grenz\u00fcberschreitenden Arbeitsmarkt investieren, weil wir damit die Basis f\u00fcr eine attraktive Grenzregion schaffen. Gleichzeitig k\u00f6nnen wir dadurch eventuelle negative wirtschaftliche Entwicklungen besser auffangen. Trotz der Tatsache, dass wir keine grundlegenden Ver\u00e4nderungen in der Gesetzeslage erwarten, wollen wir bei den B\u00fcrgern das Bewusstsein f\u00fcr einen euregionalen Arbeitsmarkt steigern und damit die Mobilit\u00e4t von Grenzpendlern erh\u00f6hen.<\/p>\n<\/div><div class=\"fusion-clearfix\"><\/div><\/div><\/div><div class=\"fusion-layout-column fusion_builder_column fusion-builder-column-5 fusion_builder_column_1_2 1_2 fusion-one-half fusion-column-last\" style=\"--awb-bg-size:cover;width:50%;width:calc(50% - ( ( 4% ) * 0.5 ) );\"><div class=\"fusion-column-wrapper fusion-column-has-shadow fusion-flex-column-wrapper-legacy\"><div class=\"fusion-image-element fusion-image-align-right in-legacy-container\" style=\"text-align:right;--awb-caption-title-font-family:var(--h2_typography-font-family);--awb-caption-title-font-weight:var(--h2_typography-font-weight);--awb-caption-title-font-style:var(--h2_typography-font-style);--awb-caption-title-size:var(--h2_typography-font-size);--awb-caption-title-transform:var(--h2_typography-text-transform);--awb-caption-title-line-height:var(--h2_typography-line-height);--awb-caption-title-letter-spacing:var(--h2_typography-letter-spacing);\"><span class=\" fusion-imageframe imageframe-none imageframe-2 hover-type-none\" style=\"margin-left:25px;float:right;\"><img decoding=\"async\" width=\"492\" height=\"697\" title=\"06_ DOWTK Arbeitsmarkt\" src=\"https:\/\/www.euregio.eu\/wp-content\/uploads\/2020\/05\/06_-DOWTK-Arbeidsmarkt.png\" alt class=\"img-responsive wp-image-493\" srcset=\"https:\/\/www.euregio.eu\/wp-content\/uploads\/2020\/05\/06_-DOWTK-Arbeidsmarkt-200x283.png 200w, https:\/\/www.euregio.eu\/wp-content\/uploads\/2020\/05\/06_-DOWTK-Arbeidsmarkt-400x567.png 400w, https:\/\/www.euregio.eu\/wp-content\/uploads\/2020\/05\/06_-DOWTK-Arbeidsmarkt.png 492w\" sizes=\"(max-width: 800px) 100vw, 492px\" \/><\/span><\/div><div class=\"fusion-clearfix\"><\/div><\/div><\/div><\/div><\/div><div class=\"fusion-fullwidth fullwidth-box fusion-builder-row-5 flex nonhundred-percent-fullwidth non-hundred-percent-height-scrolling\" style=\"--awb-border-radius-top-left:0px;--awb-border-radius-top-right:0px;--awb-border-radius-bottom-right:0px;--awb-border-radius-bottom-left:0px;--awb-padding-top:30px;--awb-padding-bottom:30px;--awb-flex-wrap:wrap;\" ><div class=\"fusion-builder-row fusion-row\"><div class=\"fusion-layout-column fusion_builder_column fusion-builder-column-6 fusion_builder_column_1_2 1_2 fusion-one-half fusion-column-first\" style=\"--awb-bg-size:cover;width:50%;width:calc(50% - ( ( 4% ) * 0.5 ) );margin-right: 4%;\"><div class=\"fusion-column-wrapper fusion-column-has-shadow fusion-flex-column-wrapper-legacy\"><div class=\"fusion-image-element in-legacy-container\" style=\"--awb-caption-title-font-family:var(--h2_typography-font-family);--awb-caption-title-font-weight:var(--h2_typography-font-weight);--awb-caption-title-font-style:var(--h2_typography-font-style);--awb-caption-title-size:var(--h2_typography-font-size);--awb-caption-title-transform:var(--h2_typography-text-transform);--awb-caption-title-line-height:var(--h2_typography-line-height);--awb-caption-title-letter-spacing:var(--h2_typography-letter-spacing);\"><span class=\" fusion-imageframe imageframe-none imageframe-3 hover-type-none\"><img decoding=\"async\" width=\"492\" height=\"697\" title=\"07_EU001 DOWTK Freizeit\" src=\"https:\/\/www.euregio.eu\/wp-content\/uploads\/2020\/05\/07_EU001-DOWTK-Vrijetijd.png\" alt class=\"img-responsive wp-image-494\" srcset=\"https:\/\/www.euregio.eu\/wp-content\/uploads\/2020\/05\/07_EU001-DOWTK-Vrijetijd-200x283.png 200w, https:\/\/www.euregio.eu\/wp-content\/uploads\/2020\/05\/07_EU001-DOWTK-Vrijetijd-400x567.png 400w, https:\/\/www.euregio.eu\/wp-content\/uploads\/2020\/05\/07_EU001-DOWTK-Vrijetijd.png 492w\" sizes=\"(max-width: 800px) 100vw, 492px\" \/><\/span><\/div><div class=\"fusion-clearfix\"><\/div><\/div><\/div><div class=\"fusion-layout-column fusion_builder_column fusion-builder-column-7 fusion_builder_column_1_2 1_2 fusion-one-half fusion-column-last\" style=\"--awb-bg-size:cover;width:50%;width:calc(50% - ( ( 4% ) * 0.5 ) );\"><div class=\"fusion-column-wrapper fusion-column-has-shadow fusion-flex-column-wrapper-legacy\"><div class=\"fusion-title title fusion-title-4 fusion-sep-none fusion-title-text fusion-title-size-two\"><h2 class=\"fusion-title-heading title-heading-left fusion-responsive-typography-calculated\" style=\"margin:0;--fontSize:46;line-height:1.3;\">Freizeitwirtschaft<\/h2><\/div><div class=\"fusion-text fusion-text-4\"><p><strong>Wir wollen eine EUREGIO, die von Bewohnern und Touristen als attraktiv erlebt wird.<\/strong><\/p>\n<p>In den zur\u00fcckliegenden Jahren haben wir uns durch mehrere erfolgreiche touristische Projekte den Ruf einer wichtigen Plattform f\u00fcr grenz\u00fcberschreitenden Tourismus erworben. In den kommenden Jahren richten wir uns auf das breitere Handlungsfeld Freizeitwirtschaft, in dem der Tourismus einen Teilbereich darstellt. Der touristische Sektor hat sich zu einem der wichtigsten Wirtschaftsmotoren in unserer Region entwickelt. Das \u00e4u\u00dfert sich in steigenden Besucherzahlen, einer Umsatzsteigerung in touristischen Betrieben und in einer zunehmenden Besch\u00e4ftigung. Aufgrund der gro\u00dfen wirtschaftlichen Bedeutung dieses Sektors ist es f\u00fcr die Zukunft entscheidend, an der Spitze der Entwicklung zu bleiben. Beispielsweise durch Investitionen in Cross-Overs im Hinblick auf andere Sektoren, ein st\u00e4rkeres Netzwerk und Cluster-Bildung sowie durch eine umfassende Professionalisierung der gesamten regionalen Freizeitwirtschaft. Die einzigartigen Merkmale unserer Grenzregion wollen wir optimal ausnutzen und sowohl innerhalb als auch au\u00dferhalb der EUREGIO deutlich machen.<\/p>\n<\/div><div class=\"fusion-clearfix\"><\/div><\/div><\/div><\/div><\/div><div class=\"fusion-fullwidth fullwidth-box fusion-builder-row-6 flex nonhundred-percent-fullwidth non-hundred-percent-height-scrolling\" style=\"--awb-border-radius-top-left:0px;--awb-border-radius-top-right:0px;--awb-border-radius-bottom-right:0px;--awb-border-radius-bottom-left:0px;--awb-padding-top:30px;--awb-padding-bottom:30px;--awb-flex-wrap:wrap;\" ><div class=\"fusion-builder-row fusion-row\"><div class=\"fusion-layout-column fusion_builder_column fusion-builder-column-8 fusion_builder_column_1_2 1_2 fusion-one-half fusion-column-first\" style=\"--awb-bg-size:cover;width:50%;width:calc(50% - ( ( 4% ) * 0.5 ) );margin-right: 4%;\"><div class=\"fusion-column-wrapper fusion-column-has-shadow fusion-flex-column-wrapper-legacy\"><div class=\"fusion-title title fusion-title-5 fusion-sep-none fusion-title-text fusion-title-size-two\"><h2 class=\"fusion-title-heading title-heading-left fusion-responsive-typography-calculated\" style=\"margin:0;--fontSize:46;line-height:1.3;\">Unternehmerschaft<\/h2><\/div><div class=\"fusion-text fusion-text-5\"><p><strong>Wir wollen eine EUREGIO mit einem attraktiven Ansiedlungsklima.<\/strong><\/p>\n<p>Grenz\u00fcberschreitende Unternehmerschaft tr\u00e4gt zur wirtschaftlichen Entwicklung und Besch\u00e4ftigung in unserer EUREGIO bei. Vor diesem Hintergrund haben wir beschlossen, es als neues Thema in unsere Strategie aufzunehmen. Zahlreiche Unternehmen haben sich im Nachbarland etabliert oder sind bereits auf den entsprechenden Absatzm\u00e4rkten aktiv. Allerdings stellt die grenz\u00fcberschreitende Gesch\u00e4ftst\u00e4tigkeit immer noch eine Herausforderung dar. Dies kann das im Nachbarland lebende Personal oder die Einholung bestimmter Genehmigungen betreffen. Trotz verschiedener Netzwerke gibt es noch keine \u00fcbergreifende Dialogstruktur und einen Mangel an leicht zug\u00e4nglichen Informationen und Beratungsangeboten. Um grenz\u00fcberschreitendes Unternehmen selbstverst\u00e4ndlicher zu machen, wollen wir die Informationsversorgung verbessern, die Zusammenarbeit in Clustern f\u00f6rdern und den Verwaltungsaufwand verringern.<\/p>\n<\/div><div class=\"fusion-clearfix\"><\/div><\/div><\/div><div class=\"fusion-layout-column fusion_builder_column fusion-builder-column-9 fusion_builder_column_1_2 1_2 fusion-one-half fusion-column-last\" style=\"--awb-bg-size:cover;width:50%;width:calc(50% - ( ( 4% ) * 0.5 ) );\"><div class=\"fusion-column-wrapper fusion-column-has-shadow fusion-flex-column-wrapper-legacy\"><div class=\"fusion-image-element fusion-image-align-right in-legacy-container\" style=\"text-align:right;--awb-caption-title-font-family:var(--h2_typography-font-family);--awb-caption-title-font-weight:var(--h2_typography-font-weight);--awb-caption-title-font-style:var(--h2_typography-font-style);--awb-caption-title-size:var(--h2_typography-font-size);--awb-caption-title-transform:var(--h2_typography-text-transform);--awb-caption-title-line-height:var(--h2_typography-line-height);--awb-caption-title-letter-spacing:var(--h2_typography-letter-spacing);\"><span class=\" fusion-imageframe imageframe-none imageframe-4 hover-type-none\" style=\"margin-left:25px;float:right;\"><img decoding=\"async\" width=\"825\" height=\"1080\" title=\"08 EU001 WTK Ondernemer Digitaal\" src=\"https:\/\/www.euregio.eu\/wp-content\/uploads\/2020\/07\/08_EU001-WTK-Ondernemer-digitaal.jpg\" alt class=\"img-responsive wp-image-893\" srcset=\"https:\/\/www.euregio.eu\/wp-content\/uploads\/2020\/07\/08_EU001-WTK-Ondernemer-digitaal-200x262.jpg 200w, https:\/\/www.euregio.eu\/wp-content\/uploads\/2020\/07\/08_EU001-WTK-Ondernemer-digitaal-400x524.jpg 400w, https:\/\/www.euregio.eu\/wp-content\/uploads\/2020\/07\/08_EU001-WTK-Ondernemer-digitaal-600x785.jpg 600w, https:\/\/www.euregio.eu\/wp-content\/uploads\/2020\/07\/08_EU001-WTK-Ondernemer-digitaal-800x1047.jpg 800w, https:\/\/www.euregio.eu\/wp-content\/uploads\/2020\/07\/08_EU001-WTK-Ondernemer-digitaal.jpg 825w\" sizes=\"(max-width: 800px) 100vw, 600px\" \/><\/span><\/div><div class=\"fusion-clearfix\"><\/div><\/div><\/div><\/div><\/div><div class=\"fusion-fullwidth fullwidth-box fusion-builder-row-7 has-pattern-background has-mask-background nonhundred-percent-fullwidth non-hundred-percent-height-scrolling\" style=\"--awb-border-radius-top-left:0px;--awb-border-radius-top-right:0px;--awb-border-radius-bottom-right:0px;--awb-border-radius-bottom-left:0px;--awb-padding-top:30px;--awb-padding-bottom:30px;--awb-flex-wrap:wrap;\" ><div class=\"fusion-builder-row fusion-row\"><div class=\"fusion-layout-column fusion_builder_column fusion-builder-column-10 fusion_builder_column_1_2 1_2 fusion-one-half fusion-column-first\" style=\"--awb-bg-size:cover;width:50%;width:calc(50% - ( ( 4% ) * 0.5 ) );margin-right: 4%;\"><div class=\"fusion-column-wrapper fusion-column-has-shadow fusion-flex-column-wrapper-legacy\"><div class=\"fusion-title title fusion-title-6 fusion-sep-none fusion-title-text fusion-title-size-two\"><h2 class=\"fusion-title-heading title-heading-left fusion-responsive-typography-calculated\" style=\"margin:0;--fontSize:46;line-height:1.3;\">F\u00f6rderungen<\/h2><\/div><div class=\"fusion-text fusion-text-6\"><p><strong>M\u00f6chten Sie auch grenz\u00fcberschreitend zusammenarbeiten?<\/strong><\/p>\n<p>Es gibt verschiedene F\u00f6rderm\u00f6glichkeiten, abh\u00e4ngig vom Umfang Ihrer Projektidee. Von niedrigschwelligen <strong>grenz\u00fcberschreitenden Begegnungen<\/strong>, <strong>intensiverer und l\u00e4ngerfristiger Zusammenarbeit<\/strong> bis zu <strong>Interreg-Projekten<\/strong> mit einer F\u00f6rderung von mehr als 25.000 \u20ac. Lesen Sie mehr \u00fcber die verschiedenen M\u00f6glichkeiten.<\/p>\n<\/div><div class=\"fusion-button-wrapper\"><a class=\"fusion-button button-flat fusion-button-default-size button-default fusion-button-default button-2 fusion-button-default-span fusion-button-default-type yellow-button\" target=\"_self\" href=\"https:\/\/www.euregio.eu\/de\/foerderungen\/\"><span class=\"fusion-button-text awb-button__text awb-button__text--default\">Mehr zu den F\u00f6rderm\u00f6glichkeiten<\/span><\/a><\/div><div class=\"fusion-clearfix\"><\/div><\/div><\/div><div class=\"fusion-layout-column fusion_builder_column fusion-builder-column-11 fusion_builder_column_1_2 1_2 fusion-one-half fusion-column-last\" style=\"--awb-bg-size:cover;width:50%;width:calc(50% - ( ( 4% ) * 0.5 ) );\"><div class=\"fusion-column-wrapper fusion-column-has-shadow fusion-flex-column-wrapper-legacy\"><div class=\"fusion-image-element in-legacy-container\" style=\"--awb-caption-title-font-family:var(--h2_typography-font-family);--awb-caption-title-font-weight:var(--h2_typography-font-weight);--awb-caption-title-font-style:var(--h2_typography-font-style);--awb-caption-title-size:var(--h2_typography-font-size);--awb-caption-title-transform:var(--h2_typography-text-transform);--awb-caption-title-line-height:var(--h2_typography-line-height);--awb-caption-title-letter-spacing:var(--h2_typography-letter-spacing);\"><span class=\" fusion-imageframe imageframe-none imageframe-5 hover-type-none\"><img decoding=\"async\" width=\"1620\" height=\"1080\" title=\"1\" src=\"https:\/\/www.euregio.eu\/wp-content\/uploads\/2025\/04\/1.jpg\" alt class=\"img-responsive wp-image-13119\" srcset=\"https:\/\/www.euregio.eu\/wp-content\/uploads\/2025\/04\/1-200x133.jpg 200w, https:\/\/www.euregio.eu\/wp-content\/uploads\/2025\/04\/1-400x267.jpg 400w, https:\/\/www.euregio.eu\/wp-content\/uploads\/2025\/04\/1-600x400.jpg 600w, https:\/\/www.euregio.eu\/wp-content\/uploads\/2025\/04\/1-800x533.jpg 800w, https:\/\/www.euregio.eu\/wp-content\/uploads\/2025\/04\/1-1200x800.jpg 1200w, https:\/\/www.euregio.eu\/wp-content\/uploads\/2025\/04\/1.jpg 1620w\" sizes=\"(max-width: 800px) 100vw, 600px\" \/><\/span><\/div><div class=\"fusion-clearfix\"><\/div><\/div><\/div><\/div><\/div>\n<\/p>\n","protected":false},"excerpt":{"rendered":"","protected":false},"author":1,"featured_media":454,"parent":470,"menu_order":0,"comment_status":"closed","ping_status":"closed","template":"","meta":{"footnotes":""},"class_list":["post-453","page","type-page","status-publish","has-post-thumbnail","hentry"],"yoast_head":"<!-- This site is optimized with the Yoast SEO plugin v26.4 - https:\/\/yoast.com\/wordpress\/plugins\/seo\/ -->\n<title>Wirtschaft &amp; Arbeitsmarkt - EUREGIO<\/title>\n<meta name=\"description\" content=\"Die EUREGIO engagiert sich f\u00fcr die Zusammenarbeit von Grenzregionen hinsichtlich Wirtschaft und Arbeitsmarkt. Erfahren Sie mehr \u00fcber die Perspektiven.\" \/>\n<meta name=\"robots\" content=\"index, follow, max-snippet:-1, max-image-preview:large, max-video-preview:-1\" \/>\n<link rel=\"canonical\" href=\"https:\/\/www.euregio.eu\/de\/was-wir-tun\/wirtschaft-arbeitsmarkt\/\" \/>\n<meta property=\"og:locale\" content=\"de_DE\" \/>\n<meta property=\"og:type\" content=\"article\" \/>\n<meta property=\"og:title\" content=\"Wirtschaft &amp; Arbeitsmarkt - EUREGIO\" \/>\n<meta property=\"og:description\" content=\"Die EUREGIO engagiert sich f\u00fcr die Zusammenarbeit von Grenzregionen hinsichtlich Wirtschaft und Arbeitsmarkt. Erfahren Sie mehr \u00fcber die Perspektiven.\" \/>\n<meta property=\"og:url\" content=\"https:\/\/www.euregio.eu\/de\/was-wir-tun\/wirtschaft-arbeitsmarkt\/\" \/>\n<meta property=\"og:site_name\" content=\"EUREGIO\" \/>\n<meta property=\"article:modified_time\" content=\"2024-11-11T11:48:31+00:00\" \/>\n<meta property=\"og:image\" content=\"https:\/\/www.euregio.eu\/wp-content\/uploads\/2020\/05\/economie_achtergrond-scaled.jpg\" \/>\n\t<meta property=\"og:image:width\" content=\"2560\" \/>\n\t<meta property=\"og:image:height\" content=\"299\" \/>\n\t<meta property=\"og:image:type\" content=\"image\/jpeg\" \/>\n<meta name=\"twitter:card\" content=\"summary_large_image\" \/>\n<meta name=\"twitter:label1\" content=\"Gesch\u00e4tzte Lesezeit\" \/>\n\t<meta name=\"twitter:data1\" content=\"6\u00a0Minuten\" \/>\n<script type=\"application\/ld+json\" class=\"yoast-schema-graph\">{\"@context\":\"https:\/\/schema.org\",\"@graph\":[{\"@type\":\"WebPage\",\"@id\":\"https:\/\/www.euregio.eu\/de\/was-wir-tun\/wirtschaft-arbeitsmarkt\/\",\"url\":\"https:\/\/www.euregio.eu\/de\/was-wir-tun\/wirtschaft-arbeitsmarkt\/\",\"name\":\"Wirtschaft & Arbeitsmarkt - EUREGIO\",\"isPartOf\":{\"@id\":\"https:\/\/www.euregio.eu\/de\/#website\"},\"primaryImageOfPage\":{\"@id\":\"https:\/\/www.euregio.eu\/de\/was-wir-tun\/wirtschaft-arbeitsmarkt\/#primaryimage\"},\"image\":{\"@id\":\"https:\/\/www.euregio.eu\/de\/was-wir-tun\/wirtschaft-arbeitsmarkt\/#primaryimage\"},\"thumbnailUrl\":\"https:\/\/www.euregio.eu\/wp-content\/uploads\/2020\/05\/economie_achtergrond-scaled.jpg\",\"datePublished\":\"2020-01-16T10:12:07+00:00\",\"dateModified\":\"2024-11-11T11:48:31+00:00\",\"description\":\"Die EUREGIO engagiert sich f\u00fcr die Zusammenarbeit von Grenzregionen hinsichtlich Wirtschaft und Arbeitsmarkt. Erfahren Sie mehr \u00fcber die Perspektiven.\",\"breadcrumb\":{\"@id\":\"https:\/\/www.euregio.eu\/de\/was-wir-tun\/wirtschaft-arbeitsmarkt\/#breadcrumb\"},\"inLanguage\":\"de\",\"potentialAction\":[{\"@type\":\"ReadAction\",\"target\":[\"https:\/\/www.euregio.eu\/de\/was-wir-tun\/wirtschaft-arbeitsmarkt\/\"]}]},{\"@type\":\"ImageObject\",\"inLanguage\":\"de\",\"@id\":\"https:\/\/www.euregio.eu\/de\/was-wir-tun\/wirtschaft-arbeitsmarkt\/#primaryimage\",\"url\":\"https:\/\/www.euregio.eu\/wp-content\/uploads\/2020\/05\/economie_achtergrond-scaled.jpg\",\"contentUrl\":\"https:\/\/www.euregio.eu\/wp-content\/uploads\/2020\/05\/economie_achtergrond-scaled.jpg\",\"width\":2560,\"height\":299},{\"@type\":\"BreadcrumbList\",\"@id\":\"https:\/\/www.euregio.eu\/de\/was-wir-tun\/wirtschaft-arbeitsmarkt\/#breadcrumb\",\"itemListElement\":[{\"@type\":\"ListItem\",\"position\":1,\"name\":\"Home\",\"item\":\"https:\/\/www.euregio.eu\/de\/\"},{\"@type\":\"ListItem\",\"position\":2,\"name\":\"Was wir tun\",\"item\":\"https:\/\/www.euregio.eu\/de\/was-wir-tun\/\"},{\"@type\":\"ListItem\",\"position\":3,\"name\":\"Wirtschaft &#038; Arbeitsmarkt\"}]},{\"@type\":\"WebSite\",\"@id\":\"https:\/\/www.euregio.eu\/de\/#website\",\"url\":\"https:\/\/www.euregio.eu\/de\/\",\"name\":\"EUREGIO\",\"description\":\"\",\"potentialAction\":[{\"@type\":\"SearchAction\",\"target\":{\"@type\":\"EntryPoint\",\"urlTemplate\":\"https:\/\/www.euregio.eu\/de\/?s={search_term_string}\"},\"query-input\":{\"@type\":\"PropertyValueSpecification\",\"valueRequired\":true,\"valueName\":\"search_term_string\"}}],\"inLanguage\":\"de\"}]}<\/script>\n<!-- \/ Yoast SEO plugin. -->","yoast_head_json":{"title":"Wirtschaft & Arbeitsmarkt - EUREGIO","description":"Die EUREGIO engagiert sich f\u00fcr die Zusammenarbeit von Grenzregionen hinsichtlich Wirtschaft und Arbeitsmarkt. Erfahren Sie mehr \u00fcber die Perspektiven.","robots":{"index":"index","follow":"follow","max-snippet":"max-snippet:-1","max-image-preview":"max-image-preview:large","max-video-preview":"max-video-preview:-1"},"canonical":"https:\/\/www.euregio.eu\/de\/was-wir-tun\/wirtschaft-arbeitsmarkt\/","og_locale":"de_DE","og_type":"article","og_title":"Wirtschaft & Arbeitsmarkt - EUREGIO","og_description":"Die EUREGIO engagiert sich f\u00fcr die Zusammenarbeit von Grenzregionen hinsichtlich Wirtschaft und Arbeitsmarkt. Erfahren Sie mehr \u00fcber die Perspektiven.","og_url":"https:\/\/www.euregio.eu\/de\/was-wir-tun\/wirtschaft-arbeitsmarkt\/","og_site_name":"EUREGIO","article_modified_time":"2024-11-11T11:48:31+00:00","og_image":[{"width":2560,"height":299,"url":"https:\/\/www.euregio.eu\/wp-content\/uploads\/2020\/05\/economie_achtergrond-scaled.jpg","type":"image\/jpeg"}],"twitter_card":"summary_large_image","twitter_misc":{"Gesch\u00e4tzte Lesezeit":"6\u00a0Minuten"},"schema":{"@context":"https:\/\/schema.org","@graph":[{"@type":"WebPage","@id":"https:\/\/www.euregio.eu\/de\/was-wir-tun\/wirtschaft-arbeitsmarkt\/","url":"https:\/\/www.euregio.eu\/de\/was-wir-tun\/wirtschaft-arbeitsmarkt\/","name":"Wirtschaft & Arbeitsmarkt - EUREGIO","isPartOf":{"@id":"https:\/\/www.euregio.eu\/de\/#website"},"primaryImageOfPage":{"@id":"https:\/\/www.euregio.eu\/de\/was-wir-tun\/wirtschaft-arbeitsmarkt\/#primaryimage"},"image":{"@id":"https:\/\/www.euregio.eu\/de\/was-wir-tun\/wirtschaft-arbeitsmarkt\/#primaryimage"},"thumbnailUrl":"https:\/\/www.euregio.eu\/wp-content\/uploads\/2020\/05\/economie_achtergrond-scaled.jpg","datePublished":"2020-01-16T10:12:07+00:00","dateModified":"2024-11-11T11:48:31+00:00","description":"Die EUREGIO engagiert sich f\u00fcr die Zusammenarbeit von Grenzregionen hinsichtlich Wirtschaft und Arbeitsmarkt. Erfahren Sie mehr \u00fcber die Perspektiven.","breadcrumb":{"@id":"https:\/\/www.euregio.eu\/de\/was-wir-tun\/wirtschaft-arbeitsmarkt\/#breadcrumb"},"inLanguage":"de","potentialAction":[{"@type":"ReadAction","target":["https:\/\/www.euregio.eu\/de\/was-wir-tun\/wirtschaft-arbeitsmarkt\/"]}]},{"@type":"ImageObject","inLanguage":"de","@id":"https:\/\/www.euregio.eu\/de\/was-wir-tun\/wirtschaft-arbeitsmarkt\/#primaryimage","url":"https:\/\/www.euregio.eu\/wp-content\/uploads\/2020\/05\/economie_achtergrond-scaled.jpg","contentUrl":"https:\/\/www.euregio.eu\/wp-content\/uploads\/2020\/05\/economie_achtergrond-scaled.jpg","width":2560,"height":299},{"@type":"BreadcrumbList","@id":"https:\/\/www.euregio.eu\/de\/was-wir-tun\/wirtschaft-arbeitsmarkt\/#breadcrumb","itemListElement":[{"@type":"ListItem","position":1,"name":"Home","item":"https:\/\/www.euregio.eu\/de\/"},{"@type":"ListItem","position":2,"name":"Was wir tun","item":"https:\/\/www.euregio.eu\/de\/was-wir-tun\/"},{"@type":"ListItem","position":3,"name":"Wirtschaft &#038; Arbeitsmarkt"}]},{"@type":"WebSite","@id":"https:\/\/www.euregio.eu\/de\/#website","url":"https:\/\/www.euregio.eu\/de\/","name":"EUREGIO","description":"","potentialAction":[{"@type":"SearchAction","target":{"@type":"EntryPoint","urlTemplate":"https:\/\/www.euregio.eu\/de\/?s={search_term_string}"},"query-input":{"@type":"PropertyValueSpecification","valueRequired":true,"valueName":"search_term_string"}}],"inLanguage":"de"}]}},"_links":{"self":[{"href":"https:\/\/www.euregio.eu\/de\/wp-json\/wp\/v2\/pages\/453","targetHints":{"allow":["GET"]}}],"collection":[{"href":"https:\/\/www.euregio.eu\/de\/wp-json\/wp\/v2\/pages"}],"about":[{"href":"https:\/\/www.euregio.eu\/de\/wp-json\/wp\/v2\/types\/page"}],"author":[{"embeddable":true,"href":"https:\/\/www.euregio.eu\/de\/wp-json\/wp\/v2\/users\/1"}],"replies":[{"embeddable":true,"href":"https:\/\/www.euregio.eu\/de\/wp-json\/wp\/v2\/comments?post=453"}],"version-history":[{"count":97,"href":"https:\/\/www.euregio.eu\/de\/wp-json\/wp\/v2\/pages\/453\/revisions"}],"predecessor-version":[{"id":12320,"href":"https:\/\/www.euregio.eu\/de\/wp-json\/wp\/v2\/pages\/453\/revisions\/12320"}],"up":[{"embeddable":true,"href":"https:\/\/www.euregio.eu\/de\/wp-json\/wp\/v2\/pages\/470"}],"wp:featuredmedia":[{"embeddable":true,"href":"https:\/\/www.euregio.eu\/de\/wp-json\/wp\/v2\/media\/454"}],"wp:attachment":[{"href":"https:\/\/www.euregio.eu\/de\/wp-json\/wp\/v2\/media?parent=453"}],"curies":[{"name":"wp","href":"https:\/\/api.w.org\/{rel}","templated":true}]}}