{"id":430,"date":"2020-05-19T10:43:35","date_gmt":"2020-05-19T09:43:35","guid":{"rendered":"https:\/\/www.euregio.eu\/subsidie-vanaf-e-25-000\/"},"modified":"2025-10-17T08:43:45","modified_gmt":"2025-10-17T07:43:45","slug":"ab-25000-euro","status":"publish","type":"page","link":"https:\/\/www.euregio.eu\/de\/foerderungen\/ab-25000-euro\/","title":{"rendered":"F\u00f6rderung ab 25.000 Euro"},"content":{"rendered":"<p><div class=\"fusion-fullwidth fullwidth-box fusion-builder-row-1 nonhundred-percent-fullwidth non-hundred-percent-height-scrolling\" style=\"--awb-border-radius-top-left:0px;--awb-border-radius-top-right:0px;--awb-border-radius-bottom-right:0px;--awb-border-radius-bottom-left:0px;--awb-padding-top:30px;--awb-padding-bottom:30px;--awb-flex-wrap:wrap;\" ><div class=\"fusion-builder-row fusion-row\"><div class=\"fusion-layout-column fusion_builder_column fusion-builder-column-0 fusion_builder_column_2_3 2_3 fusion-two-third fusion-column-first\" style=\"--awb-bg-size:cover;width:66.666666666667%;width:calc(66.666666666667% - ( ( 4% ) * 0.66666666666667 ) );margin-right: 4%;\"><div class=\"fusion-column-wrapper fusion-column-has-shadow fusion-flex-column-wrapper-legacy\"><div class=\"fusion-title title fusion-title-1 fusion-sep-none fusion-title-text fusion-title-size-two\" style=\"--awb-text-color:#ec6659;\"><h2 class=\"fusion-title-heading title-heading-left fusion-responsive-typography-calculated\" style=\"margin:0;--fontSize:46;line-height:1.3;\"><strong>Das INTERREG-Programm &#8222;Deutschland-Nederland&#8220;<\/strong><\/h2><\/div><div class=\"fusion-text fusion-text-1\"><p>Um die Zusammenarbeit zwischen Grenzregionen auf wirtschaftlicher und soziokultureller Ebene zu f\u00f6rdern, hat die Europ\u00e4ische Union 1990 die europ\u00e4ische Gemeinschaftsinitiative INTERREG ins Leben gerufen. Im Rahmen von INTERREG unterst\u00fctzt das Programm Deutschland Nederland grenz\u00fcberschreitende Kooperationsprojekte im deutsch-niederl\u00e4ndischen Grenzraum.<\/p>\n<p>Die INTERREG-Finanzierung stammt aus dem Europ\u00e4ischen Fonds f\u00fcr regionale Entwicklung (EFRE). Eine erg\u00e4nzende Kofinanzierung wird durch die deutschen und niederl\u00e4ndischen INTERREG-Partner bereitgestellt. Mit diesen Mitteln werden Projekte aus vielen verschiedenen Sektoren in der Grenzregion bezuschusst, wie z.B. dem <strong>Gesundheitswesen, Agro- &amp; Foodsektor, Energie, High-Tech-Sektor, Bildung, Arbeitsmarkt und dem grenz\u00fcberschreitenden Transportwesen<\/strong>. Partner beiderseits der Grenze f\u00fchren die Projekte gemeinsam durch. Dabei findet untereinander ein reger Wissensaustausch sowie eine Abstimmung auf organisatorischer, inhaltlicher, personeller und finanzieller Ebene statt. M\u00f6chten Sie wissen, wie ein Projektantrag funktioniert und was nach der Einreichung passiert? Das folgende <a href=\"https:\/\/www.youtube.com\/watch?v=MT5jf9tFaEQ\">Video<\/a> erkl\u00e4rt Ihnen dies Schritt f\u00fcr Schritt.<\/p>\n<\/div><div class=\"fusion-clearfix\"><\/div><\/div><\/div><div class=\"fusion-layout-column fusion_builder_column fusion-builder-column-1 fusion_builder_column_1_3 1_3 fusion-one-third fusion-column-last\" style=\"--awb-bg-size:cover;width:33.333333333333%;width:calc(33.333333333333% - ( ( 4% ) * 0.33333333333333 ) );\"><div class=\"fusion-column-wrapper fusion-column-has-shadow fusion-flex-column-wrapper-legacy\"><div class=\"fusion-image-element in-legacy-container\" style=\"--awb-caption-title-font-family:var(--h2_typography-font-family);--awb-caption-title-font-weight:var(--h2_typography-font-weight);--awb-caption-title-font-style:var(--h2_typography-font-style);--awb-caption-title-size:var(--h2_typography-font-size);--awb-caption-title-transform:var(--h2_typography-text-transform);--awb-caption-title-line-height:var(--h2_typography-line-height);--awb-caption-title-letter-spacing:var(--h2_typography-letter-spacing);\"><span class=\" fusion-imageframe imageframe-none imageframe-1 hover-type-none\"><img decoding=\"async\" width=\"764\" height=\"1080\" title=\"Karte Programmgebiet Interreg VI\" src=\"https:\/\/www.euregio.eu\/wp-content\/uploads\/2024\/03\/Karte-Programmgebiet-mit-Zoomout.jpg\" alt class=\"img-responsive wp-image-10647\" srcset=\"https:\/\/www.euregio.eu\/wp-content\/uploads\/2024\/03\/Karte-Programmgebiet-mit-Zoomout-200x283.jpg 200w, https:\/\/www.euregio.eu\/wp-content\/uploads\/2024\/03\/Karte-Programmgebiet-mit-Zoomout-400x565.jpg 400w, https:\/\/www.euregio.eu\/wp-content\/uploads\/2024\/03\/Karte-Programmgebiet-mit-Zoomout-600x848.jpg 600w, https:\/\/www.euregio.eu\/wp-content\/uploads\/2024\/03\/Karte-Programmgebiet-mit-Zoomout.jpg 764w\" sizes=\"(max-width: 800px) 100vw, 400px\" \/><\/span><\/div><div class=\"fusion-clearfix\"><\/div><\/div><\/div><\/div><\/div><div class=\"fusion-fullwidth fullwidth-box fusion-builder-row-2 flex nonhundred-percent-fullwidth non-hundred-percent-height-scrolling\" style=\"--awb-border-radius-top-left:0px;--awb-border-radius-top-right:0px;--awb-border-radius-bottom-right:0px;--awb-border-radius-bottom-left:0px;--awb-padding-top:30px;--awb-padding-bottom:30px;--awb-flex-wrap:wrap;\" ><div class=\"fusion-builder-row fusion-row\"><div class=\"fusion-layout-column fusion_builder_column fusion-builder-column-2 fusion_builder_column_2_3 2_3 fusion-two-third fusion-column-first\" style=\"--awb-bg-size:cover;width:66.666666666667%;width:calc(66.666666666667% - ( ( 4% ) * 0.66666666666667 ) );margin-right: 4%;\"><div class=\"fusion-column-wrapper fusion-column-has-shadow fusion-flex-column-wrapper-legacy\"><div class=\"fusion-title title fusion-title-2 fusion-sep-none fusion-title-text fusion-title-size-two\"><h2 class=\"fusion-title-heading title-heading-left fusion-responsive-typography-calculated\" style=\"margin:0;--fontSize:46;line-height:1.3;\">EUREGIO und INTERREG<\/h2><\/div><div class=\"fusion-text fusion-text-2\"><p>Die EUREGIO-Gesch\u00e4ftsstelle in Gronau hat das regionale Programmmanagement (RPM) f\u00fcr das EUREGIO-Gebiet des INTERREG Programms Deutschland-Nederland \u00fcbernommen. Das Programmmanagement ber\u00e4t Unternehmen sowie \u00f6ffentliche und private Einrichtungen und andere Organisationen zu F\u00f6rderm\u00f6glichkeiten f\u00fcr die grenz\u00fcberschreitende Zusammenarbeit. Dar\u00fcber hinaus unterst\u00fctzt es bei der Suche nach geeigneten Kooperationspartnern im Nachbarland. Das Programmmanagement betreut die Projekte vom Einreichen einer Projektidee bis zur finanziellen Abwicklung. Au\u00dferdem wird bei der Durchf\u00fchrung des Programms eng mit den INTERREG-Partnern zusammengearbeitet. F\u00fcr die \u00fcbergreifende Koordination des gesamten INTERREG-Programms Deutschland-Nederland ist das Gemeinsame INTERREG-Sekretariat (GIS) in Kleve zust\u00e4ndig. Auf dieser <a href=\"https:\/\/www.deutschland-nederland.eu\/\">Website<\/a> k\u00f6nnen Sie mehr \u00fcber das Programm und die INTERREG-Partner erfahren.<\/p>\n<\/div><div class=\"fusion-clearfix\"><\/div><\/div><\/div><div class=\"fusion-layout-column fusion_builder_column fusion-builder-column-3 fusion_builder_column_1_3 1_3 fusion-one-third fusion-column-last\" style=\"--awb-bg-size:cover;width:33.333333333333%;width:calc(33.333333333333% - ( ( 4% ) * 0.33333333333333 ) );\"><div class=\"fusion-column-wrapper fusion-column-has-shadow fusion-flex-column-wrapper-legacy\"><div class=\"fusion-clearfix\"><\/div><\/div><\/div><\/div><\/div><div class=\"fusion-fullwidth fullwidth-box fusion-builder-row-3 fusion-flex-container nonhundred-percent-fullwidth non-hundred-percent-height-scrolling\" style=\"--awb-border-radius-top-left:0px;--awb-border-radius-top-right:0px;--awb-border-radius-bottom-right:0px;--awb-border-radius-bottom-left:0px;--awb-flex-wrap:wrap;\" ><div class=\"fusion-builder-row fusion-row fusion-flex-align-items-flex-start fusion-flex-content-wrap\" style=\"max-width:1248px;margin-left: calc(-4% \/ 2 );margin-right: calc(-4% \/ 2 );\"><div class=\"fusion-layout-column fusion_builder_column fusion-builder-column-4 fusion_builder_column_1_1 1_1 fusion-flex-column\" style=\"--awb-bg-size:cover;--awb-width-large:100%;--awb-margin-top-large:0px;--awb-spacing-right-large:1.92%;--awb-margin-bottom-large:32px;--awb-spacing-left-large:1.92%;--awb-width-medium:100%;--awb-order-medium:0;--awb-spacing-right-medium:1.92%;--awb-spacing-left-medium:1.92%;--awb-width-small:100%;--awb-order-small:0;--awb-spacing-right-small:1.92%;--awb-spacing-left-small:1.92%;\"><div class=\"fusion-column-wrapper fusion-column-has-shadow fusion-flex-justify-content-flex-start fusion-content-layout-column\"><div class=\"fusion-builder-row fusion-builder-row-inner fusion-row fusion-flex-align-items-flex-start fusion-flex-content-wrap\" style=\"width:104% !important;max-width:104% !important;margin-left: calc(-4% \/ 2 );margin-right: calc(-4% \/ 2 );\"><div class=\"fusion-layout-column fusion_builder_column_inner fusion-builder-nested-column-0 fusion_builder_column_inner_2_3 2_3 fusion-flex-column\" style=\"--awb-bg-size:cover;--awb-width-large:66.666666666667%;--awb-margin-top-large:0px;--awb-spacing-right-large:2.88%;--awb-margin-bottom-large:32px;--awb-spacing-left-large:2.88%;--awb-width-medium:100%;--awb-order-medium:0;--awb-spacing-right-medium:1.92%;--awb-spacing-left-medium:1.92%;--awb-width-small:100%;--awb-order-small:0;--awb-spacing-right-small:1.92%;--awb-spacing-left-small:1.92%;\"><div class=\"fusion-column-wrapper fusion-column-has-shadow fusion-flex-justify-content-flex-start fusion-content-layout-column\"><div class=\"fusion-title title fusion-title-3 fusion-sep-none fusion-title-text fusion-title-size-one\"><h1 class=\"fusion-title-heading title-heading-left fusion-responsive-typography-calculated\" style=\"margin:0;--fontSize:50;line-height:1.3;\">Kontakt<\/h1><\/div><div class=\"fusion-text fusion-text-3\"><p><strong>M\u00f6chten Sie mit jemandem vom RPM in Gronau Kontakt aufnehmen? Dann wenden Sie sich gerne an Carmen van der Sluis.<\/strong><\/p>\n<\/div><div class=\"team-wrapper\"><div class=\"team-container col-2\"><div class=\"team-image\"><img decoding=\"async\" src=\"https:\/\/www.euregio.eu\/wp-content\/uploads\/2020\/09\/Euregio-12.jpg\"\/><a href=\"mailto:c.vandersluis@euregio.eu\" target=\"_blank\"><i class=\"far fa-envelope\"><\/i><\/a><a href=\"tel:+49256270241\" target=\"_blank\"><i class=\"fas fa-phone\"><\/i><\/a><div class=\"team-hover-container\"><a href=\"mailto:c.vandersluis@euregio.eu\" target=\"_blank\"><i class=\"far fa-envelope\"><\/i> c.vandersluis@euregio.eu<\/a><a href=\"tel:+49256270241\" target=\"_blank\"><i class=\"fas fa-phone\"><\/i> +49256270241<\/a><\/div><\/div><div class=\"team-function\">Carmen van der Sluis - INTERREG Regionales Programmmanagement<\/div><\/div><\/div><\/div><\/div><div class=\"fusion-layout-column fusion_builder_column_inner fusion-builder-nested-column-1 fusion_builder_column_inner_1_3 1_3 fusion-flex-column\" style=\"--awb-bg-size:cover;--awb-width-large:33.333333333333%;--awb-margin-top-large:0px;--awb-spacing-right-large:5.76%;--awb-margin-bottom-large:32px;--awb-spacing-left-large:5.76%;--awb-width-medium:100%;--awb-order-medium:0;--awb-spacing-right-medium:1.92%;--awb-spacing-left-medium:1.92%;--awb-width-small:100%;--awb-order-small:0;--awb-spacing-right-small:1.92%;--awb-spacing-left-small:1.92%;\"><div class=\"fusion-column-wrapper fusion-column-has-shadow fusion-flex-justify-content-flex-start fusion-content-layout-column\"><div class=\"fusion-title title fusion-title-4 fusion-sep-none fusion-title-text fusion-title-size-one\"><h1 class=\"fusion-title-heading title-heading-left fusion-responsive-typography-calculated\" style=\"margin:0;--fontSize:50;line-height:1.3;\">Pr\u00e4sentation<\/h1><\/div><div class=\"fusion-text fusion-text-4\"><p><strong>Organisieren Sie eine Veranstaltung, bei der Deutsche und Niederl\u00e4nder zum Netzwerken und Wissensaustausch zusammenkommen? Und ist die grenz\u00fcberschreitende Zusammenarbeit ein wichtiges Thema?<\/strong><\/p>\n<p>Dann laden Sie uns als RPM gerne dazu ein, um eine Pr\u00e4sentation \u00fcber F\u00f6rderm\u00f6glichkeiten zu halten. Wir stimmen dann gerne mit Ihnen zusammen ab, wie wir einen Beitrag zu der Veranstaltung leisten k\u00f6nnen. Wir fokussieren uns dabei auf ein oder mehrere der folgenden Themen: Agro &amp; Food, Health &amp; Care, Energie &amp; Klima, HTSM und Bildung, Integration &amp; Arbeitsmarkt. Schicken Sie hierf\u00fcr gerne eine E-Mail mit Ihrer Anfrage an <a href=\"mailto:rpm@euregio.eu\">rpm@euregio.eu<\/a> und das RPM wird sich so schnell wie m\u00f6glich mit Ihnen in Verbindung setzen.<\/p>\n<\/div><\/div><\/div><\/div><\/div><\/div><\/div><\/div><div class=\"fusion-fullwidth fullwidth-box fusion-builder-row-4 fusion-flex-container nonhundred-percent-fullwidth non-hundred-percent-height-scrolling\" style=\"--awb-border-radius-top-left:0px;--awb-border-radius-top-right:0px;--awb-border-radius-bottom-right:0px;--awb-border-radius-bottom-left:0px;--awb-flex-wrap:wrap;\" ><div class=\"fusion-builder-row fusion-row fusion-flex-align-items-flex-start fusion-flex-content-wrap\" style=\"max-width:1248px;margin-left: calc(-4% \/ 2 );margin-right: calc(-4% \/ 2 );\"><div class=\"fusion-layout-column fusion_builder_column fusion-builder-column-5 fusion_builder_column_1_1 1_1 fusion-flex-column\" style=\"--awb-bg-size:cover;--awb-width-large:100%;--awb-margin-top-large:0px;--awb-spacing-right-large:1.92%;--awb-margin-bottom-large:32px;--awb-spacing-left-large:1.92%;--awb-width-medium:100%;--awb-order-medium:0;--awb-spacing-right-medium:1.92%;--awb-spacing-left-medium:1.92%;--awb-width-small:100%;--awb-order-small:0;--awb-spacing-right-small:1.92%;--awb-spacing-left-small:1.92%;\"><div class=\"fusion-column-wrapper fusion-column-has-shadow fusion-flex-justify-content-flex-start fusion-content-layout-column\"><div class=\"fusion-image-carousel fusion-image-carousel-auto fusion-image-carousel-1\"><div class=\"awb-carousel awb-swiper awb-swiper-carousel awb-carousel--carousel awb-swiper-dots-position-bottom\" data-layout=\"carousel\" data-autoplay=\"no\" data-autoplayspeed=\"2500\" data-autoplaypause=\"no\" data-columns=\"5\" data-columnsmedium=\"1\" data-columnssmall=\"1\" data-itemmargin=\"13\" data-itemwidth=\"180\" data-touchscroll=\"no\" data-freemode=\"no\" data-imagesize=\"auto\" data-scrollitems=\"0\" data-centeredslides=\"no\" data-rotationangle=\"50\" data-depth=\"100\" data-speed=\"500\" data-shadow=\"no\" data-pagination=\"bullets\" style=\"--awb-dots-align:center;\"><div class=\"swiper-wrapper awb-image-carousel-wrapper fusion-flex-align-items-center\"><div class=\"swiper-slide\"><div class=\"fusion-carousel-item-wrapper\"><div class=\"fusion-image-wrapper hover-type-none\"><img decoding=\"async\" width=\"1632\" height=\"513\" src=\"https:\/\/www.euregio.eu\/wp-content\/uploads\/2024\/03\/INTERREG_logo2022_transp_RGB.png\" class=\"attachment-full size-full\" alt=\"\" srcset=\"https:\/\/www.euregio.eu\/wp-content\/uploads\/2024\/03\/INTERREG_logo2022_transp_RGB-200x63.png 200w, https:\/\/www.euregio.eu\/wp-content\/uploads\/2024\/03\/INTERREG_logo2022_transp_RGB-400x126.png 400w, https:\/\/www.euregio.eu\/wp-content\/uploads\/2024\/03\/INTERREG_logo2022_transp_RGB-600x189.png 600w, https:\/\/www.euregio.eu\/wp-content\/uploads\/2024\/03\/INTERREG_logo2022_transp_RGB-800x251.png 800w, https:\/\/www.euregio.eu\/wp-content\/uploads\/2024\/03\/INTERREG_logo2022_transp_RGB-1200x377.png 1200w, https:\/\/www.euregio.eu\/wp-content\/uploads\/2024\/03\/INTERREG_logo2022_transp_RGB.png 1632w\" sizes=\"(min-width: 2200px) 100vw, (min-width: 712px) 594px, (min-width: 640px) 712px, \" \/><\/div><\/div><\/div><div class=\"swiper-slide\"><div class=\"fusion-carousel-item-wrapper\"><div class=\"fusion-image-wrapper hover-type-none\"><img decoding=\"async\" width=\"1920\" height=\"1010\" src=\"https:\/\/www.euregio.eu\/wp-content\/uploads\/2026\/04\/Logo-Programmpartner-Interreg-VI_neu.jpg\" class=\"attachment-full size-full\" alt=\"\" srcset=\"https:\/\/www.euregio.eu\/wp-content\/uploads\/2026\/04\/Logo-Programmpartner-Interreg-VI_neu-200x105.jpg 200w, https:\/\/www.euregio.eu\/wp-content\/uploads\/2026\/04\/Logo-Programmpartner-Interreg-VI_neu-400x210.jpg 400w, https:\/\/www.euregio.eu\/wp-content\/uploads\/2026\/04\/Logo-Programmpartner-Interreg-VI_neu-600x316.jpg 600w, https:\/\/www.euregio.eu\/wp-content\/uploads\/2026\/04\/Logo-Programmpartner-Interreg-VI_neu-800x421.jpg 800w, https:\/\/www.euregio.eu\/wp-content\/uploads\/2026\/04\/Logo-Programmpartner-Interreg-VI_neu-1200x631.jpg 1200w, https:\/\/www.euregio.eu\/wp-content\/uploads\/2026\/04\/Logo-Programmpartner-Interreg-VI_neu.jpg 1920w\" sizes=\"(min-width: 2200px) 100vw, (min-width: 712px) 594px, (min-width: 640px) 712px, \" \/><\/div><\/div><\/div><\/div><div class=\"awb-swiper-button awb-swiper-button-prev\"><i class=\"awb-icon-angle-left\" aria-hidden=\"true\"><\/i><\/div><div class=\"awb-swiper-button awb-swiper-button-next\"><i class=\"awb-icon-angle-right\" aria-hidden=\"true\"><\/i><\/div><\/div><\/div><\/div><\/div><\/div><\/div>\n<div class=\"fusion-fullwidth fullwidth-box fusion-builder-row-5 fusion-flex-container nonhundred-percent-fullwidth non-hundred-percent-height-scrolling\" style=\"--awb-border-radius-top-left:0px;--awb-border-radius-top-right:0px;--awb-border-radius-bottom-right:0px;--awb-border-radius-bottom-left:0px;--awb-flex-wrap:wrap;\" ><div class=\"fusion-builder-row fusion-row fusion-flex-align-items-flex-start fusion-flex-content-wrap\" style=\"max-width:1248px;margin-left: calc(-4% \/ 2 );margin-right: calc(-4% \/ 2 );\"><div class=\"fusion-layout-column fusion_builder_column fusion-builder-column-6 fusion_builder_column_2_3 2_3 fusion-flex-column\" style=\"--awb-bg-size:cover;--awb-width-large:66.666666666667%;--awb-margin-top-large:0px;--awb-spacing-right-large:2.88%;--awb-margin-bottom-large:32px;--awb-spacing-left-large:2.88%;--awb-width-medium:100%;--awb-order-medium:0;--awb-spacing-right-medium:1.92%;--awb-spacing-left-medium:1.92%;--awb-width-small:100%;--awb-order-small:0;--awb-spacing-right-small:1.92%;--awb-spacing-left-small:1.92%;\"><div class=\"fusion-column-wrapper fusion-column-has-shadow fusion-flex-justify-content-flex-start fusion-content-layout-column\"><div class=\"fusion-title title fusion-title-5 fusion-sep-none fusion-title-text fusion-title-size-two\"><h2 class=\"fusion-title-heading title-heading-left fusion-responsive-typography-calculated\" style=\"margin:0;--fontSize:46;line-height:1.3;\">Arten der F\u00f6rderung<\/h2><\/div><div class=\"fusion-text fusion-text-5\"><div class=\"fusion-text fusion-text-3\">\n<p><strong>M\u00f6chten Sie auch grenz\u00fcbergreifend zusammenarbeiten? Es gibt verschiedene F\u00f6rderm\u00f6glichkeiten, abh\u00e4ngig vom Umfang Ihrer Projektidee. Von niedrigschwelligen grenz\u00fcberschreitende Begegnungen, intensiverer und l\u00e4ngerfristiger Zusammenarbeit bis zu Interreg-Projekten mit einer F\u00f6rderung von mehr als 25.000 \u20ac. Unter den folgenden beiden Schaltfl\u00e4chen erfahren Sie mehr \u00fcber die verschiedenen M\u00f6glichkeiten und finden Sie die richtigen Ansprechpartner.<\/strong><\/p>\n<\/div>\n<\/div><\/div><\/div><div class=\"fusion-layout-column fusion_builder_column fusion-builder-column-7 fusion_builder_column_1_3 1_3 fusion-flex-column\" style=\"--awb-bg-size:cover;--awb-width-large:33.333333333333%;--awb-margin-top-large:0px;--awb-spacing-right-large:5.76%;--awb-margin-bottom-large:32px;--awb-spacing-left-large:5.76%;--awb-width-medium:100%;--awb-spacing-right-medium:1.92%;--awb-spacing-left-medium:1.92%;--awb-width-small:100%;--awb-spacing-right-small:1.92%;--awb-spacing-left-small:1.92%;\"><div class=\"fusion-column-wrapper fusion-column-has-shadow fusion-flex-justify-content-flex-start fusion-content-layout-column\"><div class=\"fusion-image-element \" style=\"--awb-caption-title-font-family:var(--h2_typography-font-family);--awb-caption-title-font-weight:var(--h2_typography-font-weight);--awb-caption-title-font-style:var(--h2_typography-font-style);--awb-caption-title-size:var(--h2_typography-font-size);--awb-caption-title-transform:var(--h2_typography-text-transform);--awb-caption-title-line-height:var(--h2_typography-line-height);--awb-caption-title-letter-spacing:var(--h2_typography-letter-spacing);\"><span class=\" fusion-imageframe imageframe-none imageframe-2 hover-type-none\"><img decoding=\"async\" width=\"1632\" height=\"513\" title=\"INTERREG_logo2022_opwit_RGB\" src=\"https:\/\/www.euregio.eu\/wp-content\/uploads\/2022\/05\/INTERREG_logo2022_opwit_RGB.png\" alt class=\"img-responsive wp-image-6439\" srcset=\"https:\/\/www.euregio.eu\/wp-content\/uploads\/2022\/05\/INTERREG_logo2022_opwit_RGB-200x63.png 200w, https:\/\/www.euregio.eu\/wp-content\/uploads\/2022\/05\/INTERREG_logo2022_opwit_RGB-400x126.png 400w, https:\/\/www.euregio.eu\/wp-content\/uploads\/2022\/05\/INTERREG_logo2022_opwit_RGB-600x189.png 600w, https:\/\/www.euregio.eu\/wp-content\/uploads\/2022\/05\/INTERREG_logo2022_opwit_RGB-800x251.png 800w, https:\/\/www.euregio.eu\/wp-content\/uploads\/2022\/05\/INTERREG_logo2022_opwit_RGB-1200x377.png 1200w, https:\/\/www.euregio.eu\/wp-content\/uploads\/2022\/05\/INTERREG_logo2022_opwit_RGB.png 1632w\" sizes=\"(max-width: 1024px) 100vw, (max-width: 640px) 100vw, 400px\" \/><\/span><\/div><\/div><\/div><div class=\"fusion-layout-column fusion_builder_column fusion-builder-column-8 fusion_builder_column_1_2 1_2 fusion-flex-column\" style=\"--awb-bg-size:cover;--awb-width-large:50%;--awb-margin-top-large:0px;--awb-spacing-right-large:3.84%;--awb-margin-bottom-large:32px;--awb-spacing-left-large:3.84%;--awb-width-medium:100%;--awb-order-medium:0;--awb-spacing-right-medium:1.92%;--awb-spacing-left-medium:1.92%;--awb-width-small:100%;--awb-order-small:0;--awb-spacing-right-small:1.92%;--awb-spacing-left-small:1.92%;\"><div class=\"fusion-column-wrapper fusion-column-has-shadow fusion-flex-justify-content-flex-start fusion-content-layout-column\"><div class=\"fusion-image-element \" style=\"text-align:left;--awb-caption-title-font-family:var(--h2_typography-font-family);--awb-caption-title-font-weight:var(--h2_typography-font-weight);--awb-caption-title-font-style:var(--h2_typography-font-style);--awb-caption-title-size:var(--h2_typography-font-size);--awb-caption-title-transform:var(--h2_typography-text-transform);--awb-caption-title-line-height:var(--h2_typography-line-height);--awb-caption-title-letter-spacing:var(--h2_typography-letter-spacing);\"><span class=\" fusion-imageframe imageframe-none imageframe-3 hover-type-none\"><a class=\"fusion-no-lightbox\" href=\"https:\/\/www.euregio.eu\/de\/foerderungen\/bis-25000-euro\/\" target=\"_self\" aria-label=\"bis 25.000,-_Freigestellt\"><img decoding=\"async\" width=\"300\" height=\"48\" src=\"https:\/\/www.euregio.eu\/wp-content\/uploads\/2020\/10\/bis25-300x48.png\" alt class=\"img-responsive wp-image-2815\" srcset=\"https:\/\/www.euregio.eu\/wp-content\/uploads\/2020\/10\/bis25-200x32.png 200w, https:\/\/www.euregio.eu\/wp-content\/uploads\/2020\/10\/bis25-400x64.png 400w, https:\/\/www.euregio.eu\/wp-content\/uploads\/2020\/10\/bis25-600x96.png 600w, https:\/\/www.euregio.eu\/wp-content\/uploads\/2020\/10\/bis25.png 759w\" sizes=\"(max-width: 1024px) 100vw, (max-width: 640px) 100vw, 600px\" \/><\/a><\/span><\/div><\/div><\/div><div class=\"fusion-layout-column fusion_builder_column fusion-builder-column-9 fusion_builder_column_1_2 1_2 fusion-flex-column\" style=\"--awb-bg-size:cover;--awb-width-large:50%;--awb-margin-top-large:0px;--awb-spacing-right-large:3.84%;--awb-margin-bottom-large:32px;--awb-spacing-left-large:3.84%;--awb-width-medium:100%;--awb-order-medium:0;--awb-spacing-right-medium:1.92%;--awb-spacing-left-medium:1.92%;--awb-width-small:100%;--awb-order-small:0;--awb-spacing-right-small:1.92%;--awb-spacing-left-small:1.92%;\"><div class=\"fusion-column-wrapper fusion-column-has-shadow fusion-flex-justify-content-flex-start fusion-content-layout-column\"><div class=\"fusion-image-element \" style=\"text-align:left;--awb-caption-title-font-family:var(--h2_typography-font-family);--awb-caption-title-font-weight:var(--h2_typography-font-weight);--awb-caption-title-font-style:var(--h2_typography-font-style);--awb-caption-title-size:var(--h2_typography-font-size);--awb-caption-title-transform:var(--h2_typography-text-transform);--awb-caption-title-line-height:var(--h2_typography-line-height);--awb-caption-title-letter-spacing:var(--h2_typography-letter-spacing);\"><span class=\" fusion-imageframe imageframe-none imageframe-4 hover-type-none\"><a class=\"fusion-no-lightbox\" href=\"https:\/\/www.euregio.eu\/de\/foerderungen\/ab-25000-euro\/\" target=\"_self\" aria-label=\"25.000+_Freigestellt\"><img decoding=\"async\" width=\"300\" height=\"59\" alt=\"Illustratie_tot_25.000_plus\" src=\"https:\/\/www.euregio.eu\/wp-content\/uploads\/2020\/05\/25-duizend-plus-300x59.png\" class=\"img-responsive wp-image-532\" srcset=\"https:\/\/www.euregio.eu\/wp-content\/uploads\/2020\/05\/25-duizend-plus-200x39.png 200w, https:\/\/www.euregio.eu\/wp-content\/uploads\/2020\/05\/25-duizend-plus.png 307w\" sizes=\"(max-width: 1024px) 100vw, (max-width: 640px) 100vw, 300px\" \/><\/a><\/span><\/div><\/div><\/div><\/div><\/div>\n<\/p>\n","protected":false},"excerpt":{"rendered":"","protected":false},"author":1,"featured_media":431,"parent":455,"menu_order":0,"comment_status":"closed","ping_status":"closed","template":"","meta":{"footnotes":""},"class_list":["post-430","page","type-page","status-publish","has-post-thumbnail","hentry"],"yoast_head":"<!-- This site is optimized with the Yoast SEO plugin v26.4 - https:\/\/yoast.com\/wordpress\/plugins\/seo\/ -->\n<title>F\u00f6rderung ab 25.000 Euro - EUREGIO<\/title>\n<meta name=\"description\" content=\"Zusammenarbeitsprojekte in der Grenzregion k\u00f6nnen \u00fcber das INTERREG-Programm Zusch\u00fcsse ab 25.000 Euro empfangen. Erfahren Sie mehr!\" \/>\n<meta name=\"robots\" content=\"index, follow, max-snippet:-1, max-image-preview:large, max-video-preview:-1\" \/>\n<link rel=\"canonical\" href=\"https:\/\/www.euregio.eu\/de\/foerderungen\/ab-25000-euro\/\" \/>\n<meta property=\"og:locale\" content=\"de_DE\" \/>\n<meta property=\"og:type\" content=\"article\" \/>\n<meta property=\"og:title\" content=\"F\u00f6rderung ab 25.000 Euro - EUREGIO\" \/>\n<meta property=\"og:description\" content=\"Zusammenarbeitsprojekte in der Grenzregion k\u00f6nnen \u00fcber das INTERREG-Programm Zusch\u00fcsse ab 25.000 Euro empfangen. Erfahren Sie mehr!\" \/>\n<meta property=\"og:url\" content=\"https:\/\/www.euregio.eu\/de\/foerderungen\/ab-25000-euro\/\" \/>\n<meta property=\"og:site_name\" content=\"EUREGIO\" \/>\n<meta property=\"article:modified_time\" content=\"2025-10-17T07:43:45+00:00\" \/>\n<meta property=\"og:image\" content=\"https:\/\/www.euregio.eu\/wp-content\/uploads\/2020\/05\/header-bg.jpg\" \/>\n\t<meta property=\"og:image:width\" content=\"1920\" \/>\n\t<meta property=\"og:image:height\" content=\"350\" \/>\n\t<meta property=\"og:image:type\" content=\"image\/jpeg\" \/>\n<meta name=\"twitter:card\" content=\"summary_large_image\" \/>\n<meta name=\"twitter:label1\" content=\"Gesch\u00e4tzte Lesezeit\" \/>\n\t<meta name=\"twitter:data1\" content=\"5\u00a0Minuten\" \/>\n<script type=\"application\/ld+json\" class=\"yoast-schema-graph\">{\"@context\":\"https:\/\/schema.org\",\"@graph\":[{\"@type\":\"WebPage\",\"@id\":\"https:\/\/www.euregio.eu\/de\/foerderungen\/ab-25000-euro\/\",\"url\":\"https:\/\/www.euregio.eu\/de\/foerderungen\/ab-25000-euro\/\",\"name\":\"F\u00f6rderung ab 25.000 Euro - EUREGIO\",\"isPartOf\":{\"@id\":\"https:\/\/www.euregio.eu\/de\/#website\"},\"primaryImageOfPage\":{\"@id\":\"https:\/\/www.euregio.eu\/de\/foerderungen\/ab-25000-euro\/#primaryimage\"},\"image\":{\"@id\":\"https:\/\/www.euregio.eu\/de\/foerderungen\/ab-25000-euro\/#primaryimage\"},\"thumbnailUrl\":\"https:\/\/www.euregio.eu\/wp-content\/uploads\/2020\/05\/header-bg.jpg\",\"datePublished\":\"2020-05-19T09:43:35+00:00\",\"dateModified\":\"2025-10-17T07:43:45+00:00\",\"description\":\"Zusammenarbeitsprojekte in der Grenzregion k\u00f6nnen \u00fcber das INTERREG-Programm Zusch\u00fcsse ab 25.000 Euro empfangen. Erfahren Sie mehr!\",\"breadcrumb\":{\"@id\":\"https:\/\/www.euregio.eu\/de\/foerderungen\/ab-25000-euro\/#breadcrumb\"},\"inLanguage\":\"de\",\"potentialAction\":[{\"@type\":\"ReadAction\",\"target\":[\"https:\/\/www.euregio.eu\/de\/foerderungen\/ab-25000-euro\/\"]}]},{\"@type\":\"ImageObject\",\"inLanguage\":\"de\",\"@id\":\"https:\/\/www.euregio.eu\/de\/foerderungen\/ab-25000-euro\/#primaryimage\",\"url\":\"https:\/\/www.euregio.eu\/wp-content\/uploads\/2020\/05\/header-bg.jpg\",\"contentUrl\":\"https:\/\/www.euregio.eu\/wp-content\/uploads\/2020\/05\/header-bg.jpg\",\"width\":1920,\"height\":350},{\"@type\":\"BreadcrumbList\",\"@id\":\"https:\/\/www.euregio.eu\/de\/foerderungen\/ab-25000-euro\/#breadcrumb\",\"itemListElement\":[{\"@type\":\"ListItem\",\"position\":1,\"name\":\"Home\",\"item\":\"https:\/\/www.euregio.eu\/de\/\"},{\"@type\":\"ListItem\",\"position\":2,\"name\":\"F\u00f6rderungen\",\"item\":\"https:\/\/www.euregio.eu\/de\/foerderungen\/\"},{\"@type\":\"ListItem\",\"position\":3,\"name\":\"F\u00f6rderung ab 25.000 Euro\"}]},{\"@type\":\"WebSite\",\"@id\":\"https:\/\/www.euregio.eu\/de\/#website\",\"url\":\"https:\/\/www.euregio.eu\/de\/\",\"name\":\"EUREGIO\",\"description\":\"\",\"potentialAction\":[{\"@type\":\"SearchAction\",\"target\":{\"@type\":\"EntryPoint\",\"urlTemplate\":\"https:\/\/www.euregio.eu\/de\/?s={search_term_string}\"},\"query-input\":{\"@type\":\"PropertyValueSpecification\",\"valueRequired\":true,\"valueName\":\"search_term_string\"}}],\"inLanguage\":\"de\"}]}<\/script>\n<!-- \/ Yoast SEO plugin. -->","yoast_head_json":{"title":"F\u00f6rderung ab 25.000 Euro - EUREGIO","description":"Zusammenarbeitsprojekte in der Grenzregion k\u00f6nnen \u00fcber das INTERREG-Programm Zusch\u00fcsse ab 25.000 Euro empfangen. Erfahren Sie mehr!","robots":{"index":"index","follow":"follow","max-snippet":"max-snippet:-1","max-image-preview":"max-image-preview:large","max-video-preview":"max-video-preview:-1"},"canonical":"https:\/\/www.euregio.eu\/de\/foerderungen\/ab-25000-euro\/","og_locale":"de_DE","og_type":"article","og_title":"F\u00f6rderung ab 25.000 Euro - EUREGIO","og_description":"Zusammenarbeitsprojekte in der Grenzregion k\u00f6nnen \u00fcber das INTERREG-Programm Zusch\u00fcsse ab 25.000 Euro empfangen. Erfahren Sie mehr!","og_url":"https:\/\/www.euregio.eu\/de\/foerderungen\/ab-25000-euro\/","og_site_name":"EUREGIO","article_modified_time":"2025-10-17T07:43:45+00:00","og_image":[{"width":1920,"height":350,"url":"https:\/\/www.euregio.eu\/wp-content\/uploads\/2020\/05\/header-bg.jpg","type":"image\/jpeg"}],"twitter_card":"summary_large_image","twitter_misc":{"Gesch\u00e4tzte Lesezeit":"5\u00a0Minuten"},"schema":{"@context":"https:\/\/schema.org","@graph":[{"@type":"WebPage","@id":"https:\/\/www.euregio.eu\/de\/foerderungen\/ab-25000-euro\/","url":"https:\/\/www.euregio.eu\/de\/foerderungen\/ab-25000-euro\/","name":"F\u00f6rderung ab 25.000 Euro - EUREGIO","isPartOf":{"@id":"https:\/\/www.euregio.eu\/de\/#website"},"primaryImageOfPage":{"@id":"https:\/\/www.euregio.eu\/de\/foerderungen\/ab-25000-euro\/#primaryimage"},"image":{"@id":"https:\/\/www.euregio.eu\/de\/foerderungen\/ab-25000-euro\/#primaryimage"},"thumbnailUrl":"https:\/\/www.euregio.eu\/wp-content\/uploads\/2020\/05\/header-bg.jpg","datePublished":"2020-05-19T09:43:35+00:00","dateModified":"2025-10-17T07:43:45+00:00","description":"Zusammenarbeitsprojekte in der Grenzregion k\u00f6nnen \u00fcber das INTERREG-Programm Zusch\u00fcsse ab 25.000 Euro empfangen. Erfahren Sie mehr!","breadcrumb":{"@id":"https:\/\/www.euregio.eu\/de\/foerderungen\/ab-25000-euro\/#breadcrumb"},"inLanguage":"de","potentialAction":[{"@type":"ReadAction","target":["https:\/\/www.euregio.eu\/de\/foerderungen\/ab-25000-euro\/"]}]},{"@type":"ImageObject","inLanguage":"de","@id":"https:\/\/www.euregio.eu\/de\/foerderungen\/ab-25000-euro\/#primaryimage","url":"https:\/\/www.euregio.eu\/wp-content\/uploads\/2020\/05\/header-bg.jpg","contentUrl":"https:\/\/www.euregio.eu\/wp-content\/uploads\/2020\/05\/header-bg.jpg","width":1920,"height":350},{"@type":"BreadcrumbList","@id":"https:\/\/www.euregio.eu\/de\/foerderungen\/ab-25000-euro\/#breadcrumb","itemListElement":[{"@type":"ListItem","position":1,"name":"Home","item":"https:\/\/www.euregio.eu\/de\/"},{"@type":"ListItem","position":2,"name":"F\u00f6rderungen","item":"https:\/\/www.euregio.eu\/de\/foerderungen\/"},{"@type":"ListItem","position":3,"name":"F\u00f6rderung ab 25.000 Euro"}]},{"@type":"WebSite","@id":"https:\/\/www.euregio.eu\/de\/#website","url":"https:\/\/www.euregio.eu\/de\/","name":"EUREGIO","description":"","potentialAction":[{"@type":"SearchAction","target":{"@type":"EntryPoint","urlTemplate":"https:\/\/www.euregio.eu\/de\/?s={search_term_string}"},"query-input":{"@type":"PropertyValueSpecification","valueRequired":true,"valueName":"search_term_string"}}],"inLanguage":"de"}]}},"_links":{"self":[{"href":"https:\/\/www.euregio.eu\/de\/wp-json\/wp\/v2\/pages\/430","targetHints":{"allow":["GET"]}}],"collection":[{"href":"https:\/\/www.euregio.eu\/de\/wp-json\/wp\/v2\/pages"}],"about":[{"href":"https:\/\/www.euregio.eu\/de\/wp-json\/wp\/v2\/types\/page"}],"author":[{"embeddable":true,"href":"https:\/\/www.euregio.eu\/de\/wp-json\/wp\/v2\/users\/1"}],"replies":[{"embeddable":true,"href":"https:\/\/www.euregio.eu\/de\/wp-json\/wp\/v2\/comments?post=430"}],"version-history":[{"count":53,"href":"https:\/\/www.euregio.eu\/de\/wp-json\/wp\/v2\/pages\/430\/revisions"}],"predecessor-version":[{"id":14577,"href":"https:\/\/www.euregio.eu\/de\/wp-json\/wp\/v2\/pages\/430\/revisions\/14577"}],"up":[{"embeddable":true,"href":"https:\/\/www.euregio.eu\/de\/wp-json\/wp\/v2\/pages\/455"}],"wp:featuredmedia":[{"embeddable":true,"href":"https:\/\/www.euregio.eu\/de\/wp-json\/wp\/v2\/media\/431"}],"wp:attachment":[{"href":"https:\/\/www.euregio.eu\/de\/wp-json\/wp\/v2\/media?parent=430"}],"curies":[{"name":"wp","href":"https:\/\/api.w.org\/{rel}","templated":true}]}}