{"id":1924,"date":"2020-09-17T10:49:51","date_gmt":"2020-09-17T09:49:51","guid":{"rendered":"https:\/\/www.euregio.eu\/people-to-people-euregio-preis\/"},"modified":"2026-02-03T12:31:43","modified_gmt":"2026-02-03T11:31:43","slug":"people-to-people-euregio-preis","status":"publish","type":"page","link":"https:\/\/www.euregio.eu\/de\/people-to-people-euregio-preis\/","title":{"rendered":"People-to-People-EUREGIO-Preis"},"content":{"rendered":"<p><div class=\"fusion-fullwidth fullwidth-box fusion-builder-row-1 nonhundred-percent-fullwidth non-hundred-percent-height-scrolling\" style=\"--awb-border-radius-top-left:0px;--awb-border-radius-top-right:0px;--awb-border-radius-bottom-right:0px;--awb-border-radius-bottom-left:0px;--awb-flex-wrap:wrap;\" ><div class=\"fusion-builder-row fusion-row\"><div class=\"fusion-layout-column fusion_builder_column fusion-builder-column-0 fusion_builder_column_2_3 2_3 fusion-two-third fusion-column-first\" style=\"--awb-bg-size:cover;width:66.666666666667%;width:calc(66.666666666667% - ( ( 4% ) * 0.66666666666667 ) );margin-right: 4%;\"><div class=\"fusion-column-wrapper fusion-column-has-shadow fusion-flex-column-wrapper-legacy\"><div class=\"fusion-text fusion-text-1\"><p>Seit 2009 verleiht die EUREGIO j\u00e4hrlich den People-to-People-EUREGIO-Preis. In den ersten Jahren waren die Preistr\u00e4ger meist Einzelpersonen aus der EUREGIO, die im Laufe ihres Lebens bzw. w\u00e4hrend ihres beruflichen Wirkens an mehreren Fronten einen \u00fcberdurchschnittlichen Beitrag zur grenz\u00fcberschreitenden Zusammenarbeit und zum grenz\u00fcberschreitenden Zusammenleben geleistet und damit viele andere zu eigenen Initiativen angeregt haben.<\/p>\n<p>Inzwischen ist die grenz\u00fcberschreitende Zusammenarbeit zu einem strukturellen Bestandteil des Lebens in der EUREGIO geworden. Nat\u00fcrlich erfordern die grenz\u00fcberschreitende Zusammenarbeit und das Zusammenleben \u00fcber die Grenze hinweg auch jetzt noch einen pers\u00f6nlichen Einsatz und Durchsetzungsverm\u00f6gen, doch immer h\u00e4ufiger wissen die verschiedenen Grenzbewohner und -organisationen einander zu finden und in kurzer Zeit eine enge grenz\u00fcberschreitende Zusammenarbeit zu entwickeln. Dadurch wurde etwas, was fr\u00fcher au\u00dfergew\u00f6hnlich war, heutzutage f\u00fcr viele B\u00fcrger und Organisationen normal.<\/p>\n<p>Um dem aktuellen Stand der \u201egrenzenlosen\u201c Zusammenarbeit Rechnung zu tragen, sind die Preistr\u00e4ger des People-to-People-EUREGIO-Preises seit einigen Jahren nicht mehr Einzelpersonen, sondern Projekte und Initiativen, die von EUREGIO-Mitgliedskommunen vorgeschlagen werden. Das Pr\u00e4sidium der EUREGIO w\u00e4hlt aus den vorgeschlagenen Initiativen den Gewinner. Die Preisverleihung findet zu Beginn jeden Jahres im Rahmen der Verbandsversammlung der EUREGIO statt.<\/p>\n<\/div><div class=\"fusion-clearfix\"><\/div><\/div><\/div><div class=\"fusion-layout-column fusion_builder_column fusion-builder-column-1 fusion_builder_column_1_3 1_3 fusion-one-third fusion-column-last\" style=\"--awb-bg-size:cover;width:33.333333333333%;width:calc(33.333333333333% - ( ( 4% ) * 0.33333333333333 ) );\"><div class=\"fusion-column-wrapper fusion-column-has-shadow fusion-flex-column-wrapper-legacy\"><div class=\"fusion-image-element in-legacy-container\" style=\"--awb-caption-title-font-family:var(--h2_typography-font-family);--awb-caption-title-font-weight:var(--h2_typography-font-weight);--awb-caption-title-font-style:var(--h2_typography-font-style);--awb-caption-title-size:var(--h2_typography-font-size);--awb-caption-title-transform:var(--h2_typography-text-transform);--awb-caption-title-line-height:var(--h2_typography-line-height);--awb-caption-title-letter-spacing:var(--h2_typography-letter-spacing);\"><span class=\" fusion-imageframe imageframe-none imageframe-1 hover-type-none\"><img decoding=\"async\" width=\"1080\" height=\"1080\" alt=\"EUREGIO_-_LG_People_to_People_Euregio_Prijs_FC\" title=\"Logo People-to-People-EUREGIO-Preis\" src=\"https:\/\/www.euregio.eu\/wp-content\/uploads\/2020\/08\/LG-People-to-People-Euregio-prijs-preis-FC.jpg\" class=\"img-responsive wp-image-1177\" srcset=\"https:\/\/www.euregio.eu\/wp-content\/uploads\/2020\/08\/LG-People-to-People-Euregio-prijs-preis-FC-200x200.jpg 200w, https:\/\/www.euregio.eu\/wp-content\/uploads\/2020\/08\/LG-People-to-People-Euregio-prijs-preis-FC-400x400.jpg 400w, https:\/\/www.euregio.eu\/wp-content\/uploads\/2020\/08\/LG-People-to-People-Euregio-prijs-preis-FC-600x600.jpg 600w, https:\/\/www.euregio.eu\/wp-content\/uploads\/2020\/08\/LG-People-to-People-Euregio-prijs-preis-FC-800x800.jpg 800w, https:\/\/www.euregio.eu\/wp-content\/uploads\/2020\/08\/LG-People-to-People-Euregio-prijs-preis-FC.jpg 1080w\" sizes=\"(max-width: 800px) 100vw, 400px\" \/><\/span><\/div><div class=\"fusion-clearfix\"><\/div><\/div><\/div><\/div><\/div><div class=\"fusion-fullwidth fullwidth-box fusion-builder-row-2 nonhundred-percent-fullwidth non-hundred-percent-height-scrolling\" style=\"--awb-border-radius-top-left:0px;--awb-border-radius-top-right:0px;--awb-border-radius-bottom-right:0px;--awb-border-radius-bottom-left:0px;--awb-flex-wrap:wrap;\" ><div class=\"fusion-builder-row fusion-row\"><div class=\"fusion-layout-column fusion_builder_column fusion-builder-column-2 fusion_builder_column_1_3 1_3 fusion-one-third fusion-column-first\" style=\"--awb-bg-size:cover;width:33.333333333333%;width:calc(33.333333333333% - ( ( 4% ) * 0.33333333333333 ) );margin-right: 4%;\"><div class=\"fusion-column-wrapper fusion-column-has-shadow fusion-flex-column-wrapper-legacy\"><div class=\"fusion-image-element in-legacy-container\" style=\"--awb-caption-title-font-family:var(--h2_typography-font-family);--awb-caption-title-font-weight:var(--h2_typography-font-weight);--awb-caption-title-font-style:var(--h2_typography-font-style);--awb-caption-title-size:var(--h2_typography-font-size);--awb-caption-title-transform:var(--h2_typography-text-transform);--awb-caption-title-line-height:var(--h2_typography-line-height);--awb-caption-title-letter-spacing:var(--h2_typography-letter-spacing);\"><span class=\" fusion-imageframe imageframe-none imageframe-2 hover-type-none\"><img decoding=\"async\" width=\"1620\" height=\"1080\" alt=\"Assink lyceum Haaksbergen en Anne Frank-Realschule Ahaus winnen de People-to-People-EUREGIO-prijs 2026.\" src=\"https:\/\/www.euregio.eu\/wp-content\/uploads\/2026\/01\/260130-Euregio-Nieuwjaarsbijeenkomst-Previews-RobBaas-26.jpg\" class=\"img-responsive wp-image-15235\" srcset=\"https:\/\/www.euregio.eu\/wp-content\/uploads\/2026\/01\/260130-Euregio-Nieuwjaarsbijeenkomst-Previews-RobBaas-26-200x133.jpg 200w, https:\/\/www.euregio.eu\/wp-content\/uploads\/2026\/01\/260130-Euregio-Nieuwjaarsbijeenkomst-Previews-RobBaas-26-400x267.jpg 400w, https:\/\/www.euregio.eu\/wp-content\/uploads\/2026\/01\/260130-Euregio-Nieuwjaarsbijeenkomst-Previews-RobBaas-26-600x400.jpg 600w, https:\/\/www.euregio.eu\/wp-content\/uploads\/2026\/01\/260130-Euregio-Nieuwjaarsbijeenkomst-Previews-RobBaas-26-800x533.jpg 800w, https:\/\/www.euregio.eu\/wp-content\/uploads\/2026\/01\/260130-Euregio-Nieuwjaarsbijeenkomst-Previews-RobBaas-26-1200x800.jpg 1200w, https:\/\/www.euregio.eu\/wp-content\/uploads\/2026\/01\/260130-Euregio-Nieuwjaarsbijeenkomst-Previews-RobBaas-26.jpg 1620w\" sizes=\"(max-width: 800px) 100vw, 400px\" \/><\/span><\/div><div class=\"fusion-text fusion-text-2\"><p>Preistr\u00e4ger 2026: Partnerschaft Anne Frank-Realschule Ahaus und Assink lyceum Haaksbergen<\/p>\n<\/div><div class=\"fusion-clearfix\"><\/div><\/div><\/div><div class=\"fusion-layout-column fusion_builder_column fusion-builder-column-3 fusion_builder_column_2_3 2_3 fusion-two-third fusion-column-last\" style=\"--awb-bg-size:cover;width:66.666666666667%;width:calc(66.666666666667% - ( ( 4% ) * 0.66666666666667 ) );\"><div class=\"fusion-column-wrapper fusion-column-has-shadow fusion-flex-column-wrapper-legacy\"><div class=\"fusion-text fusion-text-3\"><p><strong>\u00dcbersicht der Preistr\u00e4ger seit 2009:<\/strong><\/p>\n<ul>\n<li>2009: Erich Tilkorn<\/li>\n<li>2010: Johannes Hoven<\/li>\n<li>2011: Oase \u2013 der \u00f6kumenische Kirchengarten \/ de oecoemenische kerkentuin Gronau-Losser<\/li>\n<li>2012: Geert Jansen<\/li>\n<li>2013: Ulrike Schwarz<\/li>\n<li>2014: Frans Willeme<\/li>\n<li>2015: B\u00fcrgerbusvereine S\u00fcdlohn-Oeding und Nordhorn-Denekamp<\/li>\n<li>2016: Grensoverschrijdend Politie Team (GPT)<\/li>\n<li>2017: Freek Diersen (Aalten-Dinxperlo) und Havo-5 klas Scholengemeenschap Marianum Groenlo<\/li>\n<li>2018: Vechtezomp<\/li>\n<li>2019: Electrocar<\/li>\n<li>2020: 3e Berkel Compagnie<\/li>\n<li>2021: Krippentour Dinxperlo und Grenzerinnerungen<\/li>\n<li>2022: Concertvereniging Sempre Crescendo Losser<\/li>\n<li>2023: CrossFire<\/li>\n<li>2024: Zusammenarbeit zwischen dem Jeugdorkest Nederland (JON) und dem B\u00fcrgerverein Offensive Lengerich e.V.<\/li>\n<li>2025: Projekt <a href=\"https:\/\/www.landschapoverijssel.nl\/prehistorie\" target=\"_blank\" rel=\"noopener\">&#8222;Onze buren uit de Prehistorie&#8220;<\/a><\/li>\n<li>2026: <a href=\"https:\/\/www.euregio.eu\/de\/aktuell\/people-to-people-euregio-preis-fuer-schulen-aus-ahaus-und-haaksbergen\/\" target=\"_blank\" rel=\"noopener\">Anne-Frank-Realschule Ahaus und Assink lyceum Haaksbergen<\/a><\/li>\n<\/ul>\n<\/div><div class=\"fusion-clearfix\"><\/div><\/div><\/div><\/div><\/div><\/p>\n","protected":false},"excerpt":{"rendered":"","protected":false},"author":5,"featured_media":0,"parent":0,"menu_order":0,"comment_status":"closed","ping_status":"closed","template":"","meta":{"footnotes":""},"class_list":["post-1924","page","type-page","status-publish","hentry"],"yoast_head":"<!-- This site is optimized with the Yoast SEO plugin v26.4 - https:\/\/yoast.com\/wordpress\/plugins\/seo\/ -->\n<title>People-to-People-EUREGIO-Preis - EUREGIO<\/title>\n<meta name=\"description\" content=\"Wir verleihen den People-to-People-EUREGIO-Preis an Projekte und Initiativen, die den gr\u00f6\u00dften Beitrag zur grenzenloser Zusammenarbeit liefern.\" \/>\n<meta name=\"robots\" content=\"index, follow, max-snippet:-1, max-image-preview:large, max-video-preview:-1\" \/>\n<link rel=\"canonical\" href=\"https:\/\/www.euregio.eu\/de\/people-to-people-euregio-preis\/\" \/>\n<meta property=\"og:locale\" content=\"de_DE\" \/>\n<meta property=\"og:type\" content=\"article\" \/>\n<meta property=\"og:title\" content=\"People-to-People-EUREGIO-Preis - EUREGIO\" \/>\n<meta property=\"og:description\" content=\"Wir verleihen den People-to-People-EUREGIO-Preis an Projekte und Initiativen, die den gr\u00f6\u00dften Beitrag zur grenzenloser Zusammenarbeit liefern.\" \/>\n<meta property=\"og:url\" content=\"https:\/\/www.euregio.eu\/de\/people-to-people-euregio-preis\/\" \/>\n<meta property=\"og:site_name\" content=\"EUREGIO\" \/>\n<meta property=\"article:modified_time\" content=\"2026-02-03T11:31:43+00:00\" \/>\n<meta name=\"twitter:card\" content=\"summary_large_image\" \/>\n<meta name=\"twitter:label1\" content=\"Gesch\u00e4tzte Lesezeit\" \/>\n\t<meta name=\"twitter:data1\" content=\"3\u00a0Minuten\" \/>\n<script type=\"application\/ld+json\" class=\"yoast-schema-graph\">{\"@context\":\"https:\/\/schema.org\",\"@graph\":[{\"@type\":\"WebPage\",\"@id\":\"https:\/\/www.euregio.eu\/de\/people-to-people-euregio-preis\/\",\"url\":\"https:\/\/www.euregio.eu\/de\/people-to-people-euregio-preis\/\",\"name\":\"People-to-People-EUREGIO-Preis - EUREGIO\",\"isPartOf\":{\"@id\":\"https:\/\/www.euregio.eu\/de\/#website\"},\"datePublished\":\"2020-09-17T09:49:51+00:00\",\"dateModified\":\"2026-02-03T11:31:43+00:00\",\"description\":\"Wir verleihen den People-to-People-EUREGIO-Preis an Projekte und Initiativen, die den gr\u00f6\u00dften Beitrag zur grenzenloser Zusammenarbeit liefern.\",\"breadcrumb\":{\"@id\":\"https:\/\/www.euregio.eu\/de\/people-to-people-euregio-preis\/#breadcrumb\"},\"inLanguage\":\"de\",\"potentialAction\":[{\"@type\":\"ReadAction\",\"target\":[\"https:\/\/www.euregio.eu\/de\/people-to-people-euregio-preis\/\"]}]},{\"@type\":\"BreadcrumbList\",\"@id\":\"https:\/\/www.euregio.eu\/de\/people-to-people-euregio-preis\/#breadcrumb\",\"itemListElement\":[{\"@type\":\"ListItem\",\"position\":1,\"name\":\"Home\",\"item\":\"https:\/\/www.euregio.eu\/de\/\"},{\"@type\":\"ListItem\",\"position\":2,\"name\":\"People-to-People-EUREGIO-Preis\"}]},{\"@type\":\"WebSite\",\"@id\":\"https:\/\/www.euregio.eu\/de\/#website\",\"url\":\"https:\/\/www.euregio.eu\/de\/\",\"name\":\"EUREGIO\",\"description\":\"\",\"potentialAction\":[{\"@type\":\"SearchAction\",\"target\":{\"@type\":\"EntryPoint\",\"urlTemplate\":\"https:\/\/www.euregio.eu\/de\/?s={search_term_string}\"},\"query-input\":{\"@type\":\"PropertyValueSpecification\",\"valueRequired\":true,\"valueName\":\"search_term_string\"}}],\"inLanguage\":\"de\"}]}<\/script>\n<!-- \/ Yoast SEO plugin. -->","yoast_head_json":{"title":"People-to-People-EUREGIO-Preis - EUREGIO","description":"Wir verleihen den People-to-People-EUREGIO-Preis an Projekte und Initiativen, die den gr\u00f6\u00dften Beitrag zur grenzenloser Zusammenarbeit liefern.","robots":{"index":"index","follow":"follow","max-snippet":"max-snippet:-1","max-image-preview":"max-image-preview:large","max-video-preview":"max-video-preview:-1"},"canonical":"https:\/\/www.euregio.eu\/de\/people-to-people-euregio-preis\/","og_locale":"de_DE","og_type":"article","og_title":"People-to-People-EUREGIO-Preis - EUREGIO","og_description":"Wir verleihen den People-to-People-EUREGIO-Preis an Projekte und Initiativen, die den gr\u00f6\u00dften Beitrag zur grenzenloser Zusammenarbeit liefern.","og_url":"https:\/\/www.euregio.eu\/de\/people-to-people-euregio-preis\/","og_site_name":"EUREGIO","article_modified_time":"2026-02-03T11:31:43+00:00","twitter_card":"summary_large_image","twitter_misc":{"Gesch\u00e4tzte Lesezeit":"3\u00a0Minuten"},"schema":{"@context":"https:\/\/schema.org","@graph":[{"@type":"WebPage","@id":"https:\/\/www.euregio.eu\/de\/people-to-people-euregio-preis\/","url":"https:\/\/www.euregio.eu\/de\/people-to-people-euregio-preis\/","name":"People-to-People-EUREGIO-Preis - EUREGIO","isPartOf":{"@id":"https:\/\/www.euregio.eu\/de\/#website"},"datePublished":"2020-09-17T09:49:51+00:00","dateModified":"2026-02-03T11:31:43+00:00","description":"Wir verleihen den People-to-People-EUREGIO-Preis an Projekte und Initiativen, die den gr\u00f6\u00dften Beitrag zur grenzenloser Zusammenarbeit liefern.","breadcrumb":{"@id":"https:\/\/www.euregio.eu\/de\/people-to-people-euregio-preis\/#breadcrumb"},"inLanguage":"de","potentialAction":[{"@type":"ReadAction","target":["https:\/\/www.euregio.eu\/de\/people-to-people-euregio-preis\/"]}]},{"@type":"BreadcrumbList","@id":"https:\/\/www.euregio.eu\/de\/people-to-people-euregio-preis\/#breadcrumb","itemListElement":[{"@type":"ListItem","position":1,"name":"Home","item":"https:\/\/www.euregio.eu\/de\/"},{"@type":"ListItem","position":2,"name":"People-to-People-EUREGIO-Preis"}]},{"@type":"WebSite","@id":"https:\/\/www.euregio.eu\/de\/#website","url":"https:\/\/www.euregio.eu\/de\/","name":"EUREGIO","description":"","potentialAction":[{"@type":"SearchAction","target":{"@type":"EntryPoint","urlTemplate":"https:\/\/www.euregio.eu\/de\/?s={search_term_string}"},"query-input":{"@type":"PropertyValueSpecification","valueRequired":true,"valueName":"search_term_string"}}],"inLanguage":"de"}]}},"_links":{"self":[{"href":"https:\/\/www.euregio.eu\/de\/wp-json\/wp\/v2\/pages\/1924","targetHints":{"allow":["GET"]}}],"collection":[{"href":"https:\/\/www.euregio.eu\/de\/wp-json\/wp\/v2\/pages"}],"about":[{"href":"https:\/\/www.euregio.eu\/de\/wp-json\/wp\/v2\/types\/page"}],"author":[{"embeddable":true,"href":"https:\/\/www.euregio.eu\/de\/wp-json\/wp\/v2\/users\/5"}],"replies":[{"embeddable":true,"href":"https:\/\/www.euregio.eu\/de\/wp-json\/wp\/v2\/comments?post=1924"}],"version-history":[{"count":20,"href":"https:\/\/www.euregio.eu\/de\/wp-json\/wp\/v2\/pages\/1924\/revisions"}],"predecessor-version":[{"id":15282,"href":"https:\/\/www.euregio.eu\/de\/wp-json\/wp\/v2\/pages\/1924\/revisions\/15282"}],"wp:attachment":[{"href":"https:\/\/www.euregio.eu\/de\/wp-json\/wp\/v2\/media?parent=1924"}],"curies":[{"name":"wp","href":"https:\/\/api.w.org\/{rel}","templated":true}]}}