{"id":1644,"date":"2020-09-09T16:56:14","date_gmt":"2020-09-09T15:56:14","guid":{"rendered":"https:\/\/www.euregio.eu\/wer-wir-sind\/region-mitglieder\/"},"modified":"2026-03-28T10:55:44","modified_gmt":"2026-03-28T09:55:44","slug":"region-und-mitglieder","status":"publish","type":"page","link":"https:\/\/www.euregio.eu\/de\/wer-wir-sind\/region-und-mitglieder\/","title":{"rendered":"Region &#038; Mitglieder"},"content":{"rendered":"<p><div class=\"fusion-fullwidth fullwidth-box fusion-builder-row-1 nonhundred-percent-fullwidth non-hundred-percent-height-scrolling\" style=\"--awb-border-radius-top-left:0px;--awb-border-radius-top-right:0px;--awb-border-radius-bottom-right:0px;--awb-border-radius-bottom-left:0px;--awb-flex-wrap:wrap;\" ><div class=\"fusion-builder-row fusion-row\"><div class=\"fusion-layout-column fusion_builder_column fusion-builder-column-0 fusion_builder_column_1_1 1_1 fusion-one-full fusion-column-first fusion-column-last\" style=\"--awb-bg-size:cover;\"><div class=\"fusion-column-wrapper fusion-column-has-shadow fusion-flex-column-wrapper-legacy\"><div class=\"fusion-text fusion-text-1 awb-text-cols fusion-text-columns-2\" style=\"--awb-columns:2;--awb-column-spacing:2em;--awb-column-min-width:100px;\"><p><strong>Die EUREGIO umfasst eine Fl\u00e4che von rund 13.000 km\u00b2. In diesem Gebiet leben fast 3,4 Millionen Einwohner. Etwa zwei Drittel der Fl\u00e4che und der Bev\u00f6lkerung geh\u00f6ren zum deutschen und ein Drittel zum niederl\u00e4ndischen Staatsgebiet. Auf deutscher Seite erstreckt sich die Region \u00fcber Teile der L\u00e4nder Niedersachsen und Nordrhein-Westfalen. Auf niederl\u00e4ndischer Seite sind Teile der Provinzen Gelderland, Overijssel und Drenthe der EUREGIO angeschlossen. Das EUREGIO-Gebiet umfasst 128 Kommunen und Waterschappen. Der Sitz der Gesch\u00e4ftsstelle ist am Grenz\u00fcbergang Gronau\/Enschede angesiedelt.<\/strong><\/p>\n<\/div><div class=\"fusion-clearfix\"><\/div><\/div><\/div><\/div><\/div><div class=\"fusion-fullwidth fullwidth-box fusion-builder-row-2 nonhundred-percent-fullwidth non-hundred-percent-height-scrolling\" style=\"--awb-border-radius-top-left:0px;--awb-border-radius-top-right:0px;--awb-border-radius-bottom-right:0px;--awb-border-radius-bottom-left:0px;--awb-flex-wrap:wrap;\" ><div class=\"fusion-builder-row fusion-row\"><div class=\"fusion-layout-column fusion_builder_column fusion-builder-column-1 fusion_builder_column_1_1 1_1 fusion-one-full fusion-column-first fusion-column-last\" style=\"--awb-bg-size:cover;\"><div class=\"fusion-column-wrapper fusion-column-has-shadow fusion-flex-column-wrapper-legacy\"><div class=\"fusion-image-element in-legacy-container\" style=\"--awb-caption-title-font-family:var(--h2_typography-font-family);--awb-caption-title-font-weight:var(--h2_typography-font-weight);--awb-caption-title-font-style:var(--h2_typography-font-style);--awb-caption-title-size:var(--h2_typography-font-size);--awb-caption-title-transform:var(--h2_typography-text-transform);--awb-caption-title-line-height:var(--h2_typography-line-height);--awb-caption-title-letter-spacing:var(--h2_typography-letter-spacing);\"><span class=\" fusion-imageframe imageframe-none imageframe-1 hover-type-none\"><img decoding=\"async\" width=\"1620\" height=\"1080\" alt=\"Karte mit allen Regionen der EUREGIO\" title=\"Region &#038; Mitglieder der EUREGIO\" src=\"https:\/\/www.euregio.eu\/wp-content\/uploads\/2020\/08\/Fotos-Website-GODG-2.png\" class=\"img-responsive wp-image-1227\" srcset=\"https:\/\/www.euregio.eu\/wp-content\/uploads\/2020\/08\/Fotos-Website-GODG-2-200x133.png 200w, https:\/\/www.euregio.eu\/wp-content\/uploads\/2020\/08\/Fotos-Website-GODG-2-400x267.png 400w, https:\/\/www.euregio.eu\/wp-content\/uploads\/2020\/08\/Fotos-Website-GODG-2-600x400.png 600w, https:\/\/www.euregio.eu\/wp-content\/uploads\/2020\/08\/Fotos-Website-GODG-2-800x533.png 800w, https:\/\/www.euregio.eu\/wp-content\/uploads\/2020\/08\/Fotos-Website-GODG-2-1200x800.png 1200w, https:\/\/www.euregio.eu\/wp-content\/uploads\/2020\/08\/Fotos-Website-GODG-2.png 1620w\" sizes=\"(max-width: 800px) 100vw, 1620px\" \/><\/span><\/div><div class=\"fusion-clearfix\"><\/div><\/div><\/div><\/div><\/div><div class=\"fusion-fullwidth fullwidth-box fusion-builder-row-3 nonhundred-percent-fullwidth non-hundred-percent-height-scrolling\" style=\"--awb-border-radius-top-left:0px;--awb-border-radius-top-right:0px;--awb-border-radius-bottom-right:0px;--awb-border-radius-bottom-left:0px;--awb-flex-wrap:wrap;\" ><div class=\"fusion-builder-row fusion-row\"><div class=\"fusion-layout-column fusion_builder_column fusion-builder-column-2 fusion_builder_column_1_1 1_1 fusion-one-full fusion-column-first fusion-column-last\" style=\"--awb-bg-size:cover;\"><div class=\"fusion-column-wrapper fusion-column-has-shadow fusion-flex-column-wrapper-legacy\"><div class=\"fusion-text fusion-text-2\"><p>In Niedersachsen umfasst das EUREGIO-Gebiet den Landkreis Grafschaft Bentheim, die Stadt Osnabr\u00fcck, den Landkreis Osnabr\u00fcck und im Landkreis Emsland die Gemeinden Emsb\u00fcren, Salzbergen und Spelle. In Nordrhein-Westfalen geh\u00f6ren die Stadt M\u00fcnster und alle Kreise des M\u00fcnsterlandes &#8211; Kreis Borken, Kreis Coesfeld, Kreis Steinfurt, Kreis Warendorf &#8211; \u00a0zur EUREGIO.<\/p>\n<p>In den Niederlanden sind die Regio Achterhoek (Provinz Gelderland) sowie die Regio Twente, die Gemeinden Hardenberg und Ommen (Provinz Overijssel) und die Gemeinde Coevorden (Provinz Drenthe) Teil des EUREGIO-Gebiets.<\/p>\n<p>Eine detaillierte Karte des EUREGIO-Gebiets k\u00f6nnen Sie <a href=\"https:\/\/cloud.euregio.eu\/s\/2qd5BiYfn2sJ27m\" target=\"_blank\" rel=\"noopener\"><strong>hier herunterladen<\/strong><\/a>.<\/p>\n<\/div><div class=\"fusion-clearfix\"><\/div><\/div><\/div><\/div><\/div><div class=\"fusion-fullwidth fullwidth-box fusion-builder-row-4 nonhundred-percent-fullwidth non-hundred-percent-height-scrolling\" style=\"--awb-border-radius-top-left:0px;--awb-border-radius-top-right:0px;--awb-border-radius-bottom-right:0px;--awb-border-radius-bottom-left:0px;--awb-flex-wrap:wrap;\" ><div class=\"fusion-builder-row fusion-row\"><div class=\"fusion-layout-column fusion_builder_column fusion-builder-column-3 fusion_builder_column_1_1 1_1 fusion-one-full fusion-column-first fusion-column-last\" style=\"--awb-bg-size:cover;\"><div class=\"fusion-column-wrapper fusion-column-has-shadow fusion-flex-column-wrapper-legacy\"><div class=\"fusion-title title fusion-title-1 fusion-sep-none fusion-title-text fusion-title-size-one\"><h1 class=\"fusion-title-heading title-heading-left fusion-responsive-typography-calculated\" style=\"margin:0;--fontSize:50;line-height:1.3;\">Kommunen im EUREGIO-Gebiet<\/h1><\/div>\n<div class=\"table-1\">\n<table width=\"100%\">\n<tbody>\n<tr>\n<td align=\"left\" height=\"17\">Kommunen im EUREGIO-Gebiet<\/td>\n<td align=\"left\"><\/td>\n<\/tr>\n<tr>\n<td align=\"left\" height=\"17\"><\/td>\n<td align=\"left\"><\/td>\n<\/tr>\n<tr>\n<td align=\"justify\" height=\"17\"><b>Niederlande<\/b><\/td>\n<td align=\"left\"><b>Internetadresse<\/b><\/td>\n<\/tr>\n<tr>\n<td align=\"left\" height=\"17\"><\/td>\n<td align=\"left\"><\/td>\n<\/tr>\n<tr>\n<td align=\"left\" height=\"17\"><b>Twente<\/b><\/td>\n<td align=\"left\"><a href=\"http:\/\/www.regiotwente.nl\" target=\"_blank\" rel=\"noopener noreferrer\">www.regiotwente.nl<\/a><\/td>\n<\/tr>\n<tr>\n<td align=\"left\" height=\"17\">Gemeente Almelo<\/td>\n<td align=\"left\"><a href=\"http:\/\/www.almelo.nl\" target=\"_blank\" rel=\"noopener noreferrer\">www.almelo.nl<\/a><\/td>\n<\/tr>\n<tr>\n<td align=\"left\" height=\"17\">Gemeente Borne<\/td>\n<td align=\"left\"><a href=\"http:\/\/www.borne.nl\" target=\"_blank\" rel=\"noopener noreferrer\">www.borne.nl<\/a><\/td>\n<\/tr>\n<tr>\n<td align=\"left\" height=\"17\">Gemeente Dinkelland<\/td>\n<td align=\"left\"><a href=\"http:\/\/www.dinkelland.nl\" target=\"_blank\" rel=\"noopener noreferrer\">www.dinkelland.nl<\/a><\/td>\n<\/tr>\n<tr>\n<td align=\"left\" height=\"17\">Gemeente Enschede<\/td>\n<td align=\"left\"><a href=\"http:\/\/www.enschede.nl\" target=\"_blank\" rel=\"noopener noreferrer\">www.enschede.nl<\/a><\/td>\n<\/tr>\n<tr>\n<td align=\"left\" height=\"17\">Gemeente Haaksbergen<\/td>\n<td align=\"left\"><a href=\"http:\/\/www.haaksbergen.nl\" target=\"_blank\" rel=\"noopener noreferrer\">www.haaksbergen.nl<\/a><\/td>\n<\/tr>\n<tr>\n<td align=\"left\" height=\"17\">Gemeente Hellendoorn<\/td>\n<td align=\"left\"><a href=\"http:\/\/www.hellendoorn.nl\" target=\"_blank\" rel=\"noopener noreferrer\">www.hellendoorn.nl<\/a><\/td>\n<\/tr>\n<tr>\n<td align=\"left\" height=\"17\">Gemeente Hengelo<\/td>\n<td align=\"left\"><a href=\"http:\/\/www.hengelo.nl\" target=\"_blank\" rel=\"noopener noreferrer\">www.hengelo.nl<\/a><\/td>\n<\/tr>\n<tr>\n<td align=\"left\" height=\"17\">Gemeente Hof van Twente<\/td>\n<td align=\"left\"><a href=\"http:\/\/www.hofvantwente.nl\" target=\"_blank\" rel=\"noopener noreferrer\">www.hofvantwente.nl<\/a><\/td>\n<\/tr>\n<tr>\n<td align=\"left\" height=\"17\">Gemeente Losser<\/td>\n<td align=\"left\"><a href=\"http:\/\/www.losser.nl\" target=\"_blank\" rel=\"noopener noreferrer\">www.losser.nl<\/a><\/td>\n<\/tr>\n<tr>\n<td align=\"left\" height=\"17\">Gemeente Oldenzaal<\/td>\n<td align=\"left\"><a href=\"http:\/\/www.oldenzaal.nl\" target=\"_blank\" rel=\"noopener noreferrer\">www.oldenzaal.nl<\/a><\/td>\n<\/tr>\n<tr>\n<td align=\"left\" height=\"17\">Gemeente Rijssen-Holten<\/td>\n<td align=\"left\"><a href=\"http:\/\/www.rijssen-holten.nl\" target=\"_blank\" rel=\"noopener noreferrer\">www.rijssen-holten.nl<\/a><\/td>\n<\/tr>\n<tr>\n<td align=\"left\" height=\"17\">Gemeente Tubbergen<\/td>\n<td align=\"left\"><a href=\"http:\/\/www.tubbergen.nl\" target=\"_blank\" rel=\"noopener noreferrer\">www.tubbergen.nl<\/a><\/td>\n<\/tr>\n<tr>\n<td align=\"left\" height=\"17\">Gemeente Twenterand<\/td>\n<td align=\"left\"><a href=\"http:\/\/www.twenterand.nl\" target=\"_blank\" rel=\"noopener noreferrer\">www.twenterand.nl<\/a><\/td>\n<\/tr>\n<tr>\n<td align=\"left\" height=\"17\">Gemeente Wierden<\/td>\n<td align=\"left\"><a href=\"http:\/\/www.wierden.nl\" target=\"_blank\" rel=\"noopener noreferrer\">www.wierden.nl<\/a><\/td>\n<\/tr>\n<tr>\n<td align=\"left\" height=\"17\"><\/td>\n<td align=\"left\"><\/td>\n<\/tr>\n<tr>\n<td align=\"left\" height=\"17\"><b>Regio Achterhoek<\/b><\/td>\n<td align=\"left\"><a href=\"https:\/\/8rhk.nl\/\" target=\"_blank\" rel=\"noopener\">www.8rhk.nl<\/a><\/td>\n<\/tr>\n<tr>\n<td align=\"left\" height=\"17\">Gemeente Aalten<\/td>\n<td align=\"left\"><a href=\"http:\/\/www.aalten.nl\" target=\"_blank\" rel=\"noopener noreferrer\">www.aalten.nl<\/a><\/td>\n<\/tr>\n<tr>\n<td align=\"left\" height=\"17\">Gemeente Berkelland<\/td>\n<td align=\"left\"><a href=\"http:\/\/www.gemeenteberkelland.nl\" target=\"_blank\" rel=\"noopener noreferrer\">www.gemeenteberkelland.nl<\/a><\/td>\n<\/tr>\n<tr>\n<td align=\"left\" height=\"17\">Gemeente Bronckhorst<\/td>\n<td align=\"left\"><a href=\"http:\/\/www.bronckhorst.nl\" target=\"_blank\" rel=\"noopener noreferrer\">www.bronckhorst.nl<\/a><\/td>\n<\/tr>\n<tr>\n<td align=\"left\" height=\"17\">Gemeente Doetinchem<\/td>\n<td align=\"left\"><a href=\"http:\/\/www.doetinchem.nl\" target=\"_blank\" rel=\"noopener noreferrer\">www.doetinchem.nl<\/a><\/td>\n<\/tr>\n<tr>\n<td align=\"left\" height=\"17\">Gemeente Oost Gelre<\/td>\n<td align=\"left\"><a href=\"http:\/\/www.oostgelre.nl\" target=\"_blank\" rel=\"noopener noreferrer\">www.oostgelre.nl<\/a><\/td>\n<\/tr>\n<tr>\n<td align=\"left\" height=\"17\">Gemeente Oude IJsselstreek<\/td>\n<td align=\"left\"><a href=\"http:\/\/www.oude-ijsselstreek.nl\" target=\"_blank\" rel=\"noopener noreferrer\">www.oude-ijsselstreek.nl<\/a><\/td>\n<\/tr>\n<tr>\n<td align=\"left\" height=\"17\">Gemeente Winterswijk<\/td>\n<td align=\"left\"><a href=\"http:\/\/www.winterswijk.nl\" target=\"_blank\" rel=\"noopener noreferrer\">www.winterswijk.nl<\/a><\/td>\n<\/tr>\n<tr>\n<td align=\"left\" height=\"17\"><\/td>\n<td align=\"left\"><\/td>\n<\/tr>\n<tr>\n<td align=\"left\" height=\"17\"><strong>Einzelne beteiligte Gemeinden<\/strong><\/td>\n<td align=\"left\"><\/td>\n<\/tr>\n<tr>\n<td align=\"left\" height=\"17\">Gemeente Coevorden<\/td>\n<td align=\"left\"><a href=\"http:\/\/www.coevorden.nl\" target=\"_blank\" rel=\"noopener noreferrer\">www.coevorden.nl<\/a><\/td>\n<\/tr>\n<tr>\n<td align=\"left\" height=\"17\">Gemeente Hardenberg<\/td>\n<td align=\"left\"><a href=\"http:\/\/www.hardenberg.nl\" target=\"_blank\" rel=\"noopener noreferrer\">www.hardenberg.nl<\/a><\/td>\n<\/tr>\n<tr>\n<td align=\"left\" height=\"17\">Gemeente Ommen<\/td>\n<td align=\"left\"><a href=\"http:\/\/www.ommen.nl\" target=\"_blank\" rel=\"noopener noreferrer\">www.ommen.nl<\/a><\/td>\n<\/tr>\n<tr>\n<td align=\"left\" height=\"17\"><\/td>\n<td align=\"left\"><\/td>\n<\/tr>\n<tr>\n<td align=\"left\" height=\"17\"><b>Waterschappen<\/b><\/td>\n<td align=\"left\"><\/td>\n<\/tr>\n<tr>\n<td align=\"left\" height=\"17\">Waterschap Rijn en Ijssel (voor een deelgebied)<\/td>\n<td align=\"left\"><a href=\"http:\/\/www.wrij.nl\" target=\"_blank\" rel=\"noopener noreferrer\">www.wrij.nl<\/a><\/td>\n<\/tr>\n<tr>\n<td align=\"left\" height=\"17\">Waterschap Vechtstromen (voor een deelgebied)<\/td>\n<td align=\"left\"><a href=\"http:\/\/www.vechtstromen.nl\" target=\"_blank\" rel=\"noopener noreferrer\">www.vechtstromen.nl<\/a><\/td>\n<\/tr>\n<tr>\n<td align=\"left\" height=\"17\"><\/td>\n<td align=\"left\"><\/td>\n<\/tr>\n<tr>\n<td align=\"left\" height=\"17\"><b>Deutschland<\/b><\/td>\n<td align=\"left\"><\/td>\n<\/tr>\n<tr>\n<td align=\"left\" height=\"17\"><\/td>\n<td align=\"left\"><\/td>\n<\/tr>\n<tr>\n<td align=\"left\" height=\"17\"><b>Kreis Borken<\/b><\/td>\n<td align=\"left\"><a href=\"http:\/\/www.kreis-borken.de\" target=\"_blank\" rel=\"noopener noreferrer\">www.kreis-borken.de<\/a><\/td>\n<\/tr>\n<tr>\n<td align=\"left\" height=\"17\">Stadt Ahaus<\/td>\n<td align=\"left\"><a href=\"http:\/\/www.ahaus.de\" target=\"_blank\" rel=\"noopener noreferrer\">www.ahaus.de<\/a><\/td>\n<\/tr>\n<tr>\n<td align=\"left\" height=\"17\">Stadt Bocholt<\/td>\n<td align=\"left\"><a href=\"http:\/\/www.bocholt.de\" target=\"_blank\" rel=\"noopener noreferrer\">www.bocholt.de<\/a><\/td>\n<\/tr>\n<tr>\n<td align=\"left\" height=\"17\">Stadt Borken<\/td>\n<td align=\"left\"><a href=\"http:\/\/www.borken.de\" target=\"_blank\" rel=\"noopener noreferrer\">www.borken.de<\/a><\/td>\n<\/tr>\n<tr>\n<td align=\"left\" height=\"17\">Stadt Gescher<\/td>\n<td align=\"left\"><a href=\"http:\/\/www.gescher.de\" target=\"_blank\" rel=\"noopener noreferrer\">www.gescher.de<\/a><\/td>\n<\/tr>\n<tr>\n<td align=\"left\" height=\"17\">Stadt Gronau<\/td>\n<td align=\"left\"><a href=\"http:\/\/www.gronau.de\" target=\"_blank\" rel=\"noopener noreferrer\">www.gronau.de<\/a><\/td>\n<\/tr>\n<tr>\n<td align=\"left\" height=\"17\">Gemeinde Heek<\/td>\n<td align=\"left\"><a href=\"http:\/\/www.heek.de\" target=\"_blank\" rel=\"noopener noreferrer\">www.heek.de<\/a><\/td>\n<\/tr>\n<tr>\n<td align=\"left\" height=\"17\">Gemeinde Heiden<\/td>\n<td align=\"left\"><a href=\"http:\/\/www.heiden.de\" target=\"_blank\" rel=\"noopener noreferrer\">www.heiden.de<\/a><\/td>\n<\/tr>\n<tr>\n<td align=\"left\" height=\"17\">Stadt Isselburg<\/td>\n<td align=\"left\"><a href=\"http:\/\/www.isselburg.de\" target=\"_blank\" rel=\"noopener noreferrer\">www.isselburg.de<\/a><\/td>\n<\/tr>\n<tr>\n<td align=\"left\" height=\"17\">Gemeinde Legden<\/td>\n<td align=\"left\"><a href=\"http:\/\/www.legden.de\" target=\"_blank\" rel=\"noopener noreferrer\">www.legden.de<\/a><\/td>\n<\/tr>\n<tr>\n<td align=\"left\" height=\"17\">Gemeinde Raesfeld<\/td>\n<td align=\"left\"><a href=\"http:\/\/www.raesfeld.de\" target=\"_blank\" rel=\"noopener noreferrer\">www.raesfeld.de<\/a><\/td>\n<\/tr>\n<tr>\n<td align=\"left\" height=\"17\">Gemeinde Reken<\/td>\n<td align=\"left\"><a href=\"http:\/\/www.raesfeld.de\" target=\"_blank\" rel=\"noopener noreferrer\">www.reken.de<\/a><\/td>\n<\/tr>\n<tr>\n<td align=\"left\" height=\"17\">Stadt Rhede<\/td>\n<td align=\"left\"><a href=\"http:\/\/www.rhede.de\" target=\"_blank\" rel=\"noopener noreferrer\">www.rhede.de<\/a><\/td>\n<\/tr>\n<tr>\n<td align=\"left\" height=\"17\">Gemeinde Sch\u00f6ppingen<\/td>\n<td align=\"left\"><a href=\"http:\/\/www.schoeppingen.de\" target=\"_blank\" rel=\"noopener noreferrer\">www.schoeppingen.de<\/a><\/td>\n<\/tr>\n<tr>\n<td align=\"left\" height=\"17\">Stadt Stadtlohn<\/td>\n<td align=\"left\"><a href=\"http:\/\/www.stadtlohn.de\" target=\"_blank\" rel=\"noopener noreferrer\">www.stadtlohn.de<\/a><\/td>\n<\/tr>\n<tr>\n<td align=\"left\" height=\"17\">Gemeinde S\u00fcdlohn<\/td>\n<td align=\"left\"><a href=\"http:\/\/www.s\u00fcdlohn.de\" target=\"_blank\" rel=\"noopener noreferrer\">www.s\u00fcdlohn.de<\/a><\/td>\n<\/tr>\n<tr>\n<td align=\"left\" height=\"17\">Stadt Velen<\/td>\n<td align=\"left\"><a href=\"http:\/\/www.velen.de\" target=\"_blank\" rel=\"noopener noreferrer\">www.velen.de<\/a><\/td>\n<\/tr>\n<tr>\n<td align=\"left\" height=\"17\">Stadt Vreden<\/td>\n<td align=\"left\"><a href=\"http:\/\/www.vreden.de\">www.vreden.de<\/a><\/td>\n<\/tr>\n<tr>\n<td align=\"left\" height=\"17\"><\/td>\n<td align=\"left\"><\/td>\n<\/tr>\n<tr>\n<td align=\"left\" height=\"17\"><b>Kreis Coesfeld<\/b><\/td>\n<td align=\"left\"><a href=\"http:\/\/www.kreis-coesfeld.de\" target=\"_blank\" rel=\"noopener noreferrer\">www.kreis-coesfeld.de<\/a><\/td>\n<\/tr>\n<tr>\n<td align=\"left\" height=\"17\">Gemeinde Ascheberg<\/td>\n<td align=\"left\"><a href=\"http:\/\/www.ascheberg.de\" target=\"_blank\" rel=\"noopener noreferrer\">www.ascheberg.de<\/a><\/td>\n<\/tr>\n<tr>\n<td align=\"left\" height=\"17\">Stadt Billerbeck<\/td>\n<td align=\"left\"><a href=\"http:\/\/www.billerbeck.de\" target=\"_blank\" rel=\"noopener noreferrer\">www.billerbeck.de<\/a><\/td>\n<\/tr>\n<tr>\n<td align=\"left\" height=\"17\">Stadt Coesfeld<\/td>\n<td align=\"left\"><a href=\"http:\/\/www.coesfeld.de\" target=\"_blank\" rel=\"noopener noreferrer\">www.coesfeld.de<\/a><\/td>\n<\/tr>\n<tr>\n<td align=\"left\" height=\"17\">Stadt D\u00fclmen<\/td>\n<td align=\"left\"><a href=\"http:\/\/www.duelmen.de\" target=\"_blank\" rel=\"noopener noreferrer\">www.duelmen.de<\/a><\/td>\n<\/tr>\n<tr>\n<td align=\"left\" height=\"17\">Gemeinde Havixbeck<\/td>\n<td align=\"left\"><a href=\"http:\/\/www.havixbeck.de\" target=\"_blank\" rel=\"noopener noreferrer\">www.havixbeck.de<\/a><\/td>\n<\/tr>\n<tr>\n<td align=\"left\" height=\"17\">Stadt L\u00fcdinghausen<\/td>\n<td align=\"left\"><a href=\"http:\/\/www.luedinghausen.de\" target=\"_blank\" rel=\"noopener noreferrer\">www.luedinghausen.de<\/a><\/td>\n<\/tr>\n<tr>\n<td align=\"left\" height=\"17\">Gemeinde Nordkirchen<\/td>\n<td align=\"left\"><a href=\"http:\/\/www.nordkirchen.de\" target=\"_blank\" rel=\"noopener noreferrer\">www.nordkirchen.de<\/a><\/td>\n<\/tr>\n<tr>\n<td align=\"left\" height=\"17\">Gemeinde Nottuln<\/td>\n<td align=\"left\"><a href=\"http:\/\/www.nottuln.de\" target=\"_blank\" rel=\"noopener noreferrer\">www.nottuln.de<\/a><\/td>\n<\/tr>\n<tr>\n<td align=\"left\" height=\"17\">Stadt Olfen<\/td>\n<td align=\"left\"><a href=\"http:\/\/www.olfen.de\" target=\"_blank\" rel=\"noopener noreferrer\">www.olfen.de<\/a><\/td>\n<\/tr>\n<tr>\n<td align=\"left\" height=\"17\">Gemeinde Rosendahl<\/td>\n<td align=\"left\"><a href=\"http:\/\/www.rosendahl.de\" target=\"_blank\" rel=\"noopener noreferrer\">www.rosendahl.de<\/a><\/td>\n<\/tr>\n<tr>\n<td align=\"left\" height=\"17\">Gemeinde Senden<\/td>\n<td align=\"left\"><a href=\"http:\/\/www.gemeinde-senden.de\" target=\"_blank\" rel=\"noopener noreferrer\">www.gemeinde-senden.de<\/a><\/td>\n<\/tr>\n<tr>\n<td align=\"left\" height=\"17\"><\/td>\n<td align=\"left\"><\/td>\n<\/tr>\n<tr>\n<td align=\"left\" height=\"17\"><b>Stadt M\u00fcnster <\/b><\/td>\n<td align=\"left\"><a href=\"http:\/\/www.muenster.de\" target=\"_blank\" rel=\"noopener noreferrer\">www.muenster.de<\/a><\/td>\n<\/tr>\n<tr>\n<td align=\"left\" height=\"17\"><\/td>\n<td align=\"left\"><\/td>\n<\/tr>\n<tr>\n<td align=\"left\" height=\"17\"><b>Kreis Steinfurt<\/b><\/td>\n<td align=\"left\"><a href=\"http:\/\/www.kreis-steinfurt.de\" target=\"_blank\" rel=\"noopener noreferrer\">www.kreis-steinfurt.de<\/a><\/td>\n<\/tr>\n<tr>\n<td align=\"left\" height=\"17\">Gemeinde Altenberge<\/td>\n<td align=\"left\"><a href=\"http:\/\/www.altenberge.de\" target=\"_blank\" rel=\"noopener noreferrer\">www.altenberge.de<\/a><\/td>\n<\/tr>\n<tr>\n<td align=\"left\" height=\"17\">Stadt Emsdetten<\/td>\n<td align=\"left\"><a href=\"http:\/\/www.emsdetten.de\" target=\"_blank\" rel=\"noopener noreferrer\">www.emsdetten.de<\/a><\/td>\n<\/tr>\n<tr>\n<td align=\"left\" height=\"17\">Stadt Greven<\/td>\n<td align=\"left\"><a href=\"http:\/\/www.greven.net\" target=\"_blank\" rel=\"noopener noreferrer\">www.greven.net<\/a><\/td>\n<\/tr>\n<tr>\n<td align=\"left\" height=\"17\">Gemeinde Hopsten<\/td>\n<td align=\"left\"><a href=\"http:\/\/www.hopsten.de\" target=\"_blank\" rel=\"noopener noreferrer\">www.hopsten.de<\/a><\/td>\n<\/tr>\n<tr>\n<td align=\"left\" height=\"17\">Stadt Horstmar<\/td>\n<td align=\"left\"><a href=\"http:\/\/www.horstmar.de\" target=\"_blank\" rel=\"noopener noreferrer\">www.horstmar.de<\/a><\/td>\n<\/tr>\n<tr>\n<td align=\"left\" height=\"17\">Stadt H\u00f6rstel<\/td>\n<td align=\"left\"><a href=\"http:\/\/www.hoerstel.de\" target=\"_blank\" rel=\"noopener noreferrer\">www.hoerstel.de<\/a><\/td>\n<\/tr>\n<tr>\n<td align=\"left\" height=\"17\">Stadt Ibbenb\u00fcren<\/td>\n<td align=\"left\"><a href=\"http:\/\/www.ibbenbueren.de\" target=\"_blank\" rel=\"noopener noreferrer\">www.ibbenbueren.de<\/a><\/td>\n<\/tr>\n<tr>\n<td align=\"left\" height=\"17\">Gemeinde Ladbergen<\/td>\n<td align=\"left\"><a href=\"http:\/\/www.ladbergen.de\" target=\"_blank\" rel=\"noopener noreferrer\">www.ladbergen.de<\/a><\/td>\n<\/tr>\n<tr>\n<td align=\"left\" height=\"17\">Gemeinde Laer<\/td>\n<td align=\"left\"><a href=\"http:\/\/www.laer.de\" target=\"_blank\" rel=\"noopener noreferrer\">www.laer.de<\/a><\/td>\n<\/tr>\n<tr>\n<td align=\"left\" height=\"17\">Stadt Lengerich<\/td>\n<td align=\"left\"><a href=\"http:\/\/www.lengerich.de\" target=\"_blank\" rel=\"noopener noreferrer\">www.lengerich.de<\/a><\/td>\n<\/tr>\n<tr>\n<td align=\"left\" height=\"17\">Gemeinde Lienen<\/td>\n<td align=\"left\"><a href=\"http:\/\/www.lienen.de\" target=\"_blank\" rel=\"noopener noreferrer\">www.lienen.de<\/a><\/td>\n<\/tr>\n<tr>\n<td align=\"left\" height=\"17\">Gemeinde Lotte<\/td>\n<td align=\"left\"><a href=\"http:\/\/www.lotte.de\" target=\"_blank\" rel=\"noopener noreferrer\">www.lotte.de<\/a><\/td>\n<\/tr>\n<tr>\n<td align=\"left\" height=\"17\">Gemeinde Metelen<\/td>\n<td align=\"left\"><a href=\"http:\/\/www.metelen.de\" target=\"_blank\" rel=\"noopener noreferrer\">www.metelen.de<\/a><\/td>\n<\/tr>\n<tr>\n<td align=\"left\" height=\"17\">Gemeinde Mettingen<\/td>\n<td align=\"left\"><a href=\"http:\/\/www.mettingen.de\" target=\"_blank\" rel=\"noopener noreferrer\">www.mettingen.de<\/a><\/td>\n<\/tr>\n<tr>\n<td align=\"left\" height=\"17\">Gemeinde Neuenkirchen<\/td>\n<td align=\"left\"><a href=\"http:\/\/www.neuenkirchen.de\" target=\"_blank\" rel=\"noopener noreferrer\">www.neuenkirchen.de<\/a><\/td>\n<\/tr>\n<tr>\n<td align=\"left\" height=\"17\">Gemeinde Nordwalde<\/td>\n<td align=\"left\"><a href=\"http:\/\/www.nordwalde.de\" target=\"_blank\" rel=\"noopener noreferrer\">www.nordwalde.de<\/a><\/td>\n<\/tr>\n<tr>\n<td align=\"left\" height=\"17\">Stadt Ochtrup<\/td>\n<td align=\"left\"><a href=\"http:\/\/www.ochtrup.de\" target=\"_blank\" rel=\"noopener noreferrer\">www.ochtrup.de<\/a><\/td>\n<\/tr>\n<tr>\n<td align=\"left\" height=\"17\">Gemeinde Recke<\/td>\n<td align=\"left\"><a href=\"http:\/\/www.recke.de\" target=\"_blank\" rel=\"noopener noreferrer\">www.recke.de<\/a><\/td>\n<\/tr>\n<tr>\n<td align=\"left\" height=\"17\">Stadt Rheine<\/td>\n<td align=\"left\"><a href=\"http:\/\/www.rheine.de\" target=\"_blank\" rel=\"noopener noreferrer\">www.rheine.de<\/a><\/td>\n<\/tr>\n<tr>\n<td align=\"left\" height=\"17\">Gemeinde Saerbeck<\/td>\n<td align=\"left\"><a href=\"http:\/\/www.saerbeck.de\" target=\"_blank\" rel=\"noopener noreferrer\">www.saerbeck.de<\/a><\/td>\n<\/tr>\n<tr>\n<td align=\"left\" height=\"17\">Stadt Steinfurt<\/td>\n<td align=\"left\"><a href=\"http:\/\/www.steinfurt.de\" target=\"_blank\" rel=\"noopener noreferrer\">www.steinfurt.de<\/a><\/td>\n<\/tr>\n<tr>\n<td align=\"left\" height=\"17\">Stadt Tecklenburg<\/td>\n<td align=\"left\"><a href=\"http:\/\/www.tecklenburg.de\" target=\"_blank\" rel=\"noopener noreferrer\">www.tecklenburg.de<\/a><\/td>\n<\/tr>\n<tr>\n<td align=\"left\" height=\"17\">Gemeinde Westerkappeln<\/td>\n<td align=\"left\"><a href=\"http:\/\/www.gemeinde-westerkappeln.de\" target=\"_blank\" rel=\"noopener noreferrer\">www.gemeinde-westerkappeln.de<\/a><\/td>\n<\/tr>\n<tr>\n<td align=\"left\" height=\"17\">Gemeinde Wettringen<\/td>\n<td align=\"left\"><a href=\"http:\/\/www.wettringen.de\" target=\"_blank\" rel=\"noopener noreferrer\">www.wettringen.de<\/a><\/td>\n<\/tr>\n<tr>\n<td align=\"left\" height=\"17\"><\/td>\n<td align=\"left\"><\/td>\n<\/tr>\n<tr>\n<td align=\"left\" height=\"17\"><b>Kreis Warendorf<\/b><\/td>\n<td align=\"left\"><a href=\"http:\/\/www.kreis-warendorf.de\" target=\"_blank\" rel=\"noopener noreferrer\">www.kreis-warendorf.de<\/a><\/td>\n<\/tr>\n<tr>\n<td align=\"left\" height=\"17\">Stadt Ahlen<\/td>\n<td align=\"left\"><a href=\"http:\/\/www.ahlen.de\" target=\"_blank\" rel=\"noopener noreferrer\">www.ahlen.de<\/a><\/td>\n<\/tr>\n<tr>\n<td align=\"left\" height=\"17\">Stadt Beckum<\/td>\n<td align=\"left\"><a href=\"http:\/\/www.beckum.de\" target=\"_blank\" rel=\"noopener noreferrer\">www.beckum.de<\/a><\/td>\n<\/tr>\n<tr>\n<td align=\"left\" height=\"17\">Gemeinde Beelen<\/td>\n<td align=\"left\"><a href=\"http:\/\/www.beelen.de\" target=\"_blank\" rel=\"noopener noreferrer\">www.beelen.de<\/a><\/td>\n<\/tr>\n<tr>\n<td align=\"left\" height=\"17\">Stadt Drensteinfurt<\/td>\n<td align=\"left\"><a href=\"http:\/\/www.drensteinfurt.de\" target=\"_blank\" rel=\"noopener noreferrer\">www.drensteinfurt.de<\/a><\/td>\n<\/tr>\n<tr>\n<td align=\"left\" height=\"17\">Stadt Ennigerloh<\/td>\n<td align=\"left\"><a href=\"http:\/\/www.stadt-ennigerloh.de\" target=\"_blank\" rel=\"noopener noreferrer\">www.stadt-ennigerloh.de<\/a><\/td>\n<\/tr>\n<tr>\n<td align=\"left\" height=\"17\">Gemeinde Everswinkel<\/td>\n<td align=\"left\"><a href=\"http:\/\/www.everswinkel.de\" target=\"_blank\" rel=\"noopener noreferrer\">www.everswinkel.de<\/a><\/td>\n<\/tr>\n<tr>\n<td align=\"left\" height=\"17\">Stadt Oelde<\/td>\n<td align=\"left\"><a href=\"http:\/\/www.oelde.de\" target=\"_blank\" rel=\"noopener noreferrer\">www.oelde.de<\/a><\/td>\n<\/tr>\n<tr>\n<td align=\"left\" height=\"17\">Gemeinde Ostbevern<\/td>\n<td align=\"left\"><a href=\"http:\/\/www.ostbevern.de\" target=\"_blank\" rel=\"noopener noreferrer\">www.ostbevern.de<\/a><\/td>\n<\/tr>\n<tr>\n<td align=\"left\" height=\"17\">Stadt Sassenberg<\/td>\n<td align=\"left\"><a href=\"http:\/\/www.sassenberg.de\" target=\"_blank\" rel=\"noopener noreferrer\">www.sassenberg.de<\/a><\/td>\n<\/tr>\n<tr>\n<td align=\"left\" height=\"17\">Stadt Sendenhorst<\/td>\n<td align=\"left\"><a href=\"http:\/\/www.sendenhorst.de\" target=\"_blank\" rel=\"noopener noreferrer\">www.sendenhorst.de<\/a><\/td>\n<\/tr>\n<tr>\n<td align=\"left\" height=\"17\">Stadt Telgte<\/td>\n<td align=\"left\"><a href=\"http:\/\/www.telgte.de\" target=\"_blank\" rel=\"noopener noreferrer\">www.telgte.de<\/a><\/td>\n<\/tr>\n<tr>\n<td align=\"left\" height=\"17\">Gemeinde Wadersloh<\/td>\n<td align=\"left\"><a href=\"http:\/\/www.wadersloh.de\" target=\"_blank\" rel=\"noopener noreferrer\">www.wadersloh.de<\/a><\/td>\n<\/tr>\n<tr>\n<td align=\"left\" height=\"17\">Stadt Warendorf<\/td>\n<td align=\"left\"><a href=\"http:\/\/www.warendorf.de\" target=\"_blank\" rel=\"noopener noreferrer\">www.warendorf.de<\/a><\/td>\n<\/tr>\n<tr>\n<td align=\"left\" height=\"17\"><\/td>\n<td align=\"left\"><\/td>\n<\/tr>\n<tr>\n<td align=\"left\" height=\"17\"><\/td>\n<td align=\"left\"><\/td>\n<\/tr>\n<tr>\n<td align=\"left\" height=\"17\"><b>Landkreis Grafschaft Bentheim<\/b><\/td>\n<td align=\"left\"><a href=\"http:\/\/www.grafschaft-bentheim.de\" target=\"_blank\" rel=\"noopener noreferrer\">www.grafschaft-bentheim.de<\/a><\/td>\n<\/tr>\n<tr>\n<td align=\"left\" height=\"17\">Stadt Bad Bentheim<\/td>\n<td align=\"left\"><a href=\"http:\/\/www.stadt-badbentheim.de\" target=\"_blank\" rel=\"noopener noreferrer\">www.stadt-badbentheim.de<\/a><\/td>\n<\/tr>\n<tr>\n<td align=\"left\" height=\"17\">Samtgemeinde Emlichheim<\/td>\n<td align=\"left\"><a href=\"http:\/\/www.emlichheim.de\" target=\"_blank\" rel=\"noopener noreferrer\">www.emlichheim.de<\/a><\/td>\n<\/tr>\n<tr>\n<td align=\"left\" height=\"17\">Samtgemeinde Neuenhaus<\/td>\n<td align=\"left\"><a href=\"http:\/\/www.neuenhaus.de\" target=\"_blank\" rel=\"noopener noreferrer\">www.neuenhaus.de<\/a><\/td>\n<\/tr>\n<tr>\n<td align=\"left\" height=\"17\">Stadt Nordhorn<\/td>\n<td align=\"left\"><a href=\"http:\/\/www.nordhorn.de\" target=\"_blank\" rel=\"noopener noreferrer\">www.nordhorn.de<\/a><\/td>\n<\/tr>\n<tr>\n<td align=\"left\" height=\"17\">Samtgemeinde Sch\u00fcttorf<\/td>\n<td align=\"left\"><a href=\"http:\/\/www.schuettorf.de\" target=\"_blank\" rel=\"noopener noreferrer\">www.schuettorf.de<\/a><\/td>\n<\/tr>\n<tr>\n<td align=\"left\" height=\"17\">Samtgemeinde Uelsen<\/td>\n<td align=\"left\"><a href=\"http:\/\/www.uelsen.de\" target=\"_blank\" rel=\"noopener noreferrer\">www.uelsen.de<\/a><\/td>\n<\/tr>\n<tr>\n<td align=\"left\" height=\"17\">Gemeinde Wietmarschen<\/td>\n<td align=\"left\"><a href=\"http:\/\/www.wietmarschen.de\" target=\"_blank\" rel=\"noopener noreferrer\">www.wietmarschen.de<\/a><\/td>\n<\/tr>\n<tr>\n<td align=\"left\" height=\"17\"><\/td>\n<td align=\"left\"><\/td>\n<\/tr>\n<tr>\n<td align=\"left\" height=\"17\"><b>Landkreis Osnabr\u00fcck<\/b><\/td>\n<td align=\"left\"><a href=\"http:\/\/www.landkreis-osnabrueck.de\" target=\"_blank\" rel=\"noopener noreferrer\">www.landkreis-osnabrueck.de<\/a><\/td>\n<\/tr>\n<tr>\n<td align=\"left\" height=\"17\">Samtgemeinde Artland<\/td>\n<td align=\"left\"><a href=\"http:\/\/www.artland.de\" target=\"_blank\" rel=\"noopener noreferrer\">www.artland.de<\/a><\/td>\n<\/tr>\n<tr>\n<td align=\"left\" height=\"17\">Gemeinde Bad Essen<\/td>\n<td align=\"left\"><a href=\"http:\/\/www.badessen.de\" target=\"_blank\" rel=\"noopener noreferrer\">www.badessen.de<\/a><\/td>\n<\/tr>\n<tr>\n<td align=\"left\" height=\"17\">Stadt Bad Iburg<\/td>\n<td align=\"left\"><a href=\"http:\/\/www.badiburg.de\" target=\"_blank\" rel=\"noopener noreferrer\">www.badiburg.de<\/a><\/td>\n<\/tr>\n<tr>\n<td align=\"left\" height=\"17\">Gemeinde Bad Laer<\/td>\n<td align=\"left\"><a href=\"http:\/\/www.bad-laer.de\" target=\"_blank\" rel=\"noopener noreferrer\">www.bad-laer.de<\/a><\/td>\n<\/tr>\n<tr>\n<td align=\"left\" height=\"17\">Gemeinde Bad Rothenfelde<\/td>\n<td align=\"left\"><a href=\"http:\/\/www.bad-rothenfelde.de\" target=\"_blank\" rel=\"noopener noreferrer\">www.bad-rothenfelde.de<\/a><\/td>\n<\/tr>\n<tr>\n<td align=\"left\" height=\"17\">Gemeinde Belm<\/td>\n<td align=\"left\"><a href=\"http:\/\/www.belm.de\" target=\"_blank\" rel=\"noopener noreferrer\">www.belm.de<\/a><\/td>\n<\/tr>\n<tr>\n<td align=\"left\" height=\"17\">Samtgemeinde Bersenbr\u00fcck<\/td>\n<td align=\"left\"><a href=\"http:\/\/www.Bersenbrueck.de\" target=\"_blank\" rel=\"noopener noreferrer\">www.Bersenbrueck.de<\/a><\/td>\n<\/tr>\n<tr>\n<td align=\"left\" height=\"17\">Gemeinde Bissendorf<\/td>\n<td align=\"left\"><a href=\"http:\/\/www.bissendorf.de\">www.bissendorf.de<\/a><\/td>\n<\/tr>\n<tr>\n<td align=\"left\" height=\"17\">Gemeinde Bohmte<\/td>\n<td align=\"left\"><a href=\"http:\/\/www.bohmte.de\" target=\"_blank\" rel=\"noopener noreferrer\">www.bohmte.de<\/a><\/td>\n<\/tr>\n<tr>\n<td align=\"left\" height=\"17\">Stadt Bramsche<\/td>\n<td align=\"left\"><a href=\"http:\/\/www.bramsche.de\" target=\"_blank\" rel=\"noopener noreferrer\">www.bramsche.de<\/a><\/td>\n<\/tr>\n<tr>\n<td align=\"left\" height=\"17\">Stadt Dissen a.T.W.<\/td>\n<td align=\"left\"><a href=\"http:\/\/www.dissen.de\" target=\"_blank\" rel=\"noopener noreferrer\">www.dissen.de<\/a><\/td>\n<\/tr>\n<tr>\n<td align=\"left\" height=\"17\">Samtgemeinde F\u00fcrstenau<\/td>\n<td align=\"left\"><a href=\"http:\/\/www.bippen.de\" target=\"_blank\" rel=\"noopener noreferrer\">www.bippen.de<\/a><\/td>\n<\/tr>\n<tr>\n<td align=\"left\" height=\"17\">Stadt Georgsmarienh\u00fctte<\/td>\n<td align=\"left\"><a href=\"http:\/\/www.georgsmarienhuette.de\" target=\"_blank\" rel=\"noopener noreferrer\">www.georgsmarienhuette.de<\/a><\/td>\n<\/tr>\n<tr>\n<td align=\"left\" height=\"17\">Gemeinde Glandorf<\/td>\n<td align=\"left\"><a href=\"http:\/\/www.glandorf.de\" target=\"_blank\" rel=\"noopener noreferrer\">www.glandorf.de<\/a><\/td>\n<\/tr>\n<tr>\n<td align=\"left\" height=\"17\">Gemeinde Hagen a.T.W.<\/td>\n<td align=\"left\"><a href=\"http:\/\/www.hagen-atw.de\" target=\"_blank\" rel=\"noopener noreferrer\">www.hagen-atw.de<\/a><\/td>\n<\/tr>\n<tr>\n<td align=\"left\" height=\"17\">Gemeinde Hasbergen<\/td>\n<td align=\"left\"><a href=\"http:\/\/www.hasbergen.de\" target=\"_blank\" rel=\"noopener noreferrer\">www.hasbergen.de<\/a><\/td>\n<\/tr>\n<tr>\n<td align=\"left\" height=\"17\">Gemeinde Hilter<\/td>\n<td align=\"left\"><a href=\"http:\/\/www.hilter.de\" target=\"_blank\" rel=\"noopener noreferrer\">www.hilter.de<\/a><\/td>\n<\/tr>\n<tr>\n<td align=\"left\" height=\"17\">Stadt Melle<\/td>\n<td align=\"left\"><a href=\"https:\/\/www.melle.info\/\" target=\"_blank\" rel=\"noopener noreferrer\">www.melle.info<\/a><\/td>\n<\/tr>\n<tr>\n<td align=\"left\" height=\"17\">Samtgemeinde Neuenkirchen<\/td>\n<td align=\"left\"><a href=\"http:\/\/www.neuenkirchen-os.de\" target=\"_blank\" rel=\"noopener noreferrer\">www.neuenkirchen-os.de<\/a><\/td>\n<\/tr>\n<tr>\n<td align=\"left\" height=\"17\">Gemeinde Ostercappeln<\/td>\n<td align=\"left\"><a href=\"http:\/\/www.ostercappeln.de\" target=\"_blank\" rel=\"noopener noreferrer\">www.ostercappeln.de<\/a><\/td>\n<\/tr>\n<tr>\n<td align=\"left\" height=\"17\">Gemeinde Wallenhorst<\/td>\n<td align=\"left\"><a href=\"http:\/\/www.wallenhorst.de\" target=\"_blank\" rel=\"noopener noreferrer\">www.wallenhorst.de<\/a><\/td>\n<\/tr>\n<tr>\n<td align=\"left\" height=\"17\"><\/td>\n<td align=\"left\"><\/td>\n<\/tr>\n<tr>\n<td align=\"left\" height=\"17\"><b>Stadt Osnabr\u00fcck<\/b><\/td>\n<td align=\"left\"><a href=\"http:\/\/www.osnabrueck.de\" target=\"_blank\" rel=\"noopener noreferrer\">www.osnabrueck.de<\/a><\/td>\n<\/tr>\n<tr>\n<td align=\"left\" height=\"17\"><\/td>\n<td align=\"left\"><\/td>\n<\/tr>\n<tr>\n<td align=\"left\" height=\"17\"><b>Landkreis Emsland<\/b><\/td>\n<td align=\"left\"><a href=\"http:\/\/www.emsland.de\" target=\"_blank\" rel=\"noopener noreferrer\">www.emsland.de<\/a><\/td>\n<\/tr>\n<tr>\n<td align=\"left\" height=\"17\">Gemeinde Emsb\u00fcren<\/td>\n<td align=\"left\"><a href=\"http:\/\/www.emsbueren.de\" target=\"_blank\" rel=\"noopener noreferrer\">www.emsbueren.de<\/a><\/td>\n<\/tr>\n<tr>\n<td align=\"left\" height=\"17\">Gemeinde Salzbergen<\/td>\n<td align=\"left\"><a href=\"http:\/\/www.salzbergen.de\" target=\"_blank\" rel=\"noopener noreferrer\">www.salzbergen.de<\/a><\/td>\n<\/tr>\n<tr>\n<td align=\"left\" height=\"17\">Samtgemeinde Spelle<\/td>\n<td align=\"left\"><a href=\"http:\/\/www.spelle.de\" target=\"_blank\" rel=\"noopener noreferrer\">www.spelle.de<\/a><\/td>\n<\/tr>\n<\/tbody>\n<\/table>\n<\/div>\n<div class=\"fusion-clearfix\"><\/div><\/div><\/div><\/div><\/div><\/p>\n","protected":false},"excerpt":{"rendered":"","protected":false},"author":3,"featured_media":0,"parent":466,"menu_order":0,"comment_status":"closed","ping_status":"closed","template":"","meta":{"footnotes":""},"class_list":["post-1644","page","type-page","status-publish","hentry"],"yoast_head":"<!-- This site is optimized with the Yoast SEO plugin v26.4 - https:\/\/yoast.com\/wordpress\/plugins\/seo\/ -->\n<title>Region &amp; Mitglieder - EUREGIO<\/title>\n<meta name=\"description\" content=\"Die EUREGIO umfasst eine Fl\u00e4che von rund 13.000 km\u00b2. Insgesamt geh\u00f6ren rund 128 St\u00e4dte, Kreise und Gemeinden und Waterschappen zur EUREGIO.\" \/>\n<meta name=\"robots\" content=\"index, follow, max-snippet:-1, max-image-preview:large, max-video-preview:-1\" \/>\n<link rel=\"canonical\" href=\"https:\/\/www.euregio.eu\/de\/wer-wir-sind\/region-und-mitglieder\/\" \/>\n<meta property=\"og:locale\" content=\"de_DE\" \/>\n<meta property=\"og:type\" content=\"article\" \/>\n<meta property=\"og:title\" content=\"Region &amp; Mitglieder - EUREGIO\" \/>\n<meta property=\"og:description\" content=\"Die EUREGIO umfasst eine Fl\u00e4che von rund 13.000 km\u00b2. Insgesamt geh\u00f6ren rund 128 St\u00e4dte, Kreise und Gemeinden und Waterschappen zur EUREGIO.\" \/>\n<meta property=\"og:url\" content=\"https:\/\/www.euregio.eu\/de\/wer-wir-sind\/region-und-mitglieder\/\" \/>\n<meta property=\"og:site_name\" content=\"EUREGIO\" \/>\n<meta property=\"article:modified_time\" content=\"2026-03-28T09:55:44+00:00\" \/>\n<meta name=\"twitter:card\" content=\"summary_large_image\" \/>\n<meta name=\"twitter:label1\" content=\"Gesch\u00e4tzte Lesezeit\" \/>\n\t<meta name=\"twitter:data1\" content=\"4\u00a0Minuten\" \/>\n<script type=\"application\/ld+json\" class=\"yoast-schema-graph\">{\"@context\":\"https:\/\/schema.org\",\"@graph\":[{\"@type\":\"WebPage\",\"@id\":\"https:\/\/www.euregio.eu\/de\/wer-wir-sind\/region-und-mitglieder\/\",\"url\":\"https:\/\/www.euregio.eu\/de\/wer-wir-sind\/region-und-mitglieder\/\",\"name\":\"Region & Mitglieder - EUREGIO\",\"isPartOf\":{\"@id\":\"https:\/\/www.euregio.eu\/de\/#website\"},\"datePublished\":\"2020-09-09T15:56:14+00:00\",\"dateModified\":\"2026-03-28T09:55:44+00:00\",\"description\":\"Die EUREGIO umfasst eine Fl\u00e4che von rund 13.000 km\u00b2. Insgesamt geh\u00f6ren rund 128 St\u00e4dte, Kreise und Gemeinden und Waterschappen zur EUREGIO.\",\"breadcrumb\":{\"@id\":\"https:\/\/www.euregio.eu\/de\/wer-wir-sind\/region-und-mitglieder\/#breadcrumb\"},\"inLanguage\":\"de\",\"potentialAction\":[{\"@type\":\"ReadAction\",\"target\":[\"https:\/\/www.euregio.eu\/de\/wer-wir-sind\/region-und-mitglieder\/\"]}]},{\"@type\":\"BreadcrumbList\",\"@id\":\"https:\/\/www.euregio.eu\/de\/wer-wir-sind\/region-und-mitglieder\/#breadcrumb\",\"itemListElement\":[{\"@type\":\"ListItem\",\"position\":1,\"name\":\"Home\",\"item\":\"https:\/\/www.euregio.eu\/de\/\"},{\"@type\":\"ListItem\",\"position\":2,\"name\":\"Wer wir sind\",\"item\":\"https:\/\/www.euregio.eu\/de\/wer-wir-sind\/\"},{\"@type\":\"ListItem\",\"position\":3,\"name\":\"Region &#038; Mitglieder\"}]},{\"@type\":\"WebSite\",\"@id\":\"https:\/\/www.euregio.eu\/de\/#website\",\"url\":\"https:\/\/www.euregio.eu\/de\/\",\"name\":\"EUREGIO\",\"description\":\"\",\"potentialAction\":[{\"@type\":\"SearchAction\",\"target\":{\"@type\":\"EntryPoint\",\"urlTemplate\":\"https:\/\/www.euregio.eu\/de\/?s={search_term_string}\"},\"query-input\":{\"@type\":\"PropertyValueSpecification\",\"valueRequired\":true,\"valueName\":\"search_term_string\"}}],\"inLanguage\":\"de\"}]}<\/script>\n<!-- \/ Yoast SEO plugin. -->","yoast_head_json":{"title":"Region & Mitglieder - EUREGIO","description":"Die EUREGIO umfasst eine Fl\u00e4che von rund 13.000 km\u00b2. Insgesamt geh\u00f6ren rund 128 St\u00e4dte, Kreise und Gemeinden und Waterschappen zur EUREGIO.","robots":{"index":"index","follow":"follow","max-snippet":"max-snippet:-1","max-image-preview":"max-image-preview:large","max-video-preview":"max-video-preview:-1"},"canonical":"https:\/\/www.euregio.eu\/de\/wer-wir-sind\/region-und-mitglieder\/","og_locale":"de_DE","og_type":"article","og_title":"Region & Mitglieder - EUREGIO","og_description":"Die EUREGIO umfasst eine Fl\u00e4che von rund 13.000 km\u00b2. Insgesamt geh\u00f6ren rund 128 St\u00e4dte, Kreise und Gemeinden und Waterschappen zur EUREGIO.","og_url":"https:\/\/www.euregio.eu\/de\/wer-wir-sind\/region-und-mitglieder\/","og_site_name":"EUREGIO","article_modified_time":"2026-03-28T09:55:44+00:00","twitter_card":"summary_large_image","twitter_misc":{"Gesch\u00e4tzte Lesezeit":"4\u00a0Minuten"},"schema":{"@context":"https:\/\/schema.org","@graph":[{"@type":"WebPage","@id":"https:\/\/www.euregio.eu\/de\/wer-wir-sind\/region-und-mitglieder\/","url":"https:\/\/www.euregio.eu\/de\/wer-wir-sind\/region-und-mitglieder\/","name":"Region & Mitglieder - EUREGIO","isPartOf":{"@id":"https:\/\/www.euregio.eu\/de\/#website"},"datePublished":"2020-09-09T15:56:14+00:00","dateModified":"2026-03-28T09:55:44+00:00","description":"Die EUREGIO umfasst eine Fl\u00e4che von rund 13.000 km\u00b2. Insgesamt geh\u00f6ren rund 128 St\u00e4dte, Kreise und Gemeinden und Waterschappen zur EUREGIO.","breadcrumb":{"@id":"https:\/\/www.euregio.eu\/de\/wer-wir-sind\/region-und-mitglieder\/#breadcrumb"},"inLanguage":"de","potentialAction":[{"@type":"ReadAction","target":["https:\/\/www.euregio.eu\/de\/wer-wir-sind\/region-und-mitglieder\/"]}]},{"@type":"BreadcrumbList","@id":"https:\/\/www.euregio.eu\/de\/wer-wir-sind\/region-und-mitglieder\/#breadcrumb","itemListElement":[{"@type":"ListItem","position":1,"name":"Home","item":"https:\/\/www.euregio.eu\/de\/"},{"@type":"ListItem","position":2,"name":"Wer wir sind","item":"https:\/\/www.euregio.eu\/de\/wer-wir-sind\/"},{"@type":"ListItem","position":3,"name":"Region &#038; Mitglieder"}]},{"@type":"WebSite","@id":"https:\/\/www.euregio.eu\/de\/#website","url":"https:\/\/www.euregio.eu\/de\/","name":"EUREGIO","description":"","potentialAction":[{"@type":"SearchAction","target":{"@type":"EntryPoint","urlTemplate":"https:\/\/www.euregio.eu\/de\/?s={search_term_string}"},"query-input":{"@type":"PropertyValueSpecification","valueRequired":true,"valueName":"search_term_string"}}],"inLanguage":"de"}]}},"_links":{"self":[{"href":"https:\/\/www.euregio.eu\/de\/wp-json\/wp\/v2\/pages\/1644","targetHints":{"allow":["GET"]}}],"collection":[{"href":"https:\/\/www.euregio.eu\/de\/wp-json\/wp\/v2\/pages"}],"about":[{"href":"https:\/\/www.euregio.eu\/de\/wp-json\/wp\/v2\/types\/page"}],"author":[{"embeddable":true,"href":"https:\/\/www.euregio.eu\/de\/wp-json\/wp\/v2\/users\/3"}],"replies":[{"embeddable":true,"href":"https:\/\/www.euregio.eu\/de\/wp-json\/wp\/v2\/comments?post=1644"}],"version-history":[{"count":38,"href":"https:\/\/www.euregio.eu\/de\/wp-json\/wp\/v2\/pages\/1644\/revisions"}],"predecessor-version":[{"id":15671,"href":"https:\/\/www.euregio.eu\/de\/wp-json\/wp\/v2\/pages\/1644\/revisions\/15671"}],"up":[{"embeddable":true,"href":"https:\/\/www.euregio.eu\/de\/wp-json\/wp\/v2\/pages\/466"}],"wp:attachment":[{"href":"https:\/\/www.euregio.eu\/de\/wp-json\/wp\/v2\/media?parent=1644"}],"curies":[{"name":"wp","href":"https:\/\/api.w.org\/{rel}","templated":true}]}}