{"id":15566,"date":"2026-03-11T12:19:24","date_gmt":"2026-03-11T11:19:24","guid":{"rendered":"https:\/\/www.euregio.eu\/?page_id=15566"},"modified":"2026-03-11T15:50:46","modified_gmt":"2026-03-11T14:50:46","slug":"ueber-den-tellerrand-schauen","status":"publish","type":"page","link":"https:\/\/www.euregio.eu\/de\/was-wir-tun\/gesellschaftliche-entwicklung\/edl\/expertisezentrum\/ueber-den-tellerrand-schauen\/","title":{"rendered":"\u00dcber den Tellerrand schauen"},"content":{"rendered":"<p><div class=\"fusion-fullwidth fullwidth-box fusion-builder-row-1 fusion-flex-container has-pattern-background has-mask-background nonhundred-percent-fullwidth non-hundred-percent-height-scrolling\" style=\"--awb-border-radius-top-left:0px;--awb-border-radius-top-right:0px;--awb-border-radius-bottom-right:0px;--awb-border-radius-bottom-left:0px;--awb-flex-wrap:wrap;\" ><div class=\"fusion-builder-row fusion-row fusion-flex-align-items-flex-start fusion-flex-content-wrap\" style=\"max-width:1248px;margin-left: calc(-4% \/ 2 );margin-right: calc(-4% \/ 2 );\"><div class=\"fusion-layout-column fusion_builder_column fusion-builder-column-0 fusion_builder_column_1_1 1_1 fusion-flex-column\" style=\"--awb-bg-size:cover;--awb-width-large:100%;--awb-margin-top-large:0px;--awb-spacing-right-large:1.92%;--awb-margin-bottom-large:32px;--awb-spacing-left-large:1.92%;--awb-width-medium:100%;--awb-order-medium:0;--awb-spacing-right-medium:1.92%;--awb-spacing-left-medium:1.92%;--awb-width-small:100%;--awb-order-small:0;--awb-spacing-right-small:1.92%;--awb-spacing-left-small:1.92%;\"><div class=\"fusion-column-wrapper fusion-column-has-shadow fusion-flex-justify-content-flex-start fusion-content-layout-column\"><div class=\"fusion-title title fusion-title-1 fusion-sep-none fusion-title-text fusion-title-size-one\" style=\"--awb-text-color:#1d1d1c;\"><h1 class=\"fusion-title-heading title-heading-left fusion-responsive-typography-calculated\" style=\"font-family:&quot;Bubbler One&quot;;font-style:normal;font-weight:400;margin:0;--fontSize:50;line-height:1.3;\"><strong>\u00dcber den Tellerrand schauen<\/strong><\/h1><\/div><\/div><\/div><div class=\"fusion-layout-column fusion_builder_column fusion-builder-column-1 fusion_builder_column_2_3 2_3 fusion-flex-column\" style=\"--awb-bg-size:cover;--awb-width-large:66.666666666667%;--awb-margin-top-large:0px;--awb-spacing-right-large:2.88%;--awb-margin-bottom-large:32px;--awb-spacing-left-large:2.88%;--awb-width-medium:100%;--awb-order-medium:0;--awb-spacing-right-medium:1.92%;--awb-spacing-left-medium:1.92%;--awb-width-small:100%;--awb-order-small:0;--awb-spacing-right-small:1.92%;--awb-spacing-left-small:1.92%;\"><div class=\"fusion-column-wrapper fusion-column-has-shadow fusion-flex-justify-content-flex-start fusion-content-layout-column\"><div class=\"fusion-text fusion-text-1\" style=\"--awb-font-size:18px;--awb-text-color:#1d1d1c;--awb-text-font-family:&quot;Jaldi&quot;;--awb-text-font-style:normal;--awb-text-font-weight:400;\"><p><strong>Im Rahmen von Schulpartnerschaften stehen Schulen in einem kontinuierlichen und strukturierten Austausch miteinander. In der Praxis zeigt sich jedoch, dass p\u00e4dagogische Fachkr\u00e4fte h\u00e4ufig noch \u00fcber begrenzte Kenntnisse des Schulsystems im Nachbarland sowie \u00fcber den institutionellen und kulturellen Kontext verf\u00fcgen, in dem die Partnerschule arbeitet. Gleichzeitig besteht bei Lehrkr\u00e4ften ein ausgepr\u00e4gtes Interesse an der professionellen Identit\u00e4t von Kolleginnen und Kollegen jenseits der Grenze: Wie wird der Lehrerberuf dort ausge\u00fcbt, und welche Gemeinsamkeiten und Unterschiede lassen sich feststellen?<\/strong><\/p>\n<p>Dabei geht es nicht ausschlie\u00dflich um inhaltliche Aspekte wie den curricularen Aufbau oder die Fachdidaktik, sondern auch um praxisnahe und kontextbezogene Fragestellungen, unter anderem:<\/p>\n<ul>\n<li>Unterschiede im Schulsystem (z. B. nationale Bildungsstandards versus schulische Autonomie und Leistungsbewertung);<\/li>\n<li>Schulkultur und physische Lernumgebung (z. B. Gestaltung des Schulgeb\u00e4udes, Struktur des Schultages, Rolle der Eltern);<\/li>\n<li>Unterschiede in p\u00e4dagogischen Ans\u00e4tzen, einschlie\u00dflich Klassenf\u00fchrung;<\/li>\n<li>Unterschiede in didaktischen Vorgehensweisen, etwa beim Einsatz digitaler Medien und Unterrichtsmethoden;<\/li>\n<li>aktuelle bildungsbezogene Themen wie Lehrkr\u00e4ftemangel, Arbeitsbelastung, Mehrsprachigkeit und Chancengerechtigkeit.<\/li>\n<\/ul>\n<\/div><\/div><\/div><div class=\"fusion-layout-column fusion_builder_column fusion-builder-column-2 fusion_builder_column_1_3 1_3 fusion-flex-column\" style=\"--awb-bg-size:cover;--awb-width-large:33.333333333333%;--awb-margin-top-large:0px;--awb-spacing-right-large:5.76%;--awb-margin-bottom-large:32px;--awb-spacing-left-large:5.76%;--awb-width-medium:100%;--awb-order-medium:0;--awb-spacing-right-medium:1.92%;--awb-spacing-left-medium:1.92%;--awb-width-small:100%;--awb-order-small:0;--awb-spacing-right-small:1.92%;--awb-spacing-left-small:1.92%;\"><div class=\"fusion-column-wrapper fusion-column-has-shadow fusion-flex-justify-content-flex-start fusion-content-layout-column\"><div class=\"fusion-image-element \" style=\"--awb-margin-bottom:5px;--awb-caption-title-font-family:var(--h2_typography-font-family);--awb-caption-title-font-weight:var(--h2_typography-font-weight);--awb-caption-title-font-style:var(--h2_typography-font-style);--awb-caption-title-size:var(--h2_typography-font-size);--awb-caption-title-transform:var(--h2_typography-text-transform);--awb-caption-title-line-height:var(--h2_typography-line-height);--awb-caption-title-letter-spacing:var(--h2_typography-letter-spacing);\"><span class=\" fusion-imageframe imageframe-none imageframe-1 hover-type-none\"><img decoding=\"async\" width=\"498\" height=\"345\" title=\"Curriculair spinnenweb\" src=\"https:\/\/www.euregio.eu\/wp-content\/uploads\/2026\/03\/Curriculair-spinnenweb.png\" alt class=\"img-responsive wp-image-15545\" srcset=\"https:\/\/www.euregio.eu\/wp-content\/uploads\/2026\/03\/Curriculair-spinnenweb-200x139.png 200w, https:\/\/www.euregio.eu\/wp-content\/uploads\/2026\/03\/Curriculair-spinnenweb-400x277.png 400w, https:\/\/www.euregio.eu\/wp-content\/uploads\/2026\/03\/Curriculair-spinnenweb.png 498w\" sizes=\"(max-width: 1024px) 100vw, (max-width: 640px) 100vw, 400px\" \/><\/span><\/div><div class=\"fusion-text fusion-text-2\" style=\"--awb-font-size:12px;--awb-text-color:#1d1d1c;--awb-text-font-family:&quot;Jaldi&quot;;--awb-text-font-style:normal;--awb-text-font-weight:400;\"><p>Abbildung: In Anlehnung an Thijs, A. &amp; Van den Akker, J. (2009). <em>Curriculum in Entwicklung<\/em>. Stichting Leerplanontwikkeling. Quelle: <a href=\"https:\/\/www.slo.nl\/thema\/meer\/curriculumontwikkeling\/instrumenten\/spinnenweb\/inleiding\/\" target=\"_blank\" rel=\"noopener\">Stichting Leerplanontwikkeling<\/a>. Mehr Informationen finden Sie auch <a href=\"https:\/\/te-learning.nl\/curriculaire-spinnenweb-van-van-den-akker\/\" target=\"_blank\" rel=\"noopener\">hier (NL).<\/a><\/p>\n<\/div><\/div><\/div><\/div><\/div><div class=\"fusion-fullwidth fullwidth-box fusion-builder-row-2 fusion-flex-container has-pattern-background has-mask-background nonhundred-percent-fullwidth non-hundred-percent-height-scrolling\" style=\"--awb-border-radius-top-left:0px;--awb-border-radius-top-right:0px;--awb-border-radius-bottom-right:0px;--awb-border-radius-bottom-left:0px;--awb-flex-wrap:wrap;\" ><div class=\"fusion-builder-row fusion-row fusion-flex-align-items-flex-start fusion-flex-content-wrap\" style=\"max-width:1248px;margin-left: calc(-4% \/ 2 );margin-right: calc(-4% \/ 2 );\"><div class=\"fusion-layout-column fusion_builder_column fusion-builder-column-3 fusion_builder_column_2_3 2_3 fusion-flex-column\" style=\"--awb-bg-size:cover;--awb-width-large:66.666666666667%;--awb-margin-top-large:0px;--awb-spacing-right-large:2.88%;--awb-margin-bottom-large:32px;--awb-spacing-left-large:2.88%;--awb-width-medium:100%;--awb-order-medium:0;--awb-spacing-right-medium:1.92%;--awb-spacing-left-medium:1.92%;--awb-width-small:100%;--awb-order-small:0;--awb-spacing-right-small:1.92%;--awb-spacing-left-small:1.92%;\"><div class=\"fusion-column-wrapper fusion-column-has-shadow fusion-flex-justify-content-flex-start fusion-content-layout-column\"><div class=\"fusion-title title fusion-title-2 fusion-sep-none fusion-title-text fusion-title-size-two\" style=\"--awb-text-color:#fdc603;\"><h2 class=\"fusion-title-heading title-heading-left fusion-responsive-typography-calculated\" style=\"font-family:&quot;Bubbler One&quot;;font-style:normal;font-weight:400;margin:0;--fontSize:46;line-height:1.3;\"><strong>Lernziele und Ergebnisse (Mehrwert)<\/strong><\/h2><\/div><div class=\"fusion-text fusion-text-3\" style=\"--awb-font-size:18px;--awb-text-color:#1d1d1c;--awb-text-font-family:&quot;Jaldi&quot;;--awb-text-font-style:normal;--awb-text-font-weight:400;\"><p>Nach Abschluss dieser Aktivit\u00e4t haben die Teilnehmenden:<\/p>\n<ul>\n<li>fundierte Kenntnisse \u00fcber das Schulsystem im Nachbarland erworben;<\/li>\n<li>die Partnerschule vertieft kennengelernt, insbesondere im Hinblick auf Schulkultur, didaktische Konzepte und p\u00e4dagogische Ans\u00e4tze (optional unter Nutzung des curricularen Spinnennetzes als Analyse- und Reflexionsinstrument);<\/li>\n<li>ein differenziertes Bild aktueller bildungspolitischer und schulischer Themen im Nachbarland gewonnen.<\/li>\n<\/ul>\n<\/div> <div class=\"brlbs-cmpnt-container brlbs-cmpnt-content-blocker brlbs-cmpnt-with-individual-styles\" data-borlabs-cookie-content-blocker-id=\"vimeo-content-blocker\" data-borlabs-cookie-content=\"PGlmcmFtZSANCiAgc3JjPSJodHRwczovL3BsYXllci52aW1lby5jb20vdmlkZW8vODMyMjIyODAyIg0KICBzdHlsZT0id2lkdGg6IDEwMCU7IGFzcGVjdC1yYXRpbzogMTYgLyA5OyINCiAgZnJhbWVib3JkZXI9IjAiDQogIGFsbG93PSJhY2NlbGVyb21ldGVyOyBhdXRvcGxheTsgY2xpcGJvYXJkLXdyaXRlOyBlbmNyeXB0ZWQtbWVkaWE7IGd5cm9zY29wZTsgcGljdHVyZS1pbi1waWN0dXJlOyB3ZWItc2hhcmUiDQogIHJlZmVycmVycG9saWN5PSJzdHJpY3Qtb3JpZ2luLXdoZW4tY3Jvc3Mtb3JpZ2luIg0KICBhbGxvd2Z1bGxzY3JlZW4NCj48L2lmcmFtZT48c2NyaXB0IGRhdGEtYm9ybGFicy1jb29raWUtc2NyaXB0LWJsb2NrZXItaWdub3JlPgooZnVuY3Rpb24oKSB7CiAgICBjb25zdCBmdXNpb25WaWRlbyA9IGRvY3VtZW50LmN1cnJlbnRTY3JpcHQuY2xvc2VzdCgnLmZ1c2lvbi12aWRlbycpOwogICAgaWYgKCFmdXNpb25WaWRlbyB8fCB0eXBlb2YgalF1ZXJ5ID09PSAndW5kZWZpbmVkJykgewogICAgICAgIHJldHVybjsKICAgIH0KICAgICFqUXVlcnkoZnVzaW9uVmlkZW8pLnBhcmVudHMoIi5mdXNpb24tbW9kYWwiKS5sZW5ndGggJiYgMSA9PSBqUXVlcnkoZnVzaW9uVmlkZW8pLmRhdGEoImF1dG9wbGF5IikgJiYgalF1ZXJ5KGZ1c2lvblZpZGVvKS5pcygiOnZpc2libGUiKSAmJiBqUXVlcnkoZnVzaW9uVmlkZW8pLmZpbmQoImlmcmFtZSIpLmVhY2goKGZ1bmN0aW9uICgpIHsKICAgICAgalF1ZXJ5KHRoaXMpLmhhc0NsYXNzKCJsYXp5bG9hZCIpID8galF1ZXJ5KHRoaXMpLm9uKCJsYXp5bG9hZGVkIiwgKGZ1bmN0aW9uICgpIHsKICAgICAgICB0aGlzLmNvbnRlbnRXaW5kb3cubG9jYXRpb24ucmVwbGFjZShqUXVlcnkodGhpcykuYXR0cigiZGF0YS1vcmlnLXNyYyIpLnJlcGxhY2UoImF1dG9wbGF5PTAiLCAiYXV0b3BsYXk9MSIpKQogICAgICB9KSkgOiBqUXVlcnkodGhpcykuYXR0cigic3JjIiwgalF1ZXJ5KHRoaXMpLmF0dHIoInNyYyIpLnJlcGxhY2UoImF1dG9wbGF5PTAiLCAiYXV0b3BsYXk9MSIpKQogICAgfSkpCn0pKCk7Cjwvc2NyaXB0Pg==\"><div class=\"brlbs-cmpnt-cb-preset-c brlbs-cmpnt-cb-vimeo\"> <div class=\"brlbs-cmpnt-cb-thumbnail\" style=\"background-image: url('https:\/\/www.euregio.eu\/wp-content\/uploads\/borlabs-cookie\/1\/vimeo_832222802.jpg')\"><\/div> <div class=\"brlbs-cmpnt-cb-main\"> <div class=\"brlbs-cmpnt-cb-play-button\"><\/div> <div class=\"brlbs-cmpnt-cb-content\"> <p class=\"brlbs-cmpnt-cb-description\">Sie sehen gerade einen Platzhalterinhalt von <strong>Vimeo<\/strong>. Um auf den eigentlichen Inhalt zuzugreifen, klicken Sie auf die Schaltfl\u00e4che unten. Bitte beachten Sie, dass dabei Daten an Drittanbieter weitergegeben werden.<\/p> <a class=\"brlbs-cmpnt-cb-provider-toggle\" href=\"#\" data-borlabs-cookie-show-provider-information role=\"button\">Mehr Informationen<\/a> <\/div> <div class=\"brlbs-cmpnt-cb-buttons\"> <a class=\"brlbs-cmpnt-cb-btn\" href=\"#\" data-borlabs-cookie-unblock role=\"button\">Inhalt entsperren<\/a> <a class=\"brlbs-cmpnt-cb-btn\" href=\"#\" data-borlabs-cookie-accept-service role=\"button\" style=\"display: inherit\">Erforderlichen Service akzeptieren und Inhalte entsperren<\/a> <\/div> <\/div> <\/div><\/div><\/div><\/div><\/div><\/div><div class=\"fusion-fullwidth fullwidth-box fusion-builder-row-3 fusion-flex-container has-pattern-background has-mask-background nonhundred-percent-fullwidth non-hundred-percent-height-scrolling\" style=\"--awb-border-radius-top-left:0px;--awb-border-radius-top-right:0px;--awb-border-radius-bottom-right:0px;--awb-border-radius-bottom-left:0px;--awb-flex-wrap:wrap;\" ><div class=\"fusion-builder-row fusion-row fusion-flex-align-items-flex-start fusion-flex-content-wrap\" style=\"max-width:1248px;margin-left: calc(-4% \/ 2 );margin-right: calc(-4% \/ 2 );\"><div class=\"fusion-layout-column fusion_builder_column fusion-builder-column-4 fusion_builder_column_2_3 2_3 fusion-flex-column\" style=\"--awb-bg-size:cover;--awb-width-large:66.666666666667%;--awb-margin-top-large:0px;--awb-spacing-right-large:2.88%;--awb-margin-bottom-large:32px;--awb-spacing-left-large:2.88%;--awb-width-medium:100%;--awb-order-medium:0;--awb-spacing-right-medium:1.92%;--awb-spacing-left-medium:1.92%;--awb-width-small:100%;--awb-order-small:0;--awb-spacing-right-small:1.92%;--awb-spacing-left-small:1.92%;\"><div class=\"fusion-column-wrapper fusion-column-has-shadow fusion-flex-justify-content-flex-start fusion-content-layout-column\"><div class=\"fusion-title title fusion-title-3 fusion-sep-none fusion-title-text fusion-title-size-two\" style=\"--awb-text-color:#fdc603;\"><h2 class=\"fusion-title-heading title-heading-left fusion-responsive-typography-calculated\" style=\"font-family:&quot;Bubbler One&quot;;font-style:normal;font-weight:400;margin:0;--fontSize:46;line-height:1.3;\"><strong>Angebot \u2013 Aktivit\u00e4ten<\/strong><\/h2><\/div><div class=\"fusion-text fusion-text-4\" style=\"--awb-font-size:18px;--awb-text-color:#1d1d1c;--awb-text-font-family:&quot;Jaldi&quot;;--awb-text-font-style:normal;--awb-text-font-weight:400;\"><p>Die Teilnehmenden hospitieren f\u00fcr einen Tag an der Partnerschule. Hierzu treffen sie individuelle Absprachen mit Kolleginnen und Kollegen der aufnehmenden Schule. M\u00f6gliche Aktivit\u00e4ten sind unter anderem:<\/p>\n<ul>\n<li>Hospitationen im Unterricht;<\/li>\n<li>informelle Gespr\u00e4che mit Kolleginnen und Kollegen, z. B. w\u00e4hrend der Pausen;<\/li>\n<li>eine F\u00fchrung durch die Schule;<\/li>\n<li>gegebenenfalls die Teilnahme an AG Aktivit\u00e4ten.<\/li>\n<\/ul>\n<\/div><\/div><\/div><\/div><\/div><div class=\"fusion-fullwidth fullwidth-box fusion-builder-row-4 fusion-flex-container has-pattern-background has-mask-background nonhundred-percent-fullwidth non-hundred-percent-height-scrolling\" style=\"--awb-border-radius-top-left:0px;--awb-border-radius-top-right:0px;--awb-border-radius-bottom-right:0px;--awb-border-radius-bottom-left:0px;--awb-flex-wrap:wrap;\" ><div class=\"fusion-builder-row fusion-row fusion-flex-align-items-flex-start fusion-flex-content-wrap\" style=\"max-width:1248px;margin-left: calc(-4% \/ 2 );margin-right: calc(-4% \/ 2 );\"><div class=\"fusion-layout-column fusion_builder_column fusion-builder-column-5 fusion_builder_column_2_3 2_3 fusion-flex-column\" style=\"--awb-bg-size:cover;--awb-width-large:66.666666666667%;--awb-margin-top-large:0px;--awb-spacing-right-large:2.88%;--awb-margin-bottom-large:32px;--awb-spacing-left-large:2.88%;--awb-width-medium:100%;--awb-order-medium:0;--awb-spacing-right-medium:1.92%;--awb-spacing-left-medium:1.92%;--awb-width-small:100%;--awb-order-small:0;--awb-spacing-right-small:1.92%;--awb-spacing-left-small:1.92%;\"><div class=\"fusion-column-wrapper fusion-column-has-shadow fusion-flex-justify-content-flex-start fusion-content-layout-column\"><div class=\"fusion-title title fusion-title-4 fusion-sep-none fusion-title-text fusion-title-size-two\" style=\"--awb-text-color:#fdc603;\"><h2 class=\"fusion-title-heading title-heading-left fusion-responsive-typography-calculated\" style=\"font-family:&quot;Bubbler One&quot;;font-style:normal;font-weight:400;margin:0;--fontSize:46;line-height:1.3;\"><strong>Zielgruppe<\/strong><\/h2><\/div><div class=\"fusion-text fusion-text-5\" style=\"--awb-font-size:18px;--awb-text-color:#1d1d1c;--awb-text-font-family:&quot;Jaldi&quot;;--awb-text-font-style:normal;--awb-text-font-weight:400;\"><p>Das Angebot richtet sich an Lehrkr\u00e4fte der Primar- und Sekundarstufe, die an Schulen t\u00e4tig sind, welche an einer EDL-Schulpartnerschaft teilnehmen. Es ist <strong>ausdr\u00fccklich nicht auf Lehrkr\u00e4fte f\u00fcr Niederl\u00e4ndisch oder Deutsch beschr\u00e4nkt.<\/strong><\/p>\n<\/div><\/div><\/div><\/div><\/div><div class=\"fusion-fullwidth fullwidth-box fusion-builder-row-5 fusion-flex-container has-pattern-background has-mask-background nonhundred-percent-fullwidth non-hundred-percent-height-scrolling\" style=\"--awb-border-radius-top-left:0px;--awb-border-radius-top-right:0px;--awb-border-radius-bottom-right:0px;--awb-border-radius-bottom-left:0px;--awb-flex-wrap:wrap;\" ><div class=\"fusion-builder-row fusion-row fusion-flex-align-items-flex-start fusion-flex-content-wrap\" style=\"max-width:1248px;margin-left: calc(-4% \/ 2 );margin-right: calc(-4% \/ 2 );\"><div class=\"fusion-layout-column fusion_builder_column fusion-builder-column-6 fusion_builder_column_2_3 2_3 fusion-flex-column\" style=\"--awb-bg-size:cover;--awb-width-large:66.666666666667%;--awb-margin-top-large:0px;--awb-spacing-right-large:2.88%;--awb-margin-bottom-large:32px;--awb-spacing-left-large:2.88%;--awb-width-medium:100%;--awb-order-medium:0;--awb-spacing-right-medium:1.92%;--awb-spacing-left-medium:1.92%;--awb-width-small:100%;--awb-order-small:0;--awb-spacing-right-small:1.92%;--awb-spacing-left-small:1.92%;\"><div class=\"fusion-column-wrapper fusion-column-has-shadow fusion-flex-justify-content-flex-start fusion-content-layout-column\"><div class=\"fusion-title title fusion-title-5 fusion-sep-none fusion-title-text fusion-title-size-two\" style=\"--awb-text-color:#fdc603;\"><h2 class=\"fusion-title-heading title-heading-left fusion-responsive-typography-calculated\" style=\"font-family:&quot;Bubbler One&quot;;font-style:normal;font-weight:400;margin:0;--fontSize:46;line-height:1.3;\"><strong>(M\u00f6gliche) Umsetzung \u2013 Erwartungen<\/strong><\/h2><\/div><div class=\"fusion-text fusion-text-6\" style=\"--awb-font-size:18px;--awb-text-color:#1d1d1c;--awb-text-font-family:&quot;Jaldi&quot;;--awb-text-font-style:normal;--awb-text-font-weight:400;\"><p>Von den Teilnehmenden wird erwartet, dass sie:<\/p>\n<ul>\n<li>eine Schule im Nachbarland besuchen;<\/li>\n<li>einen kurzen visuellen Erfahrungsbericht (Foto und\/oder Video) erstellen, wobei das curriculare Spinnennetz optional als Reflexionsmodell eingesetzt werden kann;<\/li>\n<li>ihre gewonnenen Erfahrungen und Lernergebnisse an Kolleginnen und Kollegen weitergeben.<\/li>\n<\/ul>\n<\/div><\/div><\/div><\/div><\/div><div class=\"fusion-fullwidth fullwidth-box fusion-builder-row-6 fusion-flex-container has-pattern-background has-mask-background nonhundred-percent-fullwidth non-hundred-percent-height-scrolling\" style=\"--awb-border-radius-top-left:0px;--awb-border-radius-top-right:0px;--awb-border-radius-bottom-right:0px;--awb-border-radius-bottom-left:0px;--awb-flex-wrap:wrap;\" ><div class=\"fusion-builder-row fusion-row fusion-flex-align-items-flex-start fusion-flex-content-wrap\" style=\"max-width:1248px;margin-left: calc(-4% \/ 2 );margin-right: calc(-4% \/ 2 );\"><div class=\"fusion-layout-column fusion_builder_column fusion-builder-column-7 fusion_builder_column_2_3 2_3 fusion-flex-column\" style=\"--awb-bg-size:cover;--awb-width-large:66.666666666667%;--awb-margin-top-large:0px;--awb-spacing-right-large:2.88%;--awb-margin-bottom-large:32px;--awb-spacing-left-large:2.88%;--awb-width-medium:100%;--awb-order-medium:0;--awb-spacing-right-medium:1.92%;--awb-spacing-left-medium:1.92%;--awb-width-small:100%;--awb-order-small:0;--awb-spacing-right-small:1.92%;--awb-spacing-left-small:1.92%;\"><div class=\"fusion-column-wrapper fusion-column-has-shadow fusion-flex-justify-content-flex-start fusion-content-layout-column\"><div class=\"fusion-title title fusion-title-6 fusion-sep-none fusion-title-text fusion-title-size-two\" style=\"--awb-text-color:#fdc603;\"><h2 class=\"fusion-title-heading title-heading-left fusion-responsive-typography-calculated\" style=\"font-family:&quot;Bubbler One&quot;;font-style:normal;font-weight:400;margin:0;--fontSize:46;line-height:1.3;\"><strong>Teilnahmebedingungen<\/strong><\/h2><\/div><div class=\"fusion-text fusion-text-7\" style=\"--awb-font-size:18px;--awb-text-color:#1d1d1c;--awb-text-font-family:&quot;Jaldi&quot;;--awb-text-font-style:normal;--awb-text-font-weight:400;\"><p>Diese Initiative wird als Pilotprojekt innerhalb von EDL-Partnerschulen umgesetzt. F\u00fcr deutsche Schulen gilt, dass sich die Lehrkr\u00e4fte die Genehmigung \u00fcber die Schulleitung einholen m\u00fcssen.<\/p>\n<p>Im Zusammenhang mit dem Hospitationstag entstehende Kosten, wie Reise- und Verpflegungskosten, k\u00f6nnen im Rahmen der EDL-Schulpartnerschaft abgerechnet werden.<\/p>\n<\/div><\/div><\/div><\/div><\/div><div class=\"fusion-fullwidth fullwidth-box fusion-builder-row-7 fusion-flex-container has-pattern-background has-mask-background nonhundred-percent-fullwidth non-hundred-percent-height-scrolling\" style=\"--awb-border-radius-top-left:0px;--awb-border-radius-top-right:0px;--awb-border-radius-bottom-right:0px;--awb-border-radius-bottom-left:0px;--awb-flex-wrap:wrap;\" ><div class=\"fusion-builder-row fusion-row fusion-flex-align-items-flex-start fusion-flex-content-wrap\" style=\"max-width:1248px;margin-left: calc(-4% \/ 2 );margin-right: calc(-4% \/ 2 );\"><div class=\"fusion-layout-column fusion_builder_column fusion-builder-column-8 fusion_builder_column_2_3 2_3 fusion-flex-column\" style=\"--awb-bg-size:cover;--awb-width-large:66.666666666667%;--awb-margin-top-large:0px;--awb-spacing-right-large:2.88%;--awb-margin-bottom-large:32px;--awb-spacing-left-large:2.88%;--awb-width-medium:100%;--awb-order-medium:0;--awb-spacing-right-medium:1.92%;--awb-spacing-left-medium:1.92%;--awb-width-small:100%;--awb-order-small:0;--awb-spacing-right-small:1.92%;--awb-spacing-left-small:1.92%;\"><div class=\"fusion-column-wrapper fusion-column-has-shadow fusion-flex-justify-content-flex-start fusion-content-layout-column\"><div class=\"fusion-title title fusion-title-7 fusion-sep-none fusion-title-text fusion-title-size-two\" style=\"--awb-text-color:#fdc603;\"><h2 class=\"fusion-title-heading title-heading-left fusion-responsive-typography-calculated\" style=\"font-family:&quot;Bubbler One&quot;;font-style:normal;font-weight:400;margin:0;--fontSize:46;line-height:1.3;\"><strong>Beobachtungsleitfaden<\/strong><\/h2><\/div><div class=\"fusion-text fusion-text-8\" style=\"--awb-font-size:18px;--awb-text-color:#1d1d1c;--awb-text-font-family:&quot;Jaldi&quot;;--awb-text-font-style:normal;--awb-text-font-weight:400;\"><p>F\u00fcr den Schulbesuch wurde auf Basis der Elemente des Spinnennetzmodells ein Beobachtungsleitfaden entwickelt. Der Leitfaden enth\u00e4lt Fragen, die Lehrkr\u00e4fte w\u00e4hrend des Besuchs ihren Kolleginnen und Kollegen im Nachbarland stellen k\u00f6nnen. Da der Beobachtungsleitfaden neben praktischen auch reflektierende Fragen umfasst, kann ein umfassendes Bild der besuchten Schule entstehen. So gibt der Leitfaden dem Besuch inhaltlich eine klare Richtung. Nat\u00fcrlich bleibt auch Raum f\u00fcr eigene Fragen und Gespr\u00e4chsthemen.<\/p>\n<\/div><div class=\"download-category-wrapper\"><h2><\/h2><div class=\"file-wrapper\"><div class=\"file-content\"><span class=\"file-title\">\u00dcber den Tellerrand schauen - Beobachtungsleitfaden<\/span><a href=\"https:\/\/www.euregio.eu\/wp-content\/uploads\/2026\/03\/EDL-Ueber-den-Tellerrand-schauen_Beobachtungsleitfaden.pdf\" target=\"blank\" class=\"file-download custom-button\" download> Download <\/a><\/div><\/div><\/div><\/div><\/div><\/div><\/div><div id=\"kontakt\" class=\"fusion-container-anchor\"><div class=\"fusion-fullwidth fullwidth-box fusion-builder-row-8 fusion-flex-container has-pattern-background has-mask-background nonhundred-percent-fullwidth non-hundred-percent-height-scrolling\" style=\"--awb-border-radius-top-left:0px;--awb-border-radius-top-right:0px;--awb-border-radius-bottom-right:0px;--awb-border-radius-bottom-left:0px;--awb-padding-bottom:30px;--awb-flex-wrap:wrap;\" ><div class=\"fusion-builder-row fusion-row fusion-flex-align-items-flex-start fusion-flex-content-wrap\" style=\"max-width:1248px;margin-left: calc(-4% \/ 2 );margin-right: calc(-4% \/ 2 );\"><div class=\"fusion-layout-column fusion_builder_column fusion-builder-column-9 fusion_builder_column_1_2 1_2 fusion-flex-column\" style=\"--awb-bg-size:cover;--awb-width-large:50%;--awb-margin-top-large:0px;--awb-spacing-right-large:3.84%;--awb-margin-bottom-large:32px;--awb-spacing-left-large:3.84%;--awb-width-medium:100%;--awb-order-medium:0;--awb-spacing-right-medium:1.92%;--awb-spacing-left-medium:1.92%;--awb-width-small:100%;--awb-order-small:0;--awb-spacing-right-small:1.92%;--awb-spacing-left-small:1.92%;\"><div class=\"fusion-column-wrapper fusion-column-has-shadow fusion-flex-justify-content-flex-start fusion-content-layout-column\"><div class=\"fusion-title title fusion-title-8 fusion-sep-none fusion-title-text fusion-title-size-two\" style=\"--awb-text-color:#fdc603;\"><h2 class=\"fusion-title-heading title-heading-left fusion-responsive-typography-calculated\" style=\"font-family:&quot;Bubbler One&quot;;font-style:normal;font-weight:400;margin:0;--fontSize:46;line-height:1.3;\"><p><strong>Haben wir Ihr Interesse geweckt?<br \/>\n<\/strong><\/p><\/h2><\/div><div class=\"fusion-text fusion-text-9\" style=\"--awb-font-size:18px;--awb-text-color:#1d1d1c;--awb-text-font-family:&quot;Jaldi&quot;;--awb-text-font-style:normal;--awb-text-font-weight:400;\"><p><strong>Dann kontaktieren Sie uns gerne!<br \/>\n<\/strong><\/p>\n<p>Wenn Sie Interesse an unserem Angebot haben oder weitere Informationen ben\u00f6tigen, z\u00f6gern Sie nicht, uns zu kontaktieren. Wir freuen uns darauf, Ihnen weiterzuhelfen und Sie auf Ihrem Bildungsweg zu unterst\u00fctzen.<\/p>\n<p><strong>Telefon:<\/strong> +49 (0) 251 \u2013 83 28 52 0 (nur w\u00e4hrend des Schulbetriebs, nicht in den Ferien)<br \/>\n<strong>E-Mail:<\/strong> <a href=\"mailto:expertisecentrum@edl.euregio.eu\"><strong>expertisecentrum@edl.euregio.eu<\/strong><\/a><\/p>\n<p>Vielen Dank f\u00fcr Ihr Interesse an unserem Angebot!<\/p>\n<\/div><\/div><\/div><div class=\"fusion-layout-column fusion_builder_column fusion-builder-column-10 fusion_builder_column_1_2 1_2 fusion-flex-column\" style=\"--awb-bg-size:cover;--awb-width-large:50%;--awb-margin-top-large:0px;--awb-spacing-right-large:3.84%;--awb-margin-bottom-large:32px;--awb-spacing-left-large:3.84%;--awb-width-medium:100%;--awb-order-medium:0;--awb-spacing-right-medium:1.92%;--awb-spacing-left-medium:1.92%;--awb-width-small:100%;--awb-order-small:0;--awb-spacing-right-small:1.92%;--awb-spacing-left-small:1.92%;\"><div class=\"fusion-column-wrapper fusion-column-has-shadow fusion-flex-justify-content-flex-start fusion-content-layout-column\"> <div class=\"brlbs-cmpnt-container brlbs-cmpnt-content-blocker brlbs-cmpnt-with-individual-styles\" data-borlabs-cookie-content-blocker-id=\"default\" data-borlabs-cookie-content=\"PGlmcmFtZSB3aWR0aD0iMTAwJSIgaGVpZ2h0PSIzMDBweCIgZnJhbWVib3JkZXI9IjAiIGFsbG93ZnVsbHNjcmVlbiBhbGxvdz0iZ2VvbG9jYXRpb24iIHNyYz0iLy91bWFwLm9wZW5zdHJlZXRtYXAuZnIvZGUvbWFwL2V4cGVydGlzZXplbnRydW0tZWRsXzEwNTMyMTQ\/c2NhbGVDb250cm9sPXRydWUmbWluaU1hcD10cnVlJnNjcm9sbFdoZWVsWm9vbT10cnVlJnpvb21Db250cm9sPXRydWUmZWRpdE1vZGU9ZGlzYWJsZWQmbW9yZUNvbnRyb2w9dHJ1ZSZzZWFyY2hDb250cm9sPW51bGwmdGlsZWxheWVyc0NvbnRyb2w9bnVsbCZlbWJlZENvbnRyb2w9bnVsbCZkYXRhbGF5ZXJzQ29udHJvbD10cnVlJm9uTG9hZFBhbmVsPW5vbmUmY2FwdGlvbkJhcj1mYWxzZSZjYXB0aW9uTWVudXM9dHJ1ZSI+PC9pZnJhbWU+\"><div class=\"brlbs-cmpnt-cb-preset-a\"> <p class=\"brlbs-cmpnt-cb-description\">Sie sehen gerade einen Platzhalterinhalt von <strong>Standard<\/strong>. Um auf den eigentlichen Inhalt zuzugreifen, klicken Sie auf den Button unten. Bitte beachten Sie, dass dabei Daten an Drittanbieter weitergegeben werden.<\/p> <div class=\"brlbs-cmpnt-cb-buttons\"> <a class=\"brlbs-cmpnt-cb-btn\" href=\"#\" data-borlabs-cookie-unblock role=\"button\">Inhalt entsperren<\/a> <a class=\"brlbs-cmpnt-cb-btn\" href=\"#\" data-borlabs-cookie-accept-service role=\"button\" style=\"display: none\">Erforderlichen Service akzeptieren und Inhalte entsperren<\/a> <\/div> <a class=\"brlbs-cmpnt-cb-provider-toggle\" href=\"#\" data-borlabs-cookie-show-provider-information role=\"button\">Weitere Informationen<\/a> <\/div><\/div><div class=\"fusion-text fusion-text-10\" style=\"--awb-font-size:18px;--awb-text-color:#1d1d1c;--awb-margin-top:25px;--awb-text-font-family:&quot;Jaldi&quot;;--awb-text-font-style:normal;--awb-text-font-weight:400;\"><p><strong>Vereinbaren Sie gerne einen Termin, um uns pers\u00f6nlich im Expertisezentrum zu treffen. Wir freuen uns darauf, Sie kennenzulernen!<\/strong><\/p>\n<p>Hogeschool Saxion (Edith Stein gebouw)<br \/>\nVan Galenstraat 20<br \/>\n7511 JL Enschede<\/p>\n<\/div><\/div><\/div><\/div><\/div><\/div>\n<div class=\"fusion-fullwidth fullwidth-box fusion-builder-row-9 fusion-flex-container has-pattern-background has-mask-background nonhundred-percent-fullwidth non-hundred-percent-height-scrolling\" style=\"--awb-border-radius-top-left:0px;--awb-border-radius-top-right:0px;--awb-border-radius-bottom-right:0px;--awb-border-radius-bottom-left:0px;--awb-padding-top:25px;--awb-padding-right:25px;--awb-padding-left:25px;--awb-margin-bottom:50px;--awb-background-color:#fdc603;--awb-flex-wrap:wrap;\" ><div class=\"fusion-builder-row fusion-row fusion-flex-align-items-center fusion-flex-content-wrap\" style=\"max-width:1248px;margin-left: calc(-4% \/ 2 );margin-right: calc(-4% \/ 2 );\"><div class=\"fusion-layout-column fusion_builder_column fusion-builder-column-11 fusion_builder_column_4_5 4_5 fusion-flex-column\" style=\"--awb-bg-size:cover;--awb-width-large:80%;--awb-margin-top-large:0px;--awb-spacing-right-large:2.4%;--awb-margin-bottom-large:32px;--awb-spacing-left-large:2.4%;--awb-width-medium:100%;--awb-order-medium:0;--awb-spacing-right-medium:1.92%;--awb-spacing-left-medium:1.92%;--awb-width-small:100%;--awb-order-small:0;--awb-spacing-right-small:1.92%;--awb-spacing-left-small:1.92%;\"><div class=\"fusion-column-wrapper fusion-column-has-shadow fusion-flex-justify-content-flex-start fusion-content-layout-column\"><div class=\"fusion-title title fusion-title-9 fusion-sep-none fusion-title-text fusion-title-size-two\" style=\"--awb-text-color:#ffffff;--awb-margin-bottom:10px;\"><h2 class=\"fusion-title-heading title-heading-left fusion-responsive-typography-calculated\" style=\"font-family:&quot;Bubbler One&quot;;font-style:normal;font-weight:400;margin:0;--fontSize:46;line-height:1.3;\"><strong>Auf dem Laufenden bleiben?<\/strong><\/h2><\/div><div class=\"fusion-text fusion-text-11\" style=\"--awb-font-size:18px;--awb-text-color:#ffffff;--awb-text-font-family:&quot;Jaldi&quot;;--awb-text-font-style:normal;--awb-text-font-weight:400;\"><p><strong>M\u00f6chten Sie \u00fcber Neuigkeiten, Aktivit\u00e4ten und Entwicklungen bei EDL auf dem Laufenden bleiben? Dann melden Sie sich f\u00fcr unseren Newsletter an! Viermal im Jahr erhalten Sie Post von uns mit den neuesten Entwicklungen im Projekt.<\/strong><\/p>\n<\/div><\/div><\/div><div class=\"fusion-layout-column fusion_builder_column fusion-builder-column-12 fusion_builder_column_1_5 1_5 fusion-flex-column\" style=\"--awb-bg-size:cover;--awb-width-large:20%;--awb-margin-top-large:0px;--awb-spacing-right-large:9.6%;--awb-margin-bottom-large:32px;--awb-spacing-left-large:9.6%;--awb-width-medium:100%;--awb-order-medium:0;--awb-spacing-right-medium:1.92%;--awb-spacing-left-medium:1.92%;--awb-width-small:100%;--awb-order-small:0;--awb-spacing-right-small:1.92%;--awb-spacing-left-small:1.92%;\"><div class=\"fusion-column-wrapper fusion-column-has-shadow fusion-flex-justify-content-flex-start fusion-content-layout-column\"><div style=\"text-align:center;\"><a class=\"fusion-button button-flat fusion-button-default-size button-custom fusion-button-default button-1 fusion-button-default-span fusion-button-default-type\" style=\"--button_accent_color:#ffffff;--button_accent_hover_color:#ffffff;--button_border_hover_color:#ffffff;--button_gradient_top_color:#1d1d1c;--button_gradient_bottom_color:#1d1d1c;--button_gradient_top_color_hover:#dc1b14;--button_gradient_bottom_color_hover:#dc1b14;\" target=\"_blank\" rel=\"noopener noreferrer\" href=\"https:\/\/cloud.euregio.eu\/apps\/forms\/s\/QzHJYcbL2KA8RocJjDoyTP56\"><span class=\"fusion-button-text awb-button__text awb-button__text--default\">Hier anmelden<\/span><\/a><\/div><\/div><\/div><\/div><\/div>\n<div class=\"fusion-fullwidth fullwidth-box fusion-builder-row-10 fusion-flex-container nonhundred-percent-fullwidth non-hundred-percent-height-scrolling\" style=\"--awb-border-radius-top-left:0px;--awb-border-radius-top-right:0px;--awb-border-radius-bottom-right:0px;--awb-border-radius-bottom-left:0px;--awb-flex-wrap:wrap;\" ><div class=\"fusion-builder-row fusion-row fusion-flex-align-items-flex-start fusion-flex-content-wrap\" style=\"max-width:1248px;margin-left: calc(-4% \/ 2 );margin-right: calc(-4% \/ 2 );\"><div class=\"fusion-layout-column fusion_builder_column fusion-builder-column-13 fusion_builder_column_1_1 1_1 fusion-flex-column\" style=\"--awb-bg-size:cover;--awb-width-large:100%;--awb-margin-top-large:0px;--awb-spacing-right-large:1.92%;--awb-margin-bottom-large:32px;--awb-spacing-left-large:1.92%;--awb-width-medium:100%;--awb-order-medium:0;--awb-spacing-right-medium:1.92%;--awb-spacing-left-medium:1.92%;--awb-width-small:100%;--awb-order-small:0;--awb-spacing-right-small:1.92%;--awb-spacing-left-small:1.92%;\"><div class=\"fusion-column-wrapper fusion-column-has-shadow fusion-flex-justify-content-flex-start fusion-content-layout-column\"><div class=\"fusion-title title fusion-title-10 fusion-sep-none fusion-title-text fusion-title-size-two\" style=\"--awb-text-color:#1d1d1c;\"><h2 class=\"fusion-title-heading title-heading-left fusion-responsive-typography-calculated\" style=\"font-family:&quot;Bubbler One&quot;;font-style:normal;font-weight:400;margin:0;--fontSize:46;line-height:1.3;\"><strong>Partner<\/strong><\/h2><\/div><div class=\"fusion-image-carousel fusion-image-carousel-fixed fusion-image-carousel-1\"><div class=\"awb-carousel awb-swiper awb-swiper-carousel awb-carousel--carousel awb-swiper-dots-position-bottom\" data-layout=\"carousel\" data-autoplay=\"yes\" data-autoplayspeed=\"2500\" data-autoplaypause=\"no\" data-columns=\"3\" data-columnsmedium=\"1\" data-columnssmall=\"1\" data-itemmargin=\"1\" data-itemwidth=\"180\" data-touchscroll=\"no\" data-freemode=\"no\" data-imagesize=\"fixed\" data-scrollitems=\"0\" data-centeredslides=\"no\" data-rotationangle=\"50\" data-depth=\"100\" data-speed=\"500\" data-shadow=\"no\" data-pagination=\"bullets\" style=\"--awb-columns:3;--awb-column-spacing:1px;\"><div class=\"swiper-wrapper awb-image-carousel-wrapper fusion-flex-align-items-center\"><div class=\"swiper-slide\"><div class=\"fusion-carousel-item-wrapper\"><div class=\"fusion-image-wrapper hover-type-zoomin\"><a href=\"https:\/\/www.enschede.nl\/\" target=\"_blank\" rel=\"noopener noreferrer\"><img decoding=\"async\" width=\"320\" height=\"200\" src=\"https:\/\/www.euregio.eu\/wp-content\/uploads\/2023\/12\/Logo_Gemeente_Enschede.png\" class=\"attachment-portfolio-two size-portfolio-two\" alt=\"\" srcset=\"https:\/\/www.euregio.eu\/wp-content\/uploads\/2023\/12\/Logo_Gemeente_Enschede-200x125.png 200w, https:\/\/www.euregio.eu\/wp-content\/uploads\/2023\/12\/Logo_Gemeente_Enschede.png 320w\" sizes=\"(min-width: 2200px) 100vw, (min-width: 784px) 399px, (min-width: 712px) 599px, (min-width: 640px) 712px, \" \/><\/a><\/div><\/div><\/div><div class=\"swiper-slide\"><div class=\"fusion-carousel-item-wrapper\"><div class=\"fusion-image-wrapper hover-type-zoomin\"><a href=\"https:\/\/www.dnl-contact.de\/\" target=\"_blank\" rel=\"noopener noreferrer\"><img decoding=\"async\" width=\"1500\" height=\"1000\" src=\"https:\/\/www.euregio.eu\/wp-content\/uploads\/2024\/01\/Logo-DNL-Contact.png\" class=\"attachment-portfolio-two size-portfolio-two\" alt=\"\" srcset=\"https:\/\/www.euregio.eu\/wp-content\/uploads\/2024\/01\/Logo-DNL-Contact-200x133.png 200w, https:\/\/www.euregio.eu\/wp-content\/uploads\/2024\/01\/Logo-DNL-Contact-400x267.png 400w, https:\/\/www.euregio.eu\/wp-content\/uploads\/2024\/01\/Logo-DNL-Contact-600x400.png 600w, https:\/\/www.euregio.eu\/wp-content\/uploads\/2024\/01\/Logo-DNL-Contact-800x533.png 800w, https:\/\/www.euregio.eu\/wp-content\/uploads\/2024\/01\/Logo-DNL-Contact-1200x800.png 1200w, https:\/\/www.euregio.eu\/wp-content\/uploads\/2024\/01\/Logo-DNL-Contact.png 1500w\" sizes=\"(min-width: 2200px) 100vw, (min-width: 784px) 399px, (min-width: 712px) 599px, (min-width: 640px) 712px, \" \/><\/a><\/div><\/div><\/div><div class=\"swiper-slide\"><div class=\"fusion-carousel-item-wrapper\"><div class=\"fusion-image-wrapper hover-type-zoomin\"><a href=\"https:\/\/www.euregio.eu\/de\/\" target=\"_blank\" rel=\"noopener noreferrer\"><img decoding=\"async\" width=\"320\" height=\"200\" src=\"https:\/\/www.euregio.eu\/wp-content\/uploads\/2023\/12\/Logo_EUREGIO.png\" class=\"attachment-portfolio-two size-portfolio-two\" alt=\"\" srcset=\"https:\/\/www.euregio.eu\/wp-content\/uploads\/2023\/12\/Logo_EUREGIO-200x125.png 200w, https:\/\/www.euregio.eu\/wp-content\/uploads\/2023\/12\/Logo_EUREGIO.png 320w\" sizes=\"(min-width: 2200px) 100vw, (min-width: 784px) 399px, (min-width: 712px) 599px, (min-width: 640px) 712px, \" \/><\/a><\/div><\/div><\/div><div class=\"swiper-slide\"><div class=\"fusion-carousel-item-wrapper\"><div class=\"fusion-image-wrapper hover-type-zoomin\"><a href=\"https:\/\/8rhk.nl\/\" target=\"_blank\" rel=\"noopener noreferrer\"><img decoding=\"async\" width=\"320\" height=\"200\" src=\"https:\/\/www.euregio.eu\/wp-content\/uploads\/2023\/12\/Logo_Regio_Achterhoek.png\" class=\"attachment-portfolio-two size-portfolio-two\" alt=\"\" srcset=\"https:\/\/www.euregio.eu\/wp-content\/uploads\/2023\/12\/Logo_Regio_Achterhoek-200x125.png 200w, https:\/\/www.euregio.eu\/wp-content\/uploads\/2023\/12\/Logo_Regio_Achterhoek.png 320w\" sizes=\"(min-width: 2200px) 100vw, (min-width: 784px) 399px, (min-width: 712px) 599px, (min-width: 640px) 712px, \" \/><\/a><\/div><\/div><\/div><div class=\"swiper-slide\"><div class=\"fusion-carousel-item-wrapper\"><div class=\"fusion-image-wrapper hover-type-zoomin\"><a href=\"https:\/\/www.hs-osnabrueck.de\/\" target=\"_blank\" rel=\"noopener noreferrer\"><img decoding=\"async\" width=\"320\" height=\"200\" src=\"https:\/\/www.euregio.eu\/wp-content\/uploads\/2023\/12\/Logo_Rijnland_Instituut.png\" class=\"attachment-portfolio-two size-portfolio-two\" alt=\"\" srcset=\"https:\/\/www.euregio.eu\/wp-content\/uploads\/2023\/12\/Logo_Rijnland_Instituut-200x125.png 200w, https:\/\/www.euregio.eu\/wp-content\/uploads\/2023\/12\/Logo_Rijnland_Instituut.png 320w\" sizes=\"(min-width: 2200px) 100vw, (min-width: 784px) 399px, (min-width: 712px) 599px, (min-width: 640px) 712px, \" \/><\/a><\/div><\/div><\/div><div class=\"swiper-slide\"><div class=\"fusion-carousel-item-wrapper\"><div class=\"fusion-image-wrapper hover-type-zoomin\"><a href=\"https:\/\/www.rocvantwente.nl\/\" target=\"_blank\" rel=\"noopener noreferrer\"><img decoding=\"async\" width=\"320\" height=\"200\" src=\"https:\/\/www.euregio.eu\/wp-content\/uploads\/2023\/12\/Logo_ROC_van_Twente.png\" class=\"attachment-portfolio-two size-portfolio-two\" alt=\"\" srcset=\"https:\/\/www.euregio.eu\/wp-content\/uploads\/2023\/12\/Logo_ROC_van_Twente-200x125.png 200w, https:\/\/www.euregio.eu\/wp-content\/uploads\/2023\/12\/Logo_ROC_van_Twente.png 320w\" sizes=\"(min-width: 2200px) 100vw, (min-width: 784px) 399px, (min-width: 712px) 599px, (min-width: 640px) 712px, \" \/><\/a><\/div><\/div><\/div><div class=\"swiper-slide\"><div class=\"fusion-carousel-item-wrapper\"><div class=\"fusion-image-wrapper hover-type-zoomin\"><a href=\"https:\/\/www.stadt-muenster.de\/startseite\" target=\"_blank\" rel=\"noopener noreferrer\"><img decoding=\"async\" width=\"320\" height=\"200\" src=\"https:\/\/www.euregio.eu\/wp-content\/uploads\/2023\/12\/Logo_Stadt_Munster.png\" class=\"attachment-portfolio-two size-portfolio-two\" alt=\"\" srcset=\"https:\/\/www.euregio.eu\/wp-content\/uploads\/2023\/12\/Logo_Stadt_Munster-200x125.png 200w, https:\/\/www.euregio.eu\/wp-content\/uploads\/2023\/12\/Logo_Stadt_Munster.png 320w\" sizes=\"(min-width: 2200px) 100vw, (min-width: 784px) 399px, (min-width: 712px) 599px, (min-width: 640px) 712px, \" \/><\/a><\/div><\/div><\/div><div class=\"swiper-slide\"><div class=\"fusion-carousel-item-wrapper\"><div class=\"fusion-image-wrapper hover-type-zoomin\"><a href=\"https:\/\/www.saxion.nl\/\" target=\"_blank\" rel=\"noopener noreferrer\"><img decoding=\"async\" width=\"320\" height=\"200\" src=\"https:\/\/www.euregio.eu\/wp-content\/uploads\/2023\/12\/Logo_Stichting_Saxion.png\" class=\"attachment-portfolio-two size-portfolio-two\" alt=\"\" srcset=\"https:\/\/www.euregio.eu\/wp-content\/uploads\/2023\/12\/Logo_Stichting_Saxion-200x125.png 200w, https:\/\/www.euregio.eu\/wp-content\/uploads\/2023\/12\/Logo_Stichting_Saxion.png 320w\" sizes=\"(min-width: 2200px) 100vw, (min-width: 784px) 399px, (min-width: 712px) 599px, (min-width: 640px) 712px, \" \/><\/a><\/div><\/div><\/div><div class=\"swiper-slide\"><div class=\"fusion-carousel-item-wrapper\"><div class=\"fusion-image-wrapper hover-type-zoomin\"><a href=\"https:\/\/www.uni-muenster.de\/\" target=\"_blank\" rel=\"noopener noreferrer\"><img decoding=\"async\" width=\"320\" height=\"200\" src=\"https:\/\/www.euregio.eu\/wp-content\/uploads\/2023\/12\/Logo_WWU_Munnster.png\" class=\"attachment-portfolio-two size-portfolio-two\" alt=\"\" srcset=\"https:\/\/www.euregio.eu\/wp-content\/uploads\/2023\/12\/Logo_WWU_Munnster-200x125.png 200w, https:\/\/www.euregio.eu\/wp-content\/uploads\/2023\/12\/Logo_WWU_Munnster.png 320w\" sizes=\"(min-width: 2200px) 100vw, (min-width: 784px) 399px, (min-width: 712px) 599px, (min-width: 640px) 712px, \" \/><\/a><\/div><\/div><\/div><div class=\"swiper-slide\"><div class=\"fusion-carousel-item-wrapper\"><div class=\"fusion-image-wrapper hover-type-zoomin\"><a href=\"https:\/\/www.uni-muenster.de\/ZNS\" target=\"_blank\" rel=\"noopener noreferrer\"><img decoding=\"async\" width=\"320\" height=\"200\" src=\"https:\/\/www.euregio.eu\/wp-content\/uploads\/2023\/12\/17.png\" class=\"attachment-portfolio-two size-portfolio-two\" alt=\"\" srcset=\"https:\/\/www.euregio.eu\/wp-content\/uploads\/2023\/12\/17-200x125.png 200w, https:\/\/www.euregio.eu\/wp-content\/uploads\/2023\/12\/17.png 320w\" sizes=\"(min-width: 2200px) 100vw, (min-width: 784px) 399px, (min-width: 712px) 599px, (min-width: 640px) 712px, \" \/><\/a><\/div><\/div><\/div><\/div><\/div><\/div><div class=\"fusion-title title fusion-title-11 fusion-sep-none fusion-title-text fusion-title-size-two\" style=\"--awb-text-color:#1d1d1c;\"><h2 class=\"fusion-title-heading title-heading-left fusion-responsive-typography-calculated\" style=\"font-family:&quot;Bubbler One&quot;;font-style:normal;font-weight:400;margin:0;--fontSize:46;line-height:1.3;\"><strong>Assoziierte Partner<\/strong><\/h2><\/div><div class=\"fusion-image-carousel fusion-image-carousel-fixed fusion-image-carousel-2\"><div class=\"awb-carousel awb-swiper awb-swiper-carousel awb-carousel--carousel awb-swiper-dots-position-bottom\" data-layout=\"carousel\" data-autoplay=\"yes\" data-autoplayspeed=\"2500\" data-autoplaypause=\"no\" data-columns=\"3\" data-columnsmedium=\"1\" data-columnssmall=\"1\" data-itemmargin=\"13\" data-itemwidth=\"180\" data-touchscroll=\"no\" data-freemode=\"no\" data-imagesize=\"fixed\" data-scrollitems=\"0\" data-centeredslides=\"no\" data-rotationangle=\"50\" data-depth=\"100\" data-speed=\"500\" data-shadow=\"no\" data-pagination=\"bullets\" style=\"--awb-columns:3;\"><div class=\"swiper-wrapper awb-image-carousel-wrapper fusion-flex-align-items-center\"><div class=\"swiper-slide\"><div class=\"fusion-carousel-item-wrapper\"><div class=\"fusion-image-wrapper hover-type-zoomin\"><a href=\"https:\/\/taalunie.org\/\" target=\"_blank\" rel=\"noopener noreferrer\"><img decoding=\"async\" width=\"320\" height=\"200\" src=\"https:\/\/www.euregio.eu\/wp-content\/uploads\/2023\/12\/12.png\" class=\"attachment-portfolio-two size-portfolio-two\" alt=\"\" srcset=\"https:\/\/www.euregio.eu\/wp-content\/uploads\/2023\/12\/12-200x125.png 200w, https:\/\/www.euregio.eu\/wp-content\/uploads\/2023\/12\/12.png 320w\" sizes=\"(min-width: 2200px) 100vw, (min-width: 784px) 391px, (min-width: 712px) 587px, (min-width: 640px) 712px, \" \/><\/a><\/div><\/div><\/div><div class=\"swiper-slide\"><div class=\"fusion-carousel-item-wrapper\"><div class=\"fusion-image-wrapper hover-type-zoomin\"><a href=\"https:\/\/www.goethe.de\/ins\/nl\/nl\/index.html\" target=\"_blank\" rel=\"noopener noreferrer\"><img decoding=\"async\" width=\"320\" height=\"200\" src=\"https:\/\/www.euregio.eu\/wp-content\/uploads\/2023\/12\/13.png\" class=\"attachment-portfolio-two size-portfolio-two\" alt=\"\" srcset=\"https:\/\/www.euregio.eu\/wp-content\/uploads\/2023\/12\/13-200x125.png 200w, https:\/\/www.euregio.eu\/wp-content\/uploads\/2023\/12\/13.png 320w\" sizes=\"(min-width: 2200px) 100vw, (min-width: 784px) 391px, (min-width: 712px) 587px, (min-width: 640px) 712px, \" \/><\/a><\/div><\/div><\/div><div class=\"swiper-slide\"><div class=\"fusion-carousel-item-wrapper\"><div class=\"fusion-image-wrapper hover-type-zoomin\"><a href=\"https:\/\/www.mkb-twente.nl\/\" target=\"_blank\" rel=\"noopener noreferrer\"><img decoding=\"async\" width=\"320\" height=\"200\" src=\"https:\/\/www.euregio.eu\/wp-content\/uploads\/2023\/12\/14.png\" class=\"attachment-portfolio-two size-portfolio-two\" alt=\"\" srcset=\"https:\/\/www.euregio.eu\/wp-content\/uploads\/2023\/12\/14-200x125.png 200w, https:\/\/www.euregio.eu\/wp-content\/uploads\/2023\/12\/14.png 320w\" sizes=\"(min-width: 2200px) 100vw, (min-width: 784px) 391px, (min-width: 712px) 587px, (min-width: 640px) 712px, \" \/><\/a><\/div><\/div><\/div><div class=\"swiper-slide\"><div class=\"fusion-carousel-item-wrapper\"><div class=\"fusion-image-wrapper hover-type-zoomin\"><a href=\"https:\/\/aiw.de\/\" target=\"_blank\" rel=\"noopener noreferrer\"><img decoding=\"async\" width=\"320\" height=\"200\" src=\"https:\/\/www.euregio.eu\/wp-content\/uploads\/2023\/12\/15.png\" class=\"attachment-portfolio-two size-portfolio-two\" alt=\"\" srcset=\"https:\/\/www.euregio.eu\/wp-content\/uploads\/2023\/12\/15-200x125.png 200w, https:\/\/www.euregio.eu\/wp-content\/uploads\/2023\/12\/15.png 320w\" sizes=\"(min-width: 2200px) 100vw, (min-width: 784px) 391px, (min-width: 712px) 587px, (min-width: 640px) 712px, \" \/><\/a><\/div><\/div><\/div><div class=\"swiper-slide\"><div class=\"fusion-carousel-item-wrapper\"><div class=\"fusion-image-wrapper hover-type-zoomin\"><a href=\"https:\/\/www.bezreg-muenster.de\/de\/index.html\" target=\"_blank\" rel=\"noopener noreferrer\"><img decoding=\"async\" width=\"320\" height=\"200\" src=\"https:\/\/www.euregio.eu\/wp-content\/uploads\/2023\/12\/16.png\" class=\"attachment-portfolio-two size-portfolio-two\" alt=\"\" srcset=\"https:\/\/www.euregio.eu\/wp-content\/uploads\/2023\/12\/16-200x125.png 200w, https:\/\/www.euregio.eu\/wp-content\/uploads\/2023\/12\/16.png 320w\" sizes=\"(min-width: 2200px) 100vw, (min-width: 784px) 391px, (min-width: 712px) 587px, (min-width: 640px) 712px, \" \/><\/a><\/div><\/div><\/div><div class=\"swiper-slide\"><div class=\"fusion-carousel-item-wrapper\"><div class=\"fusion-image-wrapper hover-type-zoomin\"><img decoding=\"async\" width=\"1500\" height=\"1000\" src=\"https:\/\/www.euregio.eu\/wp-content\/uploads\/2024\/06\/Landesbeauftragte-NdS.png\" class=\"attachment-portfolio-two size-portfolio-two\" alt=\"\" srcset=\"https:\/\/www.euregio.eu\/wp-content\/uploads\/2024\/06\/Landesbeauftragte-NdS-200x133.png 200w, https:\/\/www.euregio.eu\/wp-content\/uploads\/2024\/06\/Landesbeauftragte-NdS-400x267.png 400w, https:\/\/www.euregio.eu\/wp-content\/uploads\/2024\/06\/Landesbeauftragte-NdS-600x400.png 600w, https:\/\/www.euregio.eu\/wp-content\/uploads\/2024\/06\/Landesbeauftragte-NdS-800x533.png 800w, https:\/\/www.euregio.eu\/wp-content\/uploads\/2024\/06\/Landesbeauftragte-NdS-1200x800.png 1200w, https:\/\/www.euregio.eu\/wp-content\/uploads\/2024\/06\/Landesbeauftragte-NdS.png 1500w\" sizes=\"(min-width: 2200px) 100vw, (min-width: 784px) 391px, (min-width: 712px) 587px, (min-width: 640px) 712px, \" \/><\/div><\/div><\/div><\/div><\/div><\/div><\/div><\/div><\/div><\/div>\n<div class=\"fusion-fullwidth fullwidth-box fusion-builder-row-11 fusion-flex-container nonhundred-percent-fullwidth non-hundred-percent-height-scrolling\" style=\"--awb-border-radius-top-left:0px;--awb-border-radius-top-right:0px;--awb-border-radius-bottom-right:0px;--awb-border-radius-bottom-left:0px;--awb-flex-wrap:wrap;\" ><div class=\"fusion-builder-row fusion-row fusion-flex-align-items-flex-start fusion-flex-content-wrap\" style=\"max-width:1248px;margin-left: calc(-4% \/ 2 );margin-right: calc(-4% \/ 2 );\"><div class=\"fusion-layout-column fusion_builder_column fusion-builder-column-14 fusion_builder_column_1_3 1_3 fusion-flex-column\" style=\"--awb-bg-size:cover;--awb-width-large:33.333333333333%;--awb-margin-top-large:0px;--awb-spacing-right-large:5.76%;--awb-margin-bottom-large:32px;--awb-spacing-left-large:5.76%;--awb-width-medium:100%;--awb-order-medium:0;--awb-spacing-right-medium:1.92%;--awb-spacing-left-medium:1.92%;--awb-width-small:100%;--awb-order-small:0;--awb-spacing-right-small:1.92%;--awb-spacing-left-small:1.92%;\"><div class=\"fusion-column-wrapper fusion-column-has-shadow fusion-flex-justify-content-flex-start fusion-content-layout-column\"><div class=\"fusion-image-element \" style=\"--awb-caption-title-font-family:var(--h2_typography-font-family);--awb-caption-title-font-weight:var(--h2_typography-font-weight);--awb-caption-title-font-style:var(--h2_typography-font-style);--awb-caption-title-size:var(--h2_typography-font-size);--awb-caption-title-transform:var(--h2_typography-text-transform);--awb-caption-title-line-height:var(--h2_typography-line-height);--awb-caption-title-letter-spacing:var(--h2_typography-letter-spacing);\"><span class=\" fusion-imageframe imageframe-none imageframe-2 hover-type-zoomin\"><a class=\"fusion-no-lightbox\" href=\"https:\/\/deutschland-nederland.eu\/\" target=\"_blank\" aria-label=\"Logo Interreg VI E1718875524525 400&#215;106\" rel=\"noopener noreferrer\"><img decoding=\"async\" width=\"400\" height=\"106\" src=\"https:\/\/www.euregio.eu\/wp-content\/uploads\/2024\/06\/Logo-Interreg-VI-e1718875524525-400x106-1.png\" alt class=\"img-responsive wp-image-11484\" srcset=\"https:\/\/www.euregio.eu\/wp-content\/uploads\/2024\/06\/Logo-Interreg-VI-e1718875524525-400x106-1-200x53.png 200w, https:\/\/www.euregio.eu\/wp-content\/uploads\/2024\/06\/Logo-Interreg-VI-e1718875524525-400x106-1.png 400w\" sizes=\"(max-width: 1024px) 100vw, (max-width: 640px) 100vw, 400px\" \/><\/a><\/span><\/div><\/div><\/div><div class=\"fusion-layout-column fusion_builder_column fusion-builder-column-15 fusion_builder_column_2_3 2_3 fusion-flex-column\" style=\"--awb-bg-size:cover;--awb-width-large:66.666666666667%;--awb-margin-top-large:0px;--awb-spacing-right-large:2.88%;--awb-margin-bottom-large:32px;--awb-spacing-left-large:2.88%;--awb-width-medium:100%;--awb-order-medium:0;--awb-spacing-right-medium:1.92%;--awb-spacing-left-medium:1.92%;--awb-width-small:100%;--awb-order-small:0;--awb-spacing-right-small:1.92%;--awb-spacing-left-small:1.92%;\"><div class=\"fusion-column-wrapper fusion-column-has-shadow fusion-flex-justify-content-flex-start fusion-content-layout-column\"><div class=\"fusion-text fusion-text-12\" style=\"--awb-font-size:14px;--awb-text-color:#1d1d1c;--awb-text-font-family:&quot;Jaldi&quot;;--awb-text-font-style:normal;--awb-text-font-weight:400;\"><p>Das Projekt Euregionale Bildungskette (EDL) wird im Rahmen des <a href=\"https:\/\/deutschland-nederland.eu\/\" target=\"_blank\" rel=\"noopener\"><strong>Interreg VI-Programms Deutschland-Nederland<\/strong><\/a> durchgef\u00fchrt und durch die Europ\u00e4ische Union, das MWIKE NRW und das MB Niedersachsen sowie die Provinzen Overijssel und Gelderland mitfinanziert.<\/p>\n<\/div><\/div><\/div><div class=\"fusion-layout-column fusion_builder_column fusion-builder-column-16 fusion_builder_column_1_1 1_1 fusion-flex-column\" style=\"--awb-bg-size:cover;--awb-width-large:100%;--awb-margin-top-large:0px;--awb-spacing-right-large:1.92%;--awb-margin-bottom-large:32px;--awb-spacing-left-large:1.92%;--awb-width-medium:100%;--awb-order-medium:0;--awb-spacing-right-medium:1.92%;--awb-spacing-left-medium:1.92%;--awb-width-small:100%;--awb-order-small:0;--awb-spacing-right-small:1.92%;--awb-spacing-left-small:1.92%;\"><div class=\"fusion-column-wrapper fusion-column-has-shadow fusion-flex-justify-content-flex-start fusion-content-layout-column\"><div class=\"fusion-image-carousel fusion-image-carousel-fixed fusion-image-carousel-3\"><div class=\"awb-carousel awb-swiper awb-swiper-carousel awb-carousel--carousel awb-swiper-dots-position-bottom\" data-layout=\"carousel\" data-autoplay=\"yes\" data-autoplayspeed=\"2500\" data-autoplaypause=\"no\" data-columns=\"5\" data-columnsmedium=\"1\" data-columnssmall=\"1\" data-itemmargin=\"13\" data-itemwidth=\"180\" data-touchscroll=\"no\" data-freemode=\"no\" data-imagesize=\"fixed\" data-scrollitems=\"0\" data-centeredslides=\"no\" data-rotationangle=\"50\" data-depth=\"100\" data-speed=\"500\" data-shadow=\"no\" data-pagination=\"bullets\"><div class=\"swiper-wrapper awb-image-carousel-wrapper fusion-flex-align-items-center\"><div class=\"swiper-slide\"><div class=\"fusion-carousel-item-wrapper\"><div class=\"fusion-image-wrapper hover-type-zoomin\"><a href=\"https:\/\/www.wirtschaft.nrw\/ministerium\" target=\"_blank\" rel=\"noopener noreferrer\"><img decoding=\"async\" width=\"320\" height=\"200\" src=\"https:\/\/www.euregio.eu\/wp-content\/uploads\/2023\/12\/MWIKE-NRW.png\" class=\"attachment-blog-medium size-blog-medium\" alt=\"\" srcset=\"https:\/\/www.euregio.eu\/wp-content\/uploads\/2023\/12\/MWIKE-NRW-200x125.png 200w, https:\/\/www.euregio.eu\/wp-content\/uploads\/2023\/12\/MWIKE-NRW.png 320w\" sizes=\"(min-width: 2200px) 100vw, (min-width: 856px) 290px, (min-width: 784px) 387px, (min-width: 712px) 581px, (min-width: 640px) 712px, \" \/><\/a><\/div><\/div><\/div><div class=\"swiper-slide\"><div class=\"fusion-carousel-item-wrapper\"><div class=\"fusion-image-wrapper hover-type-zoomin\"><a href=\"https:\/\/www.stk.niedersachsen.de\/startseite\/\" target=\"_blank\" rel=\"noopener noreferrer\"><img decoding=\"async\" width=\"320\" height=\"202\" src=\"https:\/\/www.euregio.eu\/wp-content\/uploads\/2025\/07\/Partner-und-Forderlogos-EDL-320x202.png\" class=\"attachment-blog-medium size-blog-medium\" alt=\"\" \/><\/a><\/div><\/div><\/div><div class=\"swiper-slide\"><div class=\"fusion-carousel-item-wrapper\"><div class=\"fusion-image-wrapper hover-type-zoomin\"><a href=\"https:\/\/www.overijssel.nl\/\" target=\"_blank\" rel=\"noopener noreferrer\"><img decoding=\"async\" width=\"320\" height=\"200\" src=\"https:\/\/www.euregio.eu\/wp-content\/uploads\/2023\/12\/Provincie-Overijssel.png\" class=\"attachment-blog-medium size-blog-medium\" alt=\"\" srcset=\"https:\/\/www.euregio.eu\/wp-content\/uploads\/2023\/12\/Provincie-Overijssel-200x125.png 200w, https:\/\/www.euregio.eu\/wp-content\/uploads\/2023\/12\/Provincie-Overijssel.png 320w\" sizes=\"(min-width: 2200px) 100vw, (min-width: 856px) 290px, (min-width: 784px) 387px, (min-width: 712px) 581px, (min-width: 640px) 712px, \" \/><\/a><\/div><\/div><\/div><div class=\"swiper-slide\"><div class=\"fusion-carousel-item-wrapper\"><div class=\"fusion-image-wrapper hover-type-zoomin\"><a href=\"https:\/\/www.gelderland.nl\/\" target=\"_blank\" rel=\"noopener noreferrer\"><img decoding=\"async\" width=\"320\" height=\"200\" src=\"https:\/\/www.euregio.eu\/wp-content\/uploads\/2023\/12\/Provincie-Gelderland.png\" class=\"attachment-blog-medium size-blog-medium\" alt=\"\" srcset=\"https:\/\/www.euregio.eu\/wp-content\/uploads\/2023\/12\/Provincie-Gelderland-200x125.png 200w, https:\/\/www.euregio.eu\/wp-content\/uploads\/2023\/12\/Provincie-Gelderland.png 320w\" sizes=\"(min-width: 2200px) 100vw, (min-width: 856px) 290px, (min-width: 784px) 387px, (min-width: 712px) 581px, (min-width: 640px) 712px, \" \/><\/a><\/div><\/div><\/div><\/div><div class=\"awb-swiper-button awb-swiper-button-prev\"><i class=\"awb-icon-angle-left\" aria-hidden=\"true\"><\/i><\/div><div class=\"awb-swiper-button awb-swiper-button-next\"><i class=\"awb-icon-angle-right\" aria-hidden=\"true\"><\/i><\/div><\/div><\/div><\/div><\/div><\/div><\/div>\n<\/p>\n","protected":false},"excerpt":{"rendered":"","protected":false},"author":3,"featured_media":9663,"parent":10872,"menu_order":0,"comment_status":"closed","ping_status":"closed","template":"template-edl.php","meta":{"footnotes":""},"class_list":["post-15566","page","type-page","status-publish","has-post-thumbnail","hentry"],"yoast_head":"<!-- This site is optimized with the Yoast SEO plugin v26.4 - https:\/\/yoast.com\/wordpress\/plugins\/seo\/ -->\n<title>\u00dcber den Tellerrand schauen - EUREGIO<\/title>\n<meta name=\"robots\" content=\"index, follow, max-snippet:-1, max-image-preview:large, max-video-preview:-1\" \/>\n<link rel=\"canonical\" href=\"https:\/\/www.euregio.eu\/de\/was-wir-tun\/gesellschaftliche-entwicklung\/edl\/expertisezentrum\/ueber-den-tellerrand-schauen\/\" \/>\n<meta property=\"og:locale\" content=\"de_DE\" \/>\n<meta property=\"og:type\" content=\"article\" \/>\n<meta property=\"og:title\" content=\"\u00dcber den Tellerrand schauen - EUREGIO\" \/>\n<meta property=\"og:url\" content=\"https:\/\/www.euregio.eu\/de\/was-wir-tun\/gesellschaftliche-entwicklung\/edl\/expertisezentrum\/ueber-den-tellerrand-schauen\/\" \/>\n<meta property=\"og:site_name\" content=\"EUREGIO\" \/>\n<meta property=\"article:modified_time\" content=\"2026-03-11T14:50:46+00:00\" \/>\n<meta property=\"og:image\" content=\"https:\/\/www.euregio.eu\/wp-content\/uploads\/2023\/12\/EDL-Website-banner-2-1.jpg\" \/>\n\t<meta property=\"og:image:width\" content=\"1920\" \/>\n\t<meta property=\"og:image:height\" content=\"350\" \/>\n\t<meta property=\"og:image:type\" content=\"image\/jpeg\" \/>\n<meta name=\"twitter:card\" content=\"summary_large_image\" \/>\n<meta name=\"twitter:label1\" content=\"Gesch\u00e4tzte Lesezeit\" \/>\n\t<meta name=\"twitter:data1\" content=\"9\u00a0Minuten\" \/>\n<script type=\"application\/ld+json\" class=\"yoast-schema-graph\">{\"@context\":\"https:\/\/schema.org\",\"@graph\":[{\"@type\":\"WebPage\",\"@id\":\"https:\/\/www.euregio.eu\/de\/was-wir-tun\/gesellschaftliche-entwicklung\/edl\/expertisezentrum\/ueber-den-tellerrand-schauen\/\",\"url\":\"https:\/\/www.euregio.eu\/de\/was-wir-tun\/gesellschaftliche-entwicklung\/edl\/expertisezentrum\/ueber-den-tellerrand-schauen\/\",\"name\":\"\u00dcber den Tellerrand schauen - EUREGIO\",\"isPartOf\":{\"@id\":\"https:\/\/www.euregio.eu\/de\/#website\"},\"primaryImageOfPage\":{\"@id\":\"https:\/\/www.euregio.eu\/de\/was-wir-tun\/gesellschaftliche-entwicklung\/edl\/expertisezentrum\/ueber-den-tellerrand-schauen\/#primaryimage\"},\"image\":{\"@id\":\"https:\/\/www.euregio.eu\/de\/was-wir-tun\/gesellschaftliche-entwicklung\/edl\/expertisezentrum\/ueber-den-tellerrand-schauen\/#primaryimage\"},\"thumbnailUrl\":\"https:\/\/www.euregio.eu\/wp-content\/uploads\/2023\/12\/EDL-Website-banner-2-1.jpg\",\"datePublished\":\"2026-03-11T11:19:24+00:00\",\"dateModified\":\"2026-03-11T14:50:46+00:00\",\"breadcrumb\":{\"@id\":\"https:\/\/www.euregio.eu\/de\/was-wir-tun\/gesellschaftliche-entwicklung\/edl\/expertisezentrum\/ueber-den-tellerrand-schauen\/#breadcrumb\"},\"inLanguage\":\"de\",\"potentialAction\":[{\"@type\":\"ReadAction\",\"target\":[\"https:\/\/www.euregio.eu\/de\/was-wir-tun\/gesellschaftliche-entwicklung\/edl\/expertisezentrum\/ueber-den-tellerrand-schauen\/\"]}]},{\"@type\":\"ImageObject\",\"inLanguage\":\"de\",\"@id\":\"https:\/\/www.euregio.eu\/de\/was-wir-tun\/gesellschaftliche-entwicklung\/edl\/expertisezentrum\/ueber-den-tellerrand-schauen\/#primaryimage\",\"url\":\"https:\/\/www.euregio.eu\/wp-content\/uploads\/2023\/12\/EDL-Website-banner-2-1.jpg\",\"contentUrl\":\"https:\/\/www.euregio.eu\/wp-content\/uploads\/2023\/12\/EDL-Website-banner-2-1.jpg\",\"width\":1920,\"height\":350},{\"@type\":\"BreadcrumbList\",\"@id\":\"https:\/\/www.euregio.eu\/de\/was-wir-tun\/gesellschaftliche-entwicklung\/edl\/expertisezentrum\/ueber-den-tellerrand-schauen\/#breadcrumb\",\"itemListElement\":[{\"@type\":\"ListItem\",\"position\":1,\"name\":\"Home\",\"item\":\"https:\/\/www.euregio.eu\/de\/\"},{\"@type\":\"ListItem\",\"position\":2,\"name\":\"Was wir tun\",\"item\":\"https:\/\/www.euregio.eu\/de\/was-wir-tun\/\"},{\"@type\":\"ListItem\",\"position\":3,\"name\":\"Gesellschaftliche Entwicklung\",\"item\":\"https:\/\/www.euregio.eu\/de\/was-wir-tun\/gesellschaftliche-entwicklung\/\"},{\"@type\":\"ListItem\",\"position\":4,\"name\":\"Euregionale Bildungskette\",\"item\":\"https:\/\/www.euregio.eu\/de\/was-wir-tun\/gesellschaftliche-entwicklung\/edl\/\"},{\"@type\":\"ListItem\",\"position\":5,\"name\":\"Expertisezentrum\",\"item\":\"https:\/\/www.euregio.eu\/de\/was-wir-tun\/gesellschaftliche-entwicklung\/edl\/expertisezentrum\/\"},{\"@type\":\"ListItem\",\"position\":6,\"name\":\"\u00dcber den Tellerrand schauen\"}]},{\"@type\":\"WebSite\",\"@id\":\"https:\/\/www.euregio.eu\/de\/#website\",\"url\":\"https:\/\/www.euregio.eu\/de\/\",\"name\":\"EUREGIO\",\"description\":\"\",\"potentialAction\":[{\"@type\":\"SearchAction\",\"target\":{\"@type\":\"EntryPoint\",\"urlTemplate\":\"https:\/\/www.euregio.eu\/de\/?s={search_term_string}\"},\"query-input\":{\"@type\":\"PropertyValueSpecification\",\"valueRequired\":true,\"valueName\":\"search_term_string\"}}],\"inLanguage\":\"de\"}]}<\/script>\n<!-- \/ Yoast SEO plugin. -->","yoast_head_json":{"title":"\u00dcber den Tellerrand schauen - EUREGIO","robots":{"index":"index","follow":"follow","max-snippet":"max-snippet:-1","max-image-preview":"max-image-preview:large","max-video-preview":"max-video-preview:-1"},"canonical":"https:\/\/www.euregio.eu\/de\/was-wir-tun\/gesellschaftliche-entwicklung\/edl\/expertisezentrum\/ueber-den-tellerrand-schauen\/","og_locale":"de_DE","og_type":"article","og_title":"\u00dcber den Tellerrand schauen - EUREGIO","og_url":"https:\/\/www.euregio.eu\/de\/was-wir-tun\/gesellschaftliche-entwicklung\/edl\/expertisezentrum\/ueber-den-tellerrand-schauen\/","og_site_name":"EUREGIO","article_modified_time":"2026-03-11T14:50:46+00:00","og_image":[{"width":1920,"height":350,"url":"https:\/\/www.euregio.eu\/wp-content\/uploads\/2023\/12\/EDL-Website-banner-2-1.jpg","type":"image\/jpeg"}],"twitter_card":"summary_large_image","twitter_misc":{"Gesch\u00e4tzte Lesezeit":"9\u00a0Minuten"},"schema":{"@context":"https:\/\/schema.org","@graph":[{"@type":"WebPage","@id":"https:\/\/www.euregio.eu\/de\/was-wir-tun\/gesellschaftliche-entwicklung\/edl\/expertisezentrum\/ueber-den-tellerrand-schauen\/","url":"https:\/\/www.euregio.eu\/de\/was-wir-tun\/gesellschaftliche-entwicklung\/edl\/expertisezentrum\/ueber-den-tellerrand-schauen\/","name":"\u00dcber den Tellerrand schauen - EUREGIO","isPartOf":{"@id":"https:\/\/www.euregio.eu\/de\/#website"},"primaryImageOfPage":{"@id":"https:\/\/www.euregio.eu\/de\/was-wir-tun\/gesellschaftliche-entwicklung\/edl\/expertisezentrum\/ueber-den-tellerrand-schauen\/#primaryimage"},"image":{"@id":"https:\/\/www.euregio.eu\/de\/was-wir-tun\/gesellschaftliche-entwicklung\/edl\/expertisezentrum\/ueber-den-tellerrand-schauen\/#primaryimage"},"thumbnailUrl":"https:\/\/www.euregio.eu\/wp-content\/uploads\/2023\/12\/EDL-Website-banner-2-1.jpg","datePublished":"2026-03-11T11:19:24+00:00","dateModified":"2026-03-11T14:50:46+00:00","breadcrumb":{"@id":"https:\/\/www.euregio.eu\/de\/was-wir-tun\/gesellschaftliche-entwicklung\/edl\/expertisezentrum\/ueber-den-tellerrand-schauen\/#breadcrumb"},"inLanguage":"de","potentialAction":[{"@type":"ReadAction","target":["https:\/\/www.euregio.eu\/de\/was-wir-tun\/gesellschaftliche-entwicklung\/edl\/expertisezentrum\/ueber-den-tellerrand-schauen\/"]}]},{"@type":"ImageObject","inLanguage":"de","@id":"https:\/\/www.euregio.eu\/de\/was-wir-tun\/gesellschaftliche-entwicklung\/edl\/expertisezentrum\/ueber-den-tellerrand-schauen\/#primaryimage","url":"https:\/\/www.euregio.eu\/wp-content\/uploads\/2023\/12\/EDL-Website-banner-2-1.jpg","contentUrl":"https:\/\/www.euregio.eu\/wp-content\/uploads\/2023\/12\/EDL-Website-banner-2-1.jpg","width":1920,"height":350},{"@type":"BreadcrumbList","@id":"https:\/\/www.euregio.eu\/de\/was-wir-tun\/gesellschaftliche-entwicklung\/edl\/expertisezentrum\/ueber-den-tellerrand-schauen\/#breadcrumb","itemListElement":[{"@type":"ListItem","position":1,"name":"Home","item":"https:\/\/www.euregio.eu\/de\/"},{"@type":"ListItem","position":2,"name":"Was wir tun","item":"https:\/\/www.euregio.eu\/de\/was-wir-tun\/"},{"@type":"ListItem","position":3,"name":"Gesellschaftliche Entwicklung","item":"https:\/\/www.euregio.eu\/de\/was-wir-tun\/gesellschaftliche-entwicklung\/"},{"@type":"ListItem","position":4,"name":"Euregionale Bildungskette","item":"https:\/\/www.euregio.eu\/de\/was-wir-tun\/gesellschaftliche-entwicklung\/edl\/"},{"@type":"ListItem","position":5,"name":"Expertisezentrum","item":"https:\/\/www.euregio.eu\/de\/was-wir-tun\/gesellschaftliche-entwicklung\/edl\/expertisezentrum\/"},{"@type":"ListItem","position":6,"name":"\u00dcber den Tellerrand schauen"}]},{"@type":"WebSite","@id":"https:\/\/www.euregio.eu\/de\/#website","url":"https:\/\/www.euregio.eu\/de\/","name":"EUREGIO","description":"","potentialAction":[{"@type":"SearchAction","target":{"@type":"EntryPoint","urlTemplate":"https:\/\/www.euregio.eu\/de\/?s={search_term_string}"},"query-input":{"@type":"PropertyValueSpecification","valueRequired":true,"valueName":"search_term_string"}}],"inLanguage":"de"}]}},"_links":{"self":[{"href":"https:\/\/www.euregio.eu\/de\/wp-json\/wp\/v2\/pages\/15566","targetHints":{"allow":["GET"]}}],"collection":[{"href":"https:\/\/www.euregio.eu\/de\/wp-json\/wp\/v2\/pages"}],"about":[{"href":"https:\/\/www.euregio.eu\/de\/wp-json\/wp\/v2\/types\/page"}],"author":[{"embeddable":true,"href":"https:\/\/www.euregio.eu\/de\/wp-json\/wp\/v2\/users\/3"}],"replies":[{"embeddable":true,"href":"https:\/\/www.euregio.eu\/de\/wp-json\/wp\/v2\/comments?post=15566"}],"version-history":[{"count":9,"href":"https:\/\/www.euregio.eu\/de\/wp-json\/wp\/v2\/pages\/15566\/revisions"}],"predecessor-version":[{"id":15601,"href":"https:\/\/www.euregio.eu\/de\/wp-json\/wp\/v2\/pages\/15566\/revisions\/15601"}],"up":[{"embeddable":true,"href":"https:\/\/www.euregio.eu\/de\/wp-json\/wp\/v2\/pages\/10872"}],"wp:featuredmedia":[{"embeddable":true,"href":"https:\/\/www.euregio.eu\/de\/wp-json\/wp\/v2\/media\/9663"}],"wp:attachment":[{"href":"https:\/\/www.euregio.eu\/de\/wp-json\/wp\/v2\/media?parent=15566"}],"curies":[{"name":"wp","href":"https:\/\/api.w.org\/{rel}","templated":true}]}}