{"id":13324,"date":"2025-05-09T15:51:07","date_gmt":"2025-05-09T14:51:07","guid":{"rendered":"https:\/\/www.euregio.eu\/?post_type=agenda&#038;p=13324"},"modified":"2025-05-09T15:51:07","modified_gmt":"2025-05-09T14:51:07","slug":"bewerbungsfrist-31-oktober-2025-fuer-die-auszeichnungen-der-landesregierung-nrw-europaaktive-kommune-und-europaaktive-zivilgesellschaft","status":"publish","type":"agenda","link":"https:\/\/www.euregio.eu\/de\/agenda\/bewerbungsfrist-31-oktober-2025-fuer-die-auszeichnungen-der-landesregierung-nrw-europaaktive-kommune-und-europaaktive-zivilgesellschaft\/","title":{"rendered":"Bewerbungsfrist 31. Oktober 2025 f\u00fcr die Auszeichnungen der Landesregierung NRW \u201eEuropaaktive Kommune\u201c und \u201eEuropaaktive Zivilgesellschaft\u201c"},"content":{"rendered":"<div class=\"fusion-fullwidth fullwidth-box fusion-builder-row-1 fusion-flex-container has-pattern-background has-mask-background nonhundred-percent-fullwidth non-hundred-percent-height-scrolling\" style=\"--awb-border-radius-top-left:0px;--awb-border-radius-top-right:0px;--awb-border-radius-bottom-right:0px;--awb-border-radius-bottom-left:0px;--awb-flex-wrap:wrap;\" ><div class=\"fusion-builder-row fusion-row fusion-flex-align-items-flex-start fusion-flex-content-wrap\" style=\"max-width:1248px;margin-left: calc(-4% \/ 2 );margin-right: calc(-4% \/ 2 );\"><div class=\"fusion-layout-column fusion_builder_column fusion-builder-column-0 fusion_builder_column_2_3 2_3 fusion-flex-column\" style=\"--awb-bg-size:cover;--awb-width-large:66.666666666667%;--awb-margin-top-large:0px;--awb-spacing-right-large:2.88%;--awb-margin-bottom-large:32px;--awb-spacing-left-large:2.88%;--awb-width-medium:100%;--awb-order-medium:0;--awb-spacing-right-medium:1.92%;--awb-spacing-left-medium:1.92%;--awb-width-small:100%;--awb-order-small:0;--awb-spacing-right-small:1.92%;--awb-spacing-left-small:1.92%;\"><div class=\"fusion-column-wrapper fusion-column-has-shadow fusion-flex-justify-content-flex-start fusion-content-layout-column\"><div class=\"fusion-text fusion-text-1\"><p><strong>Kommunen, kommunale Verb\u00e4nde und zivilgesellschaftliche Akteure aus Nordrhein-Westfalen k\u00f6nnen sich ab sofort f\u00fcr die Auszeichnungen \u201eEuropaaktive Kommune\u201c und \u201eEuropaaktive Zivilgesellschaft\u201c bewerben. Die Auszeichnungen der Landesregierung unterst\u00fctzen seit Jahren vorbildliches kommunales und zivilgesellschaftliches Engagement f\u00fcr Europa. Bewerbungsfrist ist der 31. Oktober 2025.<\/strong><\/p>\n<p>Die Ausschreibung der diesj\u00e4hrigen Auszeichnungen \u201eEuropaaktive Kommune\u201c und \u201eEuropaaktive Zivilgesellschaft\u201c durch den Minister f\u00fcr Bundes- und Europaangelegenheiten, Internationales sowie Medien und Chef der Staatskanzlei des Landes Nordrhein-Westfalen, Nathanael Liminiski, <a href=\"https:\/\/mbeim.nrw\/jetzt-bewerben-als-europaaktive-kommune-oder-europaaktive-zivilgesellschaft-0\" target=\"_blank\" rel=\"noopener\">wurde am 29. April 2025 ver\u00f6ffentlicht.<\/a><\/p>\n<p>Die Bewerberinnen und Bewerber werden ermuntert, innovatives und beispielgebendes Engagement f\u00fcr die europ\u00e4ische Idee vorzustellen, das in Nordrhein-Westfalen die Vielfalt und die Chancen Europas vermittelt \u2013 besonders, wenn Projekte, Veranstaltungen und Initiativen Menschen ansprechen, die bisher wenig Bezug zu Europa haben. Die Auszeichnungen \u201eEuropaaktive Kommune\u201c und \u201eEuropaaktive Zivilgesellschaft\u201c werden im Namen von Ministerpr\u00e4sident Hendrik W\u00fcst vergeben.<\/p>\n<p>Mit den Auszeichnungen ehrt, unterst\u00fctzt und motiviert die Landesregierung Nordrhein-Westfalen vorbildliches kommunales und zivilgesellschaftliches Engagement f\u00fcr Europa. Seit 2013 erhielten 68 kommunale Akteure in Nordrhein-Westfalen die Auszeichnung \u201eEuropaaktive Kommune\u201c.<\/p>\n<p><strong>Interessierte Kommunen, kommunale Verb\u00e4nde und zivilgesellschaftliche Akteure erhalten <a href=\"https:\/\/mbeim.nrw\/europaaktivekommunezivilgesellschaft\" target=\"_blank\" rel=\"noopener\">hier <\/a>die Bewerbungsunterlagen und weitere Informationen zum Bewerbungsverfahren.<\/strong><\/p>\n<\/div><\/div><\/div><div class=\"fusion-layout-column fusion_builder_column fusion-builder-column-1 fusion_builder_column_1_3 1_3 fusion-flex-column\" style=\"--awb-bg-size:cover;--awb-width-large:33.333333333333%;--awb-margin-top-large:0px;--awb-spacing-right-large:5.76%;--awb-margin-bottom-large:32px;--awb-spacing-left-large:5.76%;--awb-width-medium:100%;--awb-order-medium:0;--awb-spacing-right-medium:1.92%;--awb-spacing-left-medium:1.92%;--awb-width-small:100%;--awb-order-small:0;--awb-spacing-right-small:1.92%;--awb-spacing-left-small:1.92%;\" data-scroll-devices=\"small-visibility,medium-visibility,large-visibility\"><div class=\"fusion-column-wrapper fusion-column-has-shadow fusion-flex-justify-content-flex-start fusion-content-layout-column\"><div class=\"fusion-image-element \" style=\"--awb-margin-bottom:5px;--awb-caption-title-font-family:var(--h2_typography-font-family);--awb-caption-title-font-weight:var(--h2_typography-font-weight);--awb-caption-title-font-style:var(--h2_typography-font-style);--awb-caption-title-size:var(--h2_typography-font-size);--awb-caption-title-transform:var(--h2_typography-text-transform);--awb-caption-title-line-height:var(--h2_typography-line-height);--awb-caption-title-letter-spacing:var(--h2_typography-letter-spacing);\"><span class=\" fusion-imageframe imageframe-none imageframe-1 hover-type-none\"><img decoding=\"async\" width=\"1080\" height=\"1080\" alt=\"Logos \u201eEuropaaktive Kommune\u201c und \u201eEuropaaktive Zivilgesellschaft\u201c \u00a9 MBEI NRW\" title=\"Jetzt Bewerben als \u201eEuropaaktive Kommune\u201c oder \u201eEuropaaktive Zivilgesellschaft\u201c \u00a9 MBEI NRW\" src=\"https:\/\/www.euregio.eu\/wp-content\/uploads\/2023\/03\/Jetzt-bewerben-als-\u201eEuropaaktive-Kommune-oder-\u201eEuropaaktive-Zivilgesellschaft-\u00a9-MBEI-NRW-1.jpg\" class=\"img-responsive wp-image-8024\" srcset=\"https:\/\/www.euregio.eu\/wp-content\/uploads\/2023\/03\/Jetzt-bewerben-als-\u201eEuropaaktive-Kommune-oder-\u201eEuropaaktive-Zivilgesellschaft-\u00a9-MBEI-NRW-1-200x200.jpg 200w, https:\/\/www.euregio.eu\/wp-content\/uploads\/2023\/03\/Jetzt-bewerben-als-\u201eEuropaaktive-Kommune-oder-\u201eEuropaaktive-Zivilgesellschaft-\u00a9-MBEI-NRW-1-400x400.jpg 400w, https:\/\/www.euregio.eu\/wp-content\/uploads\/2023\/03\/Jetzt-bewerben-als-\u201eEuropaaktive-Kommune-oder-\u201eEuropaaktive-Zivilgesellschaft-\u00a9-MBEI-NRW-1-600x600.jpg 600w, https:\/\/www.euregio.eu\/wp-content\/uploads\/2023\/03\/Jetzt-bewerben-als-\u201eEuropaaktive-Kommune-oder-\u201eEuropaaktive-Zivilgesellschaft-\u00a9-MBEI-NRW-1-800x800.jpg 800w, https:\/\/www.euregio.eu\/wp-content\/uploads\/2023\/03\/Jetzt-bewerben-als-\u201eEuropaaktive-Kommune-oder-\u201eEuropaaktive-Zivilgesellschaft-\u00a9-MBEI-NRW-1.jpg 1080w\" sizes=\"(max-width: 1024px) 100vw, (max-width: 640px) 100vw, 400px\" \/><\/span><\/div><div class=\"fusion-text fusion-text-2 fusion-text-no-margin\" style=\"--awb-font-size:10px;--awb-margin-bottom:5px;\"><p>\u00a9 MBEI NRW<\/p>\n<\/div><\/div><\/div><\/div><\/div>\n","protected":false},"template":"","agenda-category":[],"class_list":["post-13324","agenda","type-agenda","status-publish","hentry"],"yoast_head":"<!-- This site is optimized with the Yoast SEO plugin v26.4 - https:\/\/yoast.com\/wordpress\/plugins\/seo\/ -->\n<title>Bewerbungsfrist 31. Oktober 2025 f\u00fcr die Auszeichnungen der Landesregierung NRW \u201eEuropaaktive Kommune\u201c und \u201eEuropaaktive Zivilgesellschaft\u201c - EUREGIO<\/title>\n<meta name=\"robots\" content=\"index, follow, max-snippet:-1, max-image-preview:large, max-video-preview:-1\" \/>\n<link rel=\"canonical\" href=\"https:\/\/www.euregio.eu\/de\/agenda\/bewerbungsfrist-31-oktober-2025-fuer-die-auszeichnungen-der-landesregierung-nrw-europaaktive-kommune-und-europaaktive-zivilgesellschaft\/\" \/>\n<meta property=\"og:locale\" content=\"de_DE\" \/>\n<meta property=\"og:type\" content=\"article\" \/>\n<meta property=\"og:title\" content=\"Bewerbungsfrist 31. Oktober 2025 f\u00fcr die Auszeichnungen der Landesregierung NRW \u201eEuropaaktive Kommune\u201c und \u201eEuropaaktive Zivilgesellschaft\u201c - EUREGIO\" \/>\n<meta property=\"og:url\" content=\"https:\/\/www.euregio.eu\/de\/agenda\/bewerbungsfrist-31-oktober-2025-fuer-die-auszeichnungen-der-landesregierung-nrw-europaaktive-kommune-und-europaaktive-zivilgesellschaft\/\" \/>\n<meta property=\"og:site_name\" content=\"EUREGIO\" \/>\n<meta name=\"twitter:card\" content=\"summary_large_image\" \/>\n<meta name=\"twitter:label1\" content=\"Gesch\u00e4tzte Lesezeit\" \/>\n\t<meta name=\"twitter:data1\" content=\"2\u00a0Minuten\" \/>\n<script type=\"application\/ld+json\" class=\"yoast-schema-graph\">{\"@context\":\"https:\/\/schema.org\",\"@graph\":[{\"@type\":\"WebPage\",\"@id\":\"https:\/\/www.euregio.eu\/de\/agenda\/bewerbungsfrist-31-oktober-2025-fuer-die-auszeichnungen-der-landesregierung-nrw-europaaktive-kommune-und-europaaktive-zivilgesellschaft\/\",\"url\":\"https:\/\/www.euregio.eu\/de\/agenda\/bewerbungsfrist-31-oktober-2025-fuer-die-auszeichnungen-der-landesregierung-nrw-europaaktive-kommune-und-europaaktive-zivilgesellschaft\/\",\"name\":\"Bewerbungsfrist 31. Oktober 2025 f\u00fcr die Auszeichnungen der Landesregierung NRW \u201eEuropaaktive Kommune\u201c und \u201eEuropaaktive Zivilgesellschaft\u201c - EUREGIO\",\"isPartOf\":{\"@id\":\"https:\/\/www.euregio.eu\/de\/#website\"},\"datePublished\":\"2025-05-09T14:51:07+00:00\",\"breadcrumb\":{\"@id\":\"https:\/\/www.euregio.eu\/de\/agenda\/bewerbungsfrist-31-oktober-2025-fuer-die-auszeichnungen-der-landesregierung-nrw-europaaktive-kommune-und-europaaktive-zivilgesellschaft\/#breadcrumb\"},\"inLanguage\":\"de\",\"potentialAction\":[{\"@type\":\"ReadAction\",\"target\":[\"https:\/\/www.euregio.eu\/de\/agenda\/bewerbungsfrist-31-oktober-2025-fuer-die-auszeichnungen-der-landesregierung-nrw-europaaktive-kommune-und-europaaktive-zivilgesellschaft\/\"]}]},{\"@type\":\"BreadcrumbList\",\"@id\":\"https:\/\/www.euregio.eu\/de\/agenda\/bewerbungsfrist-31-oktober-2025-fuer-die-auszeichnungen-der-landesregierung-nrw-europaaktive-kommune-und-europaaktive-zivilgesellschaft\/#breadcrumb\",\"itemListElement\":[{\"@type\":\"ListItem\",\"position\":1,\"name\":\"Home\",\"item\":\"https:\/\/www.euregio.eu\/de\/\"},{\"@type\":\"ListItem\",\"position\":2,\"name\":\"Agenda\",\"item\":\"https:\/\/www.euregio.eu\/de\/agenda\/\"},{\"@type\":\"ListItem\",\"position\":3,\"name\":\"Bewerbungsfrist 31. Oktober 2025 f\u00fcr die Auszeichnungen der Landesregierung NRW \u201eEuropaaktive Kommune\u201c und \u201eEuropaaktive Zivilgesellschaft\u201c\"}]},{\"@type\":\"WebSite\",\"@id\":\"https:\/\/www.euregio.eu\/de\/#website\",\"url\":\"https:\/\/www.euregio.eu\/de\/\",\"name\":\"EUREGIO\",\"description\":\"\",\"potentialAction\":[{\"@type\":\"SearchAction\",\"target\":{\"@type\":\"EntryPoint\",\"urlTemplate\":\"https:\/\/www.euregio.eu\/de\/?s={search_term_string}\"},\"query-input\":{\"@type\":\"PropertyValueSpecification\",\"valueRequired\":true,\"valueName\":\"search_term_string\"}}],\"inLanguage\":\"de\"}]}<\/script>\n<!-- \/ Yoast SEO plugin. -->","yoast_head_json":{"title":"Bewerbungsfrist 31. Oktober 2025 f\u00fcr die Auszeichnungen der Landesregierung NRW \u201eEuropaaktive Kommune\u201c und \u201eEuropaaktive Zivilgesellschaft\u201c - EUREGIO","robots":{"index":"index","follow":"follow","max-snippet":"max-snippet:-1","max-image-preview":"max-image-preview:large","max-video-preview":"max-video-preview:-1"},"canonical":"https:\/\/www.euregio.eu\/de\/agenda\/bewerbungsfrist-31-oktober-2025-fuer-die-auszeichnungen-der-landesregierung-nrw-europaaktive-kommune-und-europaaktive-zivilgesellschaft\/","og_locale":"de_DE","og_type":"article","og_title":"Bewerbungsfrist 31. Oktober 2025 f\u00fcr die Auszeichnungen der Landesregierung NRW \u201eEuropaaktive Kommune\u201c und \u201eEuropaaktive Zivilgesellschaft\u201c - EUREGIO","og_url":"https:\/\/www.euregio.eu\/de\/agenda\/bewerbungsfrist-31-oktober-2025-fuer-die-auszeichnungen-der-landesregierung-nrw-europaaktive-kommune-und-europaaktive-zivilgesellschaft\/","og_site_name":"EUREGIO","twitter_card":"summary_large_image","twitter_misc":{"Gesch\u00e4tzte Lesezeit":"2\u00a0Minuten"},"schema":{"@context":"https:\/\/schema.org","@graph":[{"@type":"WebPage","@id":"https:\/\/www.euregio.eu\/de\/agenda\/bewerbungsfrist-31-oktober-2025-fuer-die-auszeichnungen-der-landesregierung-nrw-europaaktive-kommune-und-europaaktive-zivilgesellschaft\/","url":"https:\/\/www.euregio.eu\/de\/agenda\/bewerbungsfrist-31-oktober-2025-fuer-die-auszeichnungen-der-landesregierung-nrw-europaaktive-kommune-und-europaaktive-zivilgesellschaft\/","name":"Bewerbungsfrist 31. Oktober 2025 f\u00fcr die Auszeichnungen der Landesregierung NRW \u201eEuropaaktive Kommune\u201c und \u201eEuropaaktive Zivilgesellschaft\u201c - EUREGIO","isPartOf":{"@id":"https:\/\/www.euregio.eu\/de\/#website"},"datePublished":"2025-05-09T14:51:07+00:00","breadcrumb":{"@id":"https:\/\/www.euregio.eu\/de\/agenda\/bewerbungsfrist-31-oktober-2025-fuer-die-auszeichnungen-der-landesregierung-nrw-europaaktive-kommune-und-europaaktive-zivilgesellschaft\/#breadcrumb"},"inLanguage":"de","potentialAction":[{"@type":"ReadAction","target":["https:\/\/www.euregio.eu\/de\/agenda\/bewerbungsfrist-31-oktober-2025-fuer-die-auszeichnungen-der-landesregierung-nrw-europaaktive-kommune-und-europaaktive-zivilgesellschaft\/"]}]},{"@type":"BreadcrumbList","@id":"https:\/\/www.euregio.eu\/de\/agenda\/bewerbungsfrist-31-oktober-2025-fuer-die-auszeichnungen-der-landesregierung-nrw-europaaktive-kommune-und-europaaktive-zivilgesellschaft\/#breadcrumb","itemListElement":[{"@type":"ListItem","position":1,"name":"Home","item":"https:\/\/www.euregio.eu\/de\/"},{"@type":"ListItem","position":2,"name":"Agenda","item":"https:\/\/www.euregio.eu\/de\/agenda\/"},{"@type":"ListItem","position":3,"name":"Bewerbungsfrist 31. Oktober 2025 f\u00fcr die Auszeichnungen der Landesregierung NRW \u201eEuropaaktive Kommune\u201c und \u201eEuropaaktive Zivilgesellschaft\u201c"}]},{"@type":"WebSite","@id":"https:\/\/www.euregio.eu\/de\/#website","url":"https:\/\/www.euregio.eu\/de\/","name":"EUREGIO","description":"","potentialAction":[{"@type":"SearchAction","target":{"@type":"EntryPoint","urlTemplate":"https:\/\/www.euregio.eu\/de\/?s={search_term_string}"},"query-input":{"@type":"PropertyValueSpecification","valueRequired":true,"valueName":"search_term_string"}}],"inLanguage":"de"}]}},"_links":{"self":[{"href":"https:\/\/www.euregio.eu\/de\/wp-json\/wp\/v2\/agenda\/13324","targetHints":{"allow":["GET"]}}],"collection":[{"href":"https:\/\/www.euregio.eu\/de\/wp-json\/wp\/v2\/agenda"}],"about":[{"href":"https:\/\/www.euregio.eu\/de\/wp-json\/wp\/v2\/types\/agenda"}],"wp:attachment":[{"href":"https:\/\/www.euregio.eu\/de\/wp-json\/wp\/v2\/media?parent=13324"}],"wp:term":[{"taxonomy":"agenda-category","embeddable":true,"href":"https:\/\/www.euregio.eu\/de\/wp-json\/wp\/v2\/agenda-category?post=13324"}],"curies":[{"name":"wp","href":"https:\/\/api.w.org\/{rel}","templated":true}]}}