{"id":12170,"date":"2024-10-16T11:23:55","date_gmt":"2024-10-16T10:23:55","guid":{"rendered":"https:\/\/www.euregio.eu\/?post_type=agenda&#038;p=12170"},"modified":"2024-11-13T09:57:37","modified_gmt":"2024-11-13T08:57:37","slug":"workshop-festival-bei-popscool-in-enschede","status":"publish","type":"agenda","link":"https:\/\/www.euregio.eu\/de\/agenda\/workshop-festival-bei-popscool-in-enschede\/","title":{"rendered":"Workshop-Festival bei POPsCOOL in Enschede"},"content":{"rendered":"<p><div class=\"fusion-fullwidth fullwidth-box fusion-builder-row-1 fusion-flex-container has-pattern-background has-mask-background nonhundred-percent-fullwidth non-hundred-percent-height-scrolling\" style=\"--awb-border-radius-top-left:0px;--awb-border-radius-top-right:0px;--awb-border-radius-bottom-right:0px;--awb-border-radius-bottom-left:0px;--awb-flex-wrap:wrap;\" ><div class=\"fusion-builder-row fusion-row fusion-flex-align-items-flex-start fusion-flex-content-wrap\" style=\"max-width:1248px;margin-left: calc(-4% \/ 2 );margin-right: calc(-4% \/ 2 );\"><div class=\"fusion-layout-column fusion_builder_column fusion-builder-column-0 fusion_builder_column_2_3 2_3 fusion-flex-column\" style=\"--awb-bg-size:cover;--awb-width-large:66.666666666667%;--awb-margin-top-large:0px;--awb-spacing-right-large:2.88%;--awb-margin-bottom-large:32px;--awb-spacing-left-large:2.88%;--awb-width-medium:100%;--awb-order-medium:0;--awb-spacing-right-medium:1.92%;--awb-spacing-left-medium:1.92%;--awb-width-small:100%;--awb-order-small:0;--awb-spacing-right-small:1.92%;--awb-spacing-left-small:1.92%;\"><div class=\"fusion-column-wrapper fusion-column-has-shadow fusion-flex-justify-content-flex-start fusion-content-layout-column\"><div class=\"fusion-text fusion-text-1\"><p>Liebe Sch\u00fclerinnen und Sch\u00fcler,<\/p>\n<p>wir m\u00f6chten Euch hiermit herzlich zu unserem Festival bei der POPsCOOl in Enschede einladen!<\/p>\n<p><strong>Wer?<\/strong> Sch\u00fclerinnen und Sch\u00fcler von 14 bis 16 Jahren<br \/>\n<strong>Wann?<\/strong> Mittwoch, 13. November 2024 | 12:30 &#8211; 16:00 Uhr<br \/>\n<strong>Wo?<\/strong> <a href=\"https:\/\/www.popscool.nl\/enschede\/\"><strong>POPsCOOL Enschede<\/strong><\/a><br \/>\n<strong>Sprachen:<\/strong> Jeder in seiner\/ihrer Muttersprache<\/p>\n<\/div><\/div><\/div><div class=\"fusion-layout-column fusion_builder_column fusion-builder-column-1 fusion_builder_column_1_3 1_3 fusion-flex-column\" style=\"--awb-bg-size:cover;--awb-width-large:33.333333333333%;--awb-margin-top-large:0px;--awb-spacing-right-large:5.76%;--awb-margin-bottom-large:32px;--awb-spacing-left-large:5.76%;--awb-width-medium:100%;--awb-order-medium:0;--awb-spacing-right-medium:1.92%;--awb-spacing-left-medium:1.92%;--awb-width-small:100%;--awb-order-small:0;--awb-spacing-right-small:1.92%;--awb-spacing-left-small:1.92%;\"><div class=\"fusion-column-wrapper fusion-column-has-shadow fusion-flex-justify-content-flex-start fusion-content-layout-column\"><div class=\"fusion-image-element \" style=\"--awb-caption-title-font-family:var(--h2_typography-font-family);--awb-caption-title-font-weight:var(--h2_typography-font-weight);--awb-caption-title-font-style:var(--h2_typography-font-style);--awb-caption-title-size:var(--h2_typography-font-size);--awb-caption-title-transform:var(--h2_typography-text-transform);--awb-caption-title-line-height:var(--h2_typography-line-height);--awb-caption-title-letter-spacing:var(--h2_typography-letter-spacing);\"><span class=\" fusion-imageframe imageframe-none imageframe-1 hover-type-none\"><a href=\"https:\/\/www.euregio.eu\/wp-content\/uploads\/2024\/10\/Workshop-festival-EDL-1.jpg\" class=\"fusion-lightbox\" data-rel=\"iLightbox[72d2a022c26a75f2cc8]\" data-title=\"Workshop-festival EDL\" title=\"Workshop-festival EDL\"><img decoding=\"async\" width=\"1920\" height=\"1080\" src=\"https:\/\/www.euregio.eu\/wp-content\/uploads\/2024\/10\/Workshop-festival-EDL-1.jpg\" alt class=\"img-responsive wp-image-12169\" srcset=\"https:\/\/www.euregio.eu\/wp-content\/uploads\/2024\/10\/Workshop-festival-EDL-1-200x113.jpg 200w, https:\/\/www.euregio.eu\/wp-content\/uploads\/2024\/10\/Workshop-festival-EDL-1-400x225.jpg 400w, https:\/\/www.euregio.eu\/wp-content\/uploads\/2024\/10\/Workshop-festival-EDL-1-600x338.jpg 600w, https:\/\/www.euregio.eu\/wp-content\/uploads\/2024\/10\/Workshop-festival-EDL-1-800x450.jpg 800w, https:\/\/www.euregio.eu\/wp-content\/uploads\/2024\/10\/Workshop-festival-EDL-1-1200x675.jpg 1200w, https:\/\/www.euregio.eu\/wp-content\/uploads\/2024\/10\/Workshop-festival-EDL-1.jpg 1920w\" sizes=\"(max-width: 1024px) 100vw, (max-width: 640px) 100vw, 400px\" \/><\/a><\/span><\/div><\/div><\/div><\/div><\/div><div class=\"fusion-fullwidth fullwidth-box fusion-builder-row-2 fusion-flex-container has-pattern-background has-mask-background nonhundred-percent-fullwidth non-hundred-percent-height-scrolling\" style=\"--awb-border-radius-top-left:0px;--awb-border-radius-top-right:0px;--awb-border-radius-bottom-right:0px;--awb-border-radius-bottom-left:0px;--awb-flex-wrap:wrap;\" ><div class=\"fusion-builder-row fusion-row fusion-flex-align-items-flex-start fusion-flex-content-wrap\" style=\"max-width:1248px;margin-left: calc(-4% \/ 2 );margin-right: calc(-4% \/ 2 );\"><div class=\"fusion-layout-column fusion_builder_column fusion-builder-column-2 fusion_builder_column_2_3 2_3 fusion-flex-column\" style=\"--awb-bg-size:cover;--awb-width-large:66.666666666667%;--awb-margin-top-large:0px;--awb-spacing-right-large:2.88%;--awb-margin-bottom-large:32px;--awb-spacing-left-large:2.88%;--awb-width-medium:100%;--awb-order-medium:0;--awb-spacing-right-medium:1.92%;--awb-spacing-left-medium:1.92%;--awb-width-small:100%;--awb-order-small:0;--awb-spacing-right-small:1.92%;--awb-spacing-left-small:1.92%;\"><div class=\"fusion-column-wrapper fusion-column-has-shadow fusion-flex-justify-content-flex-start fusion-content-layout-column\"><div class=\"fusion-title title fusion-title-1 fusion-sep-none fusion-title-text fusion-title-size-three\" style=\"--awb-margin-bottom:-1px;\"><h3 class=\"fusion-title-heading title-heading-left fusion-responsive-typography-calculated\" style=\"margin:0;--fontSize:42;line-height:1.3;\">Programm<\/h3><\/div><div class=\"fusion-text fusion-text-2 fusion-text-no-margin\" style=\"--awb-margin-bottom:-1px;\"><ul>\n<li><strong>12:30 Uhr:<\/strong> Empfang und Mittagsimbiss<\/li>\n<\/ul>\n<ul>\n<li><strong>13:00 Uhr: Start Workshops<\/strong>\n<ul>\n<li><strong>1. Urban Streetdance<\/strong><br \/>\nStreetdance ist ein Sammelbegriff f\u00fcr verschiedene Tanzstile, die \u2013 wie der Name sagt \u2013 auf der Stra\u00dfe entstanden sind. Dazu geh\u00f6ren unter anderem Hip-Hop, Popping und Jazz Dance. W\u00e4hrend des Workshops lernst Du alle m\u00f6glichen Moves und eine sch\u00f6ne einfache Choreografie, die Wir den anderen Teilnehmenden nach dem Workshop pr\u00e4sentieren werden. Bekleidungsempfehlung: Sportkleidung + Sportschuhe<\/li>\n<li><strong>2. Rap-Song schreiben<\/strong><br \/>\nZusammen mit professionellen Textern schreibst Du Deinen eigenen lyrischen Text, zum Beispiel ein Gedicht, einen Rap- oder einen Songtext. Danach bekommst Du die M\u00f6glichkeit Deinen eigenen Text auf einen Beat zu rappen. Dabei lernst Du die basic Rap-Skills und wie Du auf das Timing achtest, um den Rhythmus zu halten. Mehr erfahren? Dann schau mal <a href=\"https:\/\/www.instagram.com\/ikbeneenastronautje\/\" target=\"_blank\" rel=\"noopener\"><strong>hier<\/strong><\/a> und <a href=\"https:\/\/eur03.safelinks.protection.outlook.com\/?url=https%3A%2F%2Flinktr.ee%2Fpper_hp&amp;data=05%7C02%7C%7C23faf4e5d34a4c7a0f8b08dcd196d1d2%7C5f9f26d7423346d18197bc37cff4bdff%7C0%7C0%7C638615692978562539%7CUnknown%7CTWFpbGZsb3d8eyJWIjoiMC4wLjAwMDAiLCJQIjoiV2luMzIiLCJBTiI6Ik1haWwiLCJXVCI6Mn0%3D%7C0%7C%7C%7C&amp;sdata=w5DfjywND4T7GLZreCl6DIgZKCWGEl2Zi1MJnTP6eGg%3D&amp;reserved=0\" target=\"_blank\" rel=\"noopener\"><strong>hier<\/strong><\/a>.<\/li>\n<li><strong>3. Beats produzieren<\/strong><br \/>\nZusammen mit erfahrenen und professionellen Producern nimmst Du Dei-nen eigenen Track auf und produzierst selbst einen Beat. Dabei d\u00fcrfen selbstverst\u00e4ndlich auch keine Samples fehlen, die Deinen Sound noch fetter klingen lassen. Bei vielen Stilrichtungen wie Dance, Hip Hop oder Trance ist dieser Produktionsschritt im Studio nicht mehr wegzudenken. Neugierig? <a href=\"https:\/\/www.instagram.com\/mercuroid_music\/\"><strong>Hier<\/strong><\/a> und <a href=\"https:\/\/eur03.safelinks.protection.outlook.com\/?url=https%3A%2F%2Fwww.songtradr.com%2Flennart.brugman&amp;data=05%7C02%7C%7C23faf4e5d34a4c7a0f8b08dcd196d1d2%7C5f9f26d7423346d18197bc37cff4bdff%7C0%7C0%7C638615692978579092%7CUnknown%7CTWFpbGZsb3d8eyJWIjoiMC4wLjAwMDAiLCJQIjoiV2luMzIiLCJBTiI6Ik1haWwiLCJXVCI6Mn0%3D%7C0%7C%7C%7C&amp;sdata=iyE3A%2FdqD86c0uelIaBasQyTvVzP5cmxprz4ynLNYnw%3D&amp;reserved=0\" target=\"_blank\" rel=\"noopener\"><strong>hier<\/strong><\/a> findest Du mehr Infos \u00fcber die Producer.<\/li>\n<li><strong>4. Hit the drums<\/strong><br \/>\nWir trommeln gemeinsam! Ein Schlagzeug besteht aus verschiedenen Teilen wie Toms, Snare, Becken, Bassdrum und Floortom. All diese Teile ben\u00f6tigen Wir, um gemeinsam Rhythmen einzu\u00fcben. Wenn wir diese dann kombinieren, entsteht ein fantastisches Schlagzeugspektakel! Neugierig? <a href=\"https:\/\/eur03.safelinks.protection.outlook.com\/?url=https%3A%2F%2Fwww.youtube.com%2Fwatch%3Fv%3D_SgSSUvMfMU&amp;data=05%7C02%7C%7C23faf4e5d34a4c7a0f8b08dcd196d1d2%7C5f9f26d7423346d18197bc37cff4bdff%7C0%7C0%7C638615692978586907%7CUnknown%7CTWFpbGZsb3d8eyJWIjoiMC4wLjAwMDAiLCJQIjoiV2luMzIiLCJBTiI6Ik1haWwiLCJXVCI6Mn0%3D%7C0%7C%7C%7C&amp;sdata=1QrJfZbIIkXY4HkPObnDRSw3JB4V5enkyD4dbXZFEpY%3D&amp;reserved=0\" target=\"_blank\" rel=\"noopener\"><strong>Hier<\/strong><\/a> gibt&#8217;s schon mal ein paar Eindr\u00fccke.<\/li>\n<\/ul>\n<\/li>\n<\/ul>\n<ul>\n<li><strong>14:40 Uhr: Ende Workshops und Pause mit Snacks<\/strong><\/li>\n<\/ul>\n<ul>\n<li><strong>15:00 Uhr: Gemeinsamer Abschluss<\/strong><\/li>\n<\/ul>\n<ul>\n<li><strong>Sp\u00e4testens 16:00 Uhr: Ende Festival<\/strong><\/li>\n<\/ul>\n<p>Wir freuen uns darauf, 30 deutsche und 30 niederl\u00e4ndische Sch\u00fclerinnen und Sch\u00fcler in Enschede begr\u00fc\u00dfen zu d\u00fcrfen \u2013 5 bis 10 Sch\u00fcler:innen pro Schule. Bitte beachten Sie als Lehrkraft\/Begleitpersonen die Regelungen rundum die Begleitung von Sch\u00fclerinnen und Sch\u00fclern. Wir sorgen f\u00fcr den Transport.<\/p>\n<p>Wir freuen uns darauf, einen sch\u00f6nen Nachmittag mit Euch zu verbringen!<\/p>\n<p><strong>Anmeldung<\/strong>: m\u00f6glich bis zum 23. Oktober 2024.<\/p>\n<\/div><div ><a class=\"fusion-button button-flat fusion-button-default-size button-default fusion-button-default button-1 fusion-button-default-span fusion-button-default-type yellow-button\" style=\"--button_margin-bottom:30px;\" target=\"_blank\" rel=\"noopener noreferrer\" href=\"https:\/\/cloud.euregio.eu\/apps\/forms\/s\/xi2wkyWsnfSsnPNYqzxQPg9t\"><span class=\"fusion-button-text awb-button__text awb-button__text--default\">Anmelden<\/span><\/a><\/div><div class=\"fusion-text fusion-text-3\"><p><strong>M\u00f6chten Sie mehr \u00fcber grenz\u00fcberschreitende Bildungschancen erfahren? Das Projekt \u201eEuregionale Bildungskette (EDL)\u201c, das im Rahmen des europ\u00e4ischen F\u00f6rderprogramms Interreg VI ausgef\u00fchrt wird, bietet eine einzigartige Gelegenheit, tiefere Einblicke in grenz\u00fcberschreitende Bildungsm\u00f6glichkeiten zu gewinnen. <a href=\"https:\/\/www.euregio.eu\/de\/was-wir-tun\/gesellschaftliche-entwicklung\/edl\/\">Besuchen Sie unsere Projektwebsite<\/a> f\u00fcr detaillierte Informationen zu aktuellen Aktivit\u00e4ten der \u201eEuregionalen Bildungskette (EDL)\u201c.<\/strong><\/p>\n<\/div><\/div><\/div><\/div><\/div><\/p>\n","protected":false},"template":"","agenda-category":[306],"class_list":["post-12170","agenda","type-agenda","status-publish","hentry","agenda-category-edl"],"yoast_head":"<!-- This site is optimized with the Yoast SEO plugin v26.4 - https:\/\/yoast.com\/wordpress\/plugins\/seo\/ -->\n<title>Workshop-Festival bei POPsCOOL in Enschede - EUREGIO<\/title>\n<meta name=\"robots\" content=\"index, follow, max-snippet:-1, max-image-preview:large, max-video-preview:-1\" \/>\n<link rel=\"canonical\" href=\"https:\/\/www.euregio.eu\/de\/agenda\/workshop-festival-bei-popscool-in-enschede\/\" \/>\n<meta property=\"og:locale\" content=\"de_DE\" \/>\n<meta property=\"og:type\" content=\"article\" \/>\n<meta property=\"og:title\" content=\"Workshop-Festival bei POPsCOOL in Enschede - EUREGIO\" \/>\n<meta property=\"og:url\" content=\"https:\/\/www.euregio.eu\/de\/agenda\/workshop-festival-bei-popscool-in-enschede\/\" \/>\n<meta property=\"og:site_name\" content=\"EUREGIO\" \/>\n<meta property=\"article:modified_time\" content=\"2024-11-13T08:57:37+00:00\" \/>\n<meta name=\"twitter:card\" content=\"summary_large_image\" \/>\n<meta name=\"twitter:label1\" content=\"Gesch\u00e4tzte Lesezeit\" \/>\n\t<meta name=\"twitter:data1\" content=\"3\u00a0Minuten\" \/>\n<script type=\"application\/ld+json\" class=\"yoast-schema-graph\">{\"@context\":\"https:\/\/schema.org\",\"@graph\":[{\"@type\":\"WebPage\",\"@id\":\"https:\/\/www.euregio.eu\/de\/agenda\/workshop-festival-bei-popscool-in-enschede\/\",\"url\":\"https:\/\/www.euregio.eu\/de\/agenda\/workshop-festival-bei-popscool-in-enschede\/\",\"name\":\"Workshop-Festival bei POPsCOOL in Enschede - EUREGIO\",\"isPartOf\":{\"@id\":\"https:\/\/www.euregio.eu\/de\/#website\"},\"datePublished\":\"2024-10-16T10:23:55+00:00\",\"dateModified\":\"2024-11-13T08:57:37+00:00\",\"breadcrumb\":{\"@id\":\"https:\/\/www.euregio.eu\/de\/agenda\/workshop-festival-bei-popscool-in-enschede\/#breadcrumb\"},\"inLanguage\":\"de\",\"potentialAction\":[{\"@type\":\"ReadAction\",\"target\":[\"https:\/\/www.euregio.eu\/de\/agenda\/workshop-festival-bei-popscool-in-enschede\/\"]}]},{\"@type\":\"BreadcrumbList\",\"@id\":\"https:\/\/www.euregio.eu\/de\/agenda\/workshop-festival-bei-popscool-in-enschede\/#breadcrumb\",\"itemListElement\":[{\"@type\":\"ListItem\",\"position\":1,\"name\":\"Home\",\"item\":\"https:\/\/www.euregio.eu\/de\/\"},{\"@type\":\"ListItem\",\"position\":2,\"name\":\"Agenda\",\"item\":\"https:\/\/www.euregio.eu\/de\/agenda\/\"},{\"@type\":\"ListItem\",\"position\":3,\"name\":\"Workshop-Festival bei POPsCOOL in Enschede\"}]},{\"@type\":\"WebSite\",\"@id\":\"https:\/\/www.euregio.eu\/de\/#website\",\"url\":\"https:\/\/www.euregio.eu\/de\/\",\"name\":\"EUREGIO\",\"description\":\"\",\"potentialAction\":[{\"@type\":\"SearchAction\",\"target\":{\"@type\":\"EntryPoint\",\"urlTemplate\":\"https:\/\/www.euregio.eu\/de\/?s={search_term_string}\"},\"query-input\":{\"@type\":\"PropertyValueSpecification\",\"valueRequired\":true,\"valueName\":\"search_term_string\"}}],\"inLanguage\":\"de\"}]}<\/script>\n<!-- \/ Yoast SEO plugin. -->","yoast_head_json":{"title":"Workshop-Festival bei POPsCOOL in Enschede - EUREGIO","robots":{"index":"index","follow":"follow","max-snippet":"max-snippet:-1","max-image-preview":"max-image-preview:large","max-video-preview":"max-video-preview:-1"},"canonical":"https:\/\/www.euregio.eu\/de\/agenda\/workshop-festival-bei-popscool-in-enschede\/","og_locale":"de_DE","og_type":"article","og_title":"Workshop-Festival bei POPsCOOL in Enschede - EUREGIO","og_url":"https:\/\/www.euregio.eu\/de\/agenda\/workshop-festival-bei-popscool-in-enschede\/","og_site_name":"EUREGIO","article_modified_time":"2024-11-13T08:57:37+00:00","twitter_card":"summary_large_image","twitter_misc":{"Gesch\u00e4tzte Lesezeit":"3\u00a0Minuten"},"schema":{"@context":"https:\/\/schema.org","@graph":[{"@type":"WebPage","@id":"https:\/\/www.euregio.eu\/de\/agenda\/workshop-festival-bei-popscool-in-enschede\/","url":"https:\/\/www.euregio.eu\/de\/agenda\/workshop-festival-bei-popscool-in-enschede\/","name":"Workshop-Festival bei POPsCOOL in Enschede - EUREGIO","isPartOf":{"@id":"https:\/\/www.euregio.eu\/de\/#website"},"datePublished":"2024-10-16T10:23:55+00:00","dateModified":"2024-11-13T08:57:37+00:00","breadcrumb":{"@id":"https:\/\/www.euregio.eu\/de\/agenda\/workshop-festival-bei-popscool-in-enschede\/#breadcrumb"},"inLanguage":"de","potentialAction":[{"@type":"ReadAction","target":["https:\/\/www.euregio.eu\/de\/agenda\/workshop-festival-bei-popscool-in-enschede\/"]}]},{"@type":"BreadcrumbList","@id":"https:\/\/www.euregio.eu\/de\/agenda\/workshop-festival-bei-popscool-in-enschede\/#breadcrumb","itemListElement":[{"@type":"ListItem","position":1,"name":"Home","item":"https:\/\/www.euregio.eu\/de\/"},{"@type":"ListItem","position":2,"name":"Agenda","item":"https:\/\/www.euregio.eu\/de\/agenda\/"},{"@type":"ListItem","position":3,"name":"Workshop-Festival bei POPsCOOL in Enschede"}]},{"@type":"WebSite","@id":"https:\/\/www.euregio.eu\/de\/#website","url":"https:\/\/www.euregio.eu\/de\/","name":"EUREGIO","description":"","potentialAction":[{"@type":"SearchAction","target":{"@type":"EntryPoint","urlTemplate":"https:\/\/www.euregio.eu\/de\/?s={search_term_string}"},"query-input":{"@type":"PropertyValueSpecification","valueRequired":true,"valueName":"search_term_string"}}],"inLanguage":"de"}]}},"_links":{"self":[{"href":"https:\/\/www.euregio.eu\/de\/wp-json\/wp\/v2\/agenda\/12170","targetHints":{"allow":["GET"]}}],"collection":[{"href":"https:\/\/www.euregio.eu\/de\/wp-json\/wp\/v2\/agenda"}],"about":[{"href":"https:\/\/www.euregio.eu\/de\/wp-json\/wp\/v2\/types\/agenda"}],"wp:attachment":[{"href":"https:\/\/www.euregio.eu\/de\/wp-json\/wp\/v2\/media?parent=12170"}],"wp:term":[{"taxonomy":"agenda-category","embeddable":true,"href":"https:\/\/www.euregio.eu\/de\/wp-json\/wp\/v2\/agenda-category?post=12170"}],"curies":[{"name":"wp","href":"https:\/\/api.w.org\/{rel}","templated":true}]}}