{"version":"1.0","provider_name":"EUREGIO","provider_url":"https:\/\/www.euregio.eu\/de\/","author_name":"Carmen van der Sluis","author_url":"https:\/\/www.euregio.eu\/de\/author\/carmen\/","title":"Netzwerk Oberfl\u00e4che e. V. bietet Raum zum Austausch - EUREGIO","type":"rich","width":600,"height":338,"html":"<blockquote class=\"wp-embedded-content\" data-secret=\"Jpek6hashQ\"><a href=\"https:\/\/www.euregio.eu\/de\/aktuell\/netzwerk-oberflaeche-e-v-bietet-raum-zum-austausch\/\">Netzwerk Oberfl\u00e4che e. V. bietet Raum zum Austausch<\/a><\/blockquote><iframe sandbox=\"allow-scripts\" security=\"restricted\" src=\"https:\/\/www.euregio.eu\/de\/aktuell\/netzwerk-oberflaeche-e-v-bietet-raum-zum-austausch\/embed\/#?secret=Jpek6hashQ\" width=\"600\" height=\"338\" title=\"&#8222;Netzwerk Oberfl\u00e4che e. V. bietet Raum zum Austausch&#8220; &#8211; EUREGIO\" data-secret=\"Jpek6hashQ\" frameborder=\"0\" marginwidth=\"0\" marginheight=\"0\" scrolling=\"no\" class=\"wp-embedded-content\"><\/iframe><script type=\"text\/javascript\">\n\/* <![CDATA[ *\/\n\/*! This file is auto-generated *\/\n!function(d,l){\"use strict\";l.querySelector&&d.addEventListener&&\"undefined\"!=typeof URL&&(d.wp=d.wp||{},d.wp.receiveEmbedMessage||(d.wp.receiveEmbedMessage=function(e){var t=e.data;if((t||t.secret||t.message||t.value)&&!\/[^a-zA-Z0-9]\/.test(t.secret)){for(var s,r,n,a=l.querySelectorAll('iframe[data-secret=\"'+t.secret+'\"]'),o=l.querySelectorAll('blockquote[data-secret=\"'+t.secret+'\"]'),c=new RegExp(\"^https?:$\",\"i\"),i=0;i<o.length;i++)o[i].style.display=\"none\";for(i=0;i<a.length;i++)s=a[i],e.source===s.contentWindow&&(s.removeAttribute(\"style\"),\"height\"===t.message?(1e3<(r=parseInt(t.value,10))?r=1e3:~~r<200&&(r=200),s.height=r):\"link\"===t.message&&(r=new URL(s.getAttribute(\"src\")),n=new URL(t.value),c.test(n.protocol))&&n.host===r.host&&l.activeElement===s&&(d.top.location.href=t.value))}},d.addEventListener(\"message\",d.wp.receiveEmbedMessage,!1),l.addEventListener(\"DOMContentLoaded\",function(){for(var e,t,s=l.querySelectorAll(\"iframe.wp-embedded-content\"),r=0;r<s.length;r++)(t=(e=s[r]).getAttribute(\"data-secret\"))||(t=Math.random().toString(36).substring(2,12),e.src+=\"#?secret=\"+t,e.setAttribute(\"data-secret\",t)),e.contentWindow.postMessage({message:\"ready\",secret:t},\"*\")},!1)))}(window,document);\n\/* ]]> *\/\n<\/script>\n","thumbnail_url":"https:\/\/www.euregio.eu\/wp-content\/uploads\/2022\/11\/IMG_1540.jpg","thumbnail_width":1440,"thumbnail_height":1080,"description":"Am 10. November kamen 72 Repr\u00e4sentant*innen von deutschen und niederl\u00e4ndischen Organisationen, die sich mit nachhaltigen Entwicklungen besch\u00e4ftigen, in Greven zusammen, um sich \u00fcber gemeinsame W\u00fcnsche und Ziele auszutauschen und voneinander zu lernen. Es wurden erfolgreiche Kooperationen vorgestellt und neue grenz\u00fcberschreitende Kooperationsprojekte diskutiert. Netzwerk Oberfl\u00e4che e. V. ist seit Jahren federf\u00fchrend bei der Initiierung von Interreg-Projekten und verbindet KMU als Kooperationspartner, wobei die Grenze sicherlich keine Barriere darstellt! Ein gro\u00dfes grenz\u00fcberschreitendes Netzwerk bietet viele Chancen und M\u00f6glichkeiten, so die Organisatoren der Veranstaltung. Dies wurde durch Projektergebnisse aus bereits abgeschlossenen INTERREG V-Projekten belegt, die inzwischen erfolgreich vermarktet wurden. Die Grundlagen f\u00fcr viele dieser Ergebnisse wurden in den deutsch-niederl\u00e4ndischen Projekten Smart Production und Fairing Flex gelegt."}